{"id":12144,"date":"2021-10-18T11:32:26","date_gmt":"2021-10-18T11:32:26","guid":{"rendered":"https:\/\/fibrosisquistica.org\/?page_id=12144"},"modified":"2021-10-18T11:32:26","modified_gmt":"2021-10-18T11:32:26","slug":"proteccion-de-datos","status":"publish","type":"page","link":"https:\/\/fibrosisquistica.org\/en\/proteccion-de-datos\/","title":{"rendered":"Protecci\u00f3n de datos"},"content":{"rendered":"<div id=\"fws_69f44aa336239\"  data-column-margin=\"default\" data-midnight=\"dark\" data-top-percent=\"5%\"  class=\"wpb_row vc_row-fluid vc_row\"  style=\"padding-top: calc(100vw * 0.05); padding-bottom: 0px; \"><div class=\"row-bg-wrap\" data-bg-animation=\"none\" data-bg-animation-delay=\"\" data-bg-overlay=\"false\"><div class=\"inner-wrap row-bg-layer\" ><div class=\"row-bg viewport-desktop\"  style=\"\"><\/div><\/div><\/div><div class=\"row_col_wrap_12 col span_12 dark left\">\n\t<div  class=\"vc_col-sm-2 wpb_column column_container vc_column_container col no-extra-padding inherit_tablet inherit_phone\"  data-padding-pos=\"all\" data-has-bg-color=\"false\" data-bg-color=\"\" data-bg-opacity=\"1\" data-animation=\"\" data-delay=\"0\" >\n\t\t<div class=\"vc_column-inner\" >\n\t\t\t<div class=\"wpb_wrapper\">\n\t\t\t\t\n\t\t\t<\/div> \n\t\t<\/div>\n\t<\/div> \n\n\t<div  class=\"vc_col-sm-8 wpb_column column_container vc_column_container col no-extra-padding inherit_tablet inherit_phone\"  data-padding-pos=\"all\" data-has-bg-color=\"false\" data-bg-color=\"\" data-bg-opacity=\"1\" data-animation=\"\" data-delay=\"0\" >\n\t\t<div class=\"vc_column-inner\" >\n\t\t\t<div class=\"wpb_wrapper\">\n\t\t\t\t<div class=\"nectar-split-heading\" data-align=\"default\" data-m-align=\"inherit\" data-text-effect=\"default\" data-animation-type=\"default\" data-animation-delay=\"0\" data-animation-offset=\"\" data-m-rm-animation=\"\" data-stagger=\"\" data-custom-font-size=\"false\" ><div class=\"heading-line\" > <div><h2><strong>INFORMACI\u00d3N B\u00c1SICA SOBRE PROTECCI\u00d3N DE DATOS<\/strong><\/h2> <\/div> <\/div><\/div><div class=\"divider-wrap\" data-alignment=\"default\"><div style=\"margin-top: 1vh; height: 1px; margin-bottom: 1vh;\" data-width=\"100%\" data-animate=\"yes\" data-animation-delay=\"\" data-color=\"accent-color\" class=\"divider-border\"><\/div><\/div>\n<div class=\"wpb_text_column wpb_content_element\" >\n\t<div class=\"wpb_wrapper\">\n\t\t<p><label><input type=\"checkbox\" \/> He le\u00eddo y acepto la informaci\u00f3n sobre protecci\u00f3n de datos seg\u00fan el REGLAMENTO (UE) 2016\/679 DEL PARLAMENTO EUROPEO Y DEL CONSEJO de 27 de abril de 2016 relativo a la protecci\u00f3n de las personas f\u00edsicas en lo que respecta al tratamiento de datos personales y a la libre circulaci\u00f3n de estos datos.<\/label><\/p>\n\t<\/div>\n<\/div>\n\n\n\n\n<div class=\"wpb_text_column wpb_content_element  vc_custom_1634556580489\" >\n\t<div class=\"wpb_wrapper\">\n\t\t<p>Sus datos son utilizados para gestionar las relaci\u00f3n con nuestros grupos de inter\u00e9s y ser\u00e1n introducidos en nuestros tratamientos de datos. La base legal para el tratamiento de sus datos es su consentimiento expl\u00edcito, prestado si proporciona su informaci\u00f3n personal. No se ceder\u00e1n datos a terceros, salvo obligaci\u00f3n legal. Podr\u00e1 acceder, rectificar y suprimir los datos as\u00ed como otros<br \/>\nderechos, como se explica en la informaci\u00f3n adicional que encontrar\u00e1 en el <a href=\"https:\/\/fibrosisquistica.org\/en\/aviso-legal\/\">AVISO LEGAL<\/a>, de nuestra p\u00e1gina web.<\/p>\n\t<\/div>\n<\/div>\n\n\n\n\n\t\t\t<\/div> \n\t\t<\/div>\n\t<\/div> \n\n\t<div  class=\"vc_col-sm-2 wpb_column column_container vc_column_container col no-extra-padding inherit_tablet inherit_phone\"  data-padding-pos=\"all\" data-has-bg-color=\"false\" data-bg-color=\"\" data-bg-opacity=\"1\" data-animation=\"\" data-delay=\"0\" >\n\t\t<div class=\"vc_column-inner\" >\n\t\t\t<div class=\"wpb_wrapper\">\n\t\t\t\t\n\t\t\t<\/div> \n\t\t<\/div>\n\t<\/div> \n<\/div><\/div>","protected":false},"excerpt":{"rendered":"INFORMACI\u00d3N B\u00c1SICA SOBRE PROTECCI\u00d3N DE...","protected":false},"author":22,"featured_media":0,"parent":0,"menu_order":0,"comment_status":"closed","ping_status":"closed","template":"","meta":{"_acf_changed":false,"footnotes":""},"class_list":["post-12144","page","type-page","status-publish"],"acf":[],"_links":{"self":[{"href":"https:\/\/fibrosisquistica.org\/en\/wp-json\/wp\/v2\/pages\/12144","targetHints":{"allow":["GET"]}}],"collection":[{"href":"https:\/\/fibrosisquistica.org\/en\/wp-json\/wp\/v2\/pages"}],"about":[{"href":"https:\/\/fibrosisquistica.org\/en\/wp-json\/wp\/v2\/types\/page"}],"author":[{"embeddable":true,"href":"https:\/\/fibrosisquistica.org\/en\/wp-json\/wp\/v2\/users\/22"}],"replies":[{"embeddable":true,"href":"https:\/\/fibrosisquistica.org\/en\/wp-json\/wp\/v2\/comments?post=12144"}],"version-history":[{"count":1,"href":"https:\/\/fibrosisquistica.org\/en\/wp-json\/wp\/v2\/pages\/12144\/revisions"}],"predecessor-version":[{"id":12145,"href":"https:\/\/fibrosisquistica.org\/en\/wp-json\/wp\/v2\/pages\/12144\/revisions\/12145"}],"wp:attachment":[{"href":"https:\/\/fibrosisquistica.org\/en\/wp-json\/wp\/v2\/media?parent=12144"}],"curies":[{"name":"wp","href":"https:\/\/api.w.org\/{rel}","templated":true}]}}