{"id":50,"date":"2015-07-19T21:13:21","date_gmt":"2015-07-19T21:13:21","guid":{"rendered":"http:\/\/nueva.fefq.es\/?page_id=50"},"modified":"2026-02-02T08:56:26","modified_gmt":"2026-02-02T08:56:26","slug":"que-es-la-fibrosis-quistica","status":"publish","type":"page","link":"https:\/\/fibrosisquistica.org\/en\/que-es-la-fibrosis-quistica\/","title":{"rendered":"\u00bfQu\u00e9 es la Fibrosis Qu\u00edstica?"},"content":{"rendered":"<div id=\"fws_69f57971ad038\"  data-column-margin=\"default\" data-midnight=\"dark\" data-top-percent=\"0%\" data-bottom-percent=\"5%\"  class=\"wpb_row vc_row-fluid vc_row full-width-section\"  style=\"padding-top: calc(100vw * 0.00); padding-bottom: calc(100vw * 0.05); \"><div class=\"row-bg-wrap\" data-bg-animation=\"none\" data-bg-animation-delay=\"\" data-bg-overlay=\"true\"><div class=\"inner-wrap row-bg-layer using-image\" ><div class=\"row-bg viewport-desktop using-image\"  style=\"background-image: url(https:\/\/fibrosisquistica.org\/wp-content\/uploads\/2021\/01\/Artboard-16.png); background-position: right top; background-repeat: no-repeat; \"><\/div><\/div><div class=\"row-bg-overlay row-bg-layer\" style=\"background-color:#ffffff;  opacity: 0.8; \"><\/div><\/div><div class=\"row_col_wrap_12 col span_12 dark left\">\n\t<div  class=\"vc_col-sm-12 wpb_column column_container vc_column_container col no-extra-padding inherit_tablet inherit_phone\"  data-padding-pos=\"all\" data-has-bg-color=\"false\" data-bg-color=\"\" data-bg-opacity=\"1\" data-animation=\"\" data-delay=\"0\" >\n\t\t<div class=\"vc_column-inner\" >\n\t\t\t<div class=\"wpb_wrapper\">\n\t\t\t\t<div id=\"fws_69f57971ad51e\" data-midnight=\"\" data-column-margin=\"default\" class=\"wpb_row vc_row-fluid vc_row inner_row vc_row-o-equal-height vc_row-flex vc_row-o-content-bottom\"  style=\"\"><div class=\"row-bg-wrap\"> <div class=\"row-bg\" ><\/div> <\/div><div class=\"row_col_wrap_12_inner col span_12  left\">\n\t<div  class=\"vc_col-sm-6 wpb_column column_container vc_column_container col child_column padding-10-percent inherit_tablet inherit_phone\"   data-padding-pos=\"top\" data-has-bg-color=\"false\" data-bg-color=\"\" data-bg-opacity=\"1\" data-animation=\"\" data-delay=\"0\" >\n\t\t<div class=\"vc_column-inner\" >\n\t\t<div class=\"wpb_wrapper\">\n\t\t\t\n<div class=\"wpb_text_column wpb_content_element\" >\n\t<div class=\"wpb_wrapper\">\n\t\t<h1>\u00bfQu\u00e9 es<br \/>\nla Fibrosis Qu\u00edstica?<\/h1>\n\t<\/div>\n<\/div>\n\n\n\n\n\t\t<\/div> \n\t<\/div>\n\t<\/div> \n\n\t<div  class=\"vc_col-sm-6 wpb_column column_container vc_column_container col child_column no-extra-padding inherit_tablet inherit_phone\"   data-padding-pos=\"all\" data-has-bg-color=\"false\" data-bg-color=\"\" data-bg-opacity=\"1\" data-animation=\"\" data-delay=\"0\" >\n\t\t<div class=\"vc_column-inner\" >\n\t\t<div class=\"wpb_wrapper\">\n\t\t\t\n<div class=\"wpb_text_column wpb_content_element\" >\n\t<div class=\"wpb_wrapper\">\n\t\t<h3>T\u00fa respiras sin pensar,<br \/>\nyo s\u00f3lo pienso en respirar<\/h3>\n\t<\/div>\n<\/div>\n\n\n\n<div class=\"divider-wrap\" data-alignment=\"default\"><div style=\"margin-top: 1vh; height: 1px; margin-bottom: 1vh;\" data-width=\"100%\" data-animate=\"\" data-animation-delay=\"\" data-color=\"accent-color\" class=\"divider-border\"><\/div><\/div>\n\t\t<\/div> \n\t<\/div>\n\t<\/div> \n<\/div><\/div>\n\t\t\t<\/div> \n\t\t<\/div>\n\t<\/div> \n<\/div><\/div>\n\t\t<div id=\"fws_69f57971adf04\"  data-column-margin=\"default\" data-midnight=\"light\"  class=\"wpb_row vc_row-fluid vc_row full-width-section\"  style=\"padding-top: 0px; padding-bottom: 0px; \"><div class=\"row-bg-wrap\" data-bg-animation=\"none\" data-bg-animation-delay=\"\" data-bg-overlay=\"true\"><div class=\"inner-wrap row-bg-layer\" ><div class=\"row-bg viewport-desktop\"  style=\"\"><\/div><\/div><div class=\"row-bg-overlay row-bg-layer\" style=\"background-color:#d9e5de;  opacity: 0.8; \"><\/div><\/div><div class=\"nectar-shape-divider-wrap no-color\" style=\" height:80%;\" data-using-percent-val=\"true\" data-height=\"80%\" data-front=\"\" data-style=\"straight_section\" data-position=\"top\" ><svg class=\"nectar-shape-divider\" aria-hidden=\"true\" fill=\"\" xmlns=\"http:\/\/www.w3.org\/2000\/svg\" viewbox=\"0 0 100 10\" preserveaspectratio=\"none\"> <polygon points=\"104 10, 104 0, 0 0, 0 10\"><\/polygon> <\/svg><\/div><div class=\"row_col_wrap_12 col span_12 light left\">\n\t<div style=\"\" class=\"vc_col-sm-12 wpb_column column_container vc_column_container col padding-5-percent force-phone-text-align-center inherit_tablet inherit_phone\" data-using-bg=\"true\" data-overlay-color=\"true\" data-bg-cover=\"true\" data-padding-pos=\"all\" data-has-bg-color=\"false\" data-bg-color=\"\" data-bg-opacity=\"1\" data-animation=\"\" data-delay=\"0\" >\n\t\t<div class=\"vc_column-inner\" ><div class=\"column-image-bg-wrap column-bg-layer viewport-desktop\" data-bg-pos=\"left center\" data-bg-animation=\"none\" data-bg-overlay=\"true\"><div class=\"inner-wrap\"><div class=\"column-image-bg\" style=\" background-image: url('https:\/\/fibrosisquistica.org\/wp-content\/uploads\/2021\/02\/alina-grubnyak-ZiQkhI7417A-unsplash-scaled.jpg'); \"><\/div><\/div><\/div><div class=\"column-bg-overlay-wrap column-bg-layer\" data-bg-animation=\"none\"><div class=\"column-bg-overlay\"><\/div><div class=\"column-overlay-layer\" style=\"background-color:rgba(0,0,0,0.88);  opacity: 0.95; \"><\/div><\/div>\n\t\t\t<div class=\"wpb_wrapper\">\n\t\t\t\t<div id=\"fws_69f57971ae328\" data-midnight=\"\" data-column-margin=\"default\" class=\"wpb_row vc_row-fluid vc_row inner_row\"  style=\"\"><div class=\"row-bg-wrap\"> <div class=\"row-bg\" ><\/div> <\/div><div class=\"row_col_wrap_12_inner col span_12  left\">\n\t<div  class=\"vc_col-sm-6 wpb_column column_container vc_column_container col child_column no-extra-padding inherit_tablet inherit_phone\"   data-padding-pos=\"all\" data-has-bg-color=\"false\" data-bg-color=\"\" data-bg-opacity=\"1\" data-animation=\"\" data-delay=\"0\" >\n\t\t<div class=\"vc_column-inner\" >\n\t\t<div class=\"wpb_wrapper\">\n\t\t\t<div class=\"nectar-highlighted-text font_size_5vh\" data-style=\"regular_underline\" data-exp=\"default\" data-underline-thickness=\"2px\" data-using-custom-color=\"true\" data-animation-delay=\"false\" data-color=\"#f2935b\" data-color-gradient=\"\" style=\"\"><h4 style=\"text-align: left\"><em>1 de cada 35<\/em> habitantes son portadores sanos de la FQ<\/h4>\n<\/div>\n\t\t<\/div> \n\t<\/div>\n\t<\/div> \n\n\t<div  class=\"vc_col-sm-2 wpb_column column_container vc_column_container col child_column no-extra-padding inherit_tablet inherit_phone\"   data-padding-pos=\"all\" data-has-bg-color=\"false\" data-bg-color=\"\" data-bg-opacity=\"1\" data-animation=\"\" data-delay=\"0\" >\n\t\t<div class=\"vc_column-inner\" >\n\t\t<div class=\"wpb_wrapper\">\n\t\t\t<div class=\"nectar-milestone\" data-symbol=\"+\" data-symbol-alignment=\"default\" data-symbol-pos=\"before\" data-symbol-size=\"20\" data-animation-delay=\"\" data-ms-align=\"left\" > <div class=\"number extra-color-3\" data-number-size=\"40\"><h2 class=\"milestone-heading\"><span>2500<\/span><\/h2><\/div> <div class=\"subject\" ><\/div> <\/div>\n<div class=\"wpb_text_column wpb_content_element\" >\n\t<div class=\"wpb_wrapper\">\n\t\t<h5>Personas con FQ en Espa\u00f1a<\/h5>\n\t<\/div>\n<\/div>\n\n\n\n\n\t\t<\/div> \n\t<\/div>\n\t<\/div> \n\n\t<div  class=\"vc_col-sm-2 wpb_column column_container vc_column_container col child_column no-extra-padding inherit_tablet inherit_phone\"   data-padding-pos=\"all\" data-has-bg-color=\"false\" data-bg-color=\"\" data-bg-opacity=\"1\" data-animation=\"\" data-delay=\"0\" >\n\t\t<div class=\"vc_column-inner\" >\n\t\t<div class=\"wpb_wrapper\">\n\t\t\t<div class=\"nectar-milestone\" data-symbol=\"%\" data-symbol-alignment=\"default\" data-symbol-pos=\"after\" data-symbol-size=\"20\" data-animation-delay=\"\" data-ms-align=\"left\" > <div class=\"number accent-color\" data-number-size=\"60\"><h2 class=\"milestone-heading\"><span>53<\/span><\/h2><\/div> <div class=\"subject\" ><\/div> <\/div>\n<div class=\"wpb_text_column wpb_content_element\" >\n\t<div class=\"wpb_wrapper\">\n\t\t<h5>hombres<\/h5>\n\t<\/div>\n<\/div>\n\n\n\n\n\t\t<\/div> \n\t<\/div>\n\t<\/div> \n\n\t<div  class=\"vc_col-sm-2 wpb_column column_container vc_column_container col child_column no-extra-padding inherit_tablet inherit_phone\"   data-padding-pos=\"all\" data-has-bg-color=\"false\" data-bg-color=\"\" data-bg-opacity=\"1\" data-animation=\"\" data-delay=\"0\" >\n\t\t<div class=\"vc_column-inner\" >\n\t\t<div class=\"wpb_wrapper\">\n\t\t\t<div class=\"nectar-milestone\" data-symbol=\"%\" data-symbol-alignment=\"default\" data-symbol-pos=\"after\" data-symbol-size=\"20\" data-animation-delay=\"\" data-ms-align=\"left\" > <div class=\"number accent-color\" data-number-size=\"60\"><h2 class=\"milestone-heading\"><span>47<\/span><\/h2><\/div> <div class=\"subject\" ><\/div> <\/div>\n<div class=\"wpb_text_column wpb_content_element\" >\n\t<div class=\"wpb_wrapper\">\n\t\t<h5>mujeres<\/h5>\n\t<\/div>\n<\/div>\n\n\n\n\n\t\t<\/div> \n\t<\/div>\n\t<\/div> \n<\/div><\/div>\n\t\t\t<\/div> \n\t\t<\/div>\n\t<\/div> \n<\/div><\/div>\n\t\t<div id=\"fws_69f57971af2d4\"  data-column-margin=\"default\" data-midnight=\"dark\"  class=\"wpb_row vc_row-fluid vc_row full-width-section\"  style=\"padding-top: 0px; padding-bottom: 0px; \"><div class=\"row-bg-wrap\" data-bg-animation=\"none\" data-bg-animation-delay=\"\" data-bg-overlay=\"false\"><div class=\"inner-wrap row-bg-layer\" ><div class=\"row-bg viewport-desktop using-bg-color\"  style=\"background-color: #e0eae4; \"><\/div><\/div><\/div><div class=\"row_col_wrap_12 col span_12 dark left\">\n\t<div  class=\"vc_col-sm-12 wpb_column column_container vc_column_container col no-extra-padding inherit_tablet inherit_phone\"  data-padding-pos=\"all\" data-has-bg-color=\"false\" data-bg-color=\"\" data-bg-opacity=\"1\" data-animation=\"\" data-delay=\"0\" >\n\t\t<div class=\"vc_column-inner\" >\n\t\t\t<div class=\"wpb_wrapper\">\n\t\t\t\t<div class=\"page-submenu\" data-bg-color=\"#e0eae4\" data-sticky=\"true\" data-alignment=\"center\"><div class=\"full-width-content\" style=\"background-color:#e0eae4; color: ;\"><a href=\"#\" class=\"mobile-menu-link\"><i class=\"salient-page-submenu-icon\"><\/i>Menu<\/a><ul style=\"background-color:#e0eae4; color: ;\"><li><a  href=\"#que\">Qu\u00e9 es la FQ<\/a><\/li><li><a  href=\"#hereda\">C\u00f3mo se hereda<\/a><\/li><li><a  href=\"#diagnostico\">Diagn\u00f3stico<\/a><\/li><li><a  href=\"#tratamiento\">Tratamiento<\/a><\/li><li><a  href=\"#trasplante\">Trasplante pulmonar<\/a><\/li><li><a  href=\"#infecciones\">Infecciones cruzadas<\/a><\/li><\/ul><\/div><\/div>\n\t\t\t<\/div> \n\t\t<\/div>\n\t<\/div> \n<\/div><\/div>\n\t\t<div id=\"que\"  data-column-margin=\"default\" data-midnight=\"dark\" data-top-percent=\"5%\" data-bottom-percent=\"2%\"  class=\"wpb_row vc_row-fluid vc_row vc_row-o-equal-height vc_row-flex vc_row-o-content-middle\"  style=\"padding-top: calc(100vw * 0.05); padding-bottom: calc(100vw * 0.02); \"><div class=\"row-bg-wrap\" data-bg-animation=\"none\" data-bg-animation-delay=\"\" data-bg-overlay=\"false\"><div class=\"inner-wrap row-bg-layer\" ><div class=\"row-bg viewport-desktop\"  style=\"\"><\/div><\/div><\/div><div class=\"row_col_wrap_12 col span_12 dark left\">\n\t<div  class=\"vc_col-sm-6 wpb_column column_container vc_column_container col no-extra-padding inherit_tablet inherit_phone\"  data-padding-pos=\"all\" data-has-bg-color=\"false\" data-bg-color=\"\" data-bg-opacity=\"1\" data-animation=\"\" data-delay=\"0\" >\n\t\t<div class=\"vc_column-inner\" >\n\t\t\t<div class=\"wpb_wrapper\">\n\t\t\t\t<div class=\"img-with-aniamtion-wrap\" data-max-width=\"100%\" data-max-width-mobile=\"default\" data-shadow=\"none\" data-animation=\"fade-in\" >\n      <div class=\"inner\">\n        <div class=\"hover-wrap\"> \n          <div class=\"hover-wrap-inner\">\n            <img loading=\"lazy\" decoding=\"async\" class=\"img-with-animation skip-lazy\" data-delay=\"0\" height=\"1035\" width=\"1840\" data-animation=\"fade-in\" src=\"https:\/\/fibrosisquistica.org\/wp-content\/uploads\/2021\/03\/federacion-espanola-fibrosis-quistica-que-es-la-fibrosis-quistica.jpg\" alt=\"fibrosis qu\u00edstica\" srcset=\"https:\/\/fibrosisquistica.org\/wp-content\/uploads\/2021\/03\/federacion-espanola-fibrosis-quistica-que-es-la-fibrosis-quistica.jpg 1840w, https:\/\/fibrosisquistica.org\/wp-content\/uploads\/2021\/03\/federacion-espanola-fibrosis-quistica-que-es-la-fibrosis-quistica-600x338.jpg 600w, https:\/\/fibrosisquistica.org\/wp-content\/uploads\/2021\/03\/federacion-espanola-fibrosis-quistica-que-es-la-fibrosis-quistica-300x169.jpg 300w, https:\/\/fibrosisquistica.org\/wp-content\/uploads\/2021\/03\/federacion-espanola-fibrosis-quistica-que-es-la-fibrosis-quistica-1024x576.jpg 1024w, https:\/\/fibrosisquistica.org\/wp-content\/uploads\/2021\/03\/federacion-espanola-fibrosis-quistica-que-es-la-fibrosis-quistica-768x432.jpg 768w, https:\/\/fibrosisquistica.org\/wp-content\/uploads\/2021\/03\/federacion-espanola-fibrosis-quistica-que-es-la-fibrosis-quistica-1536x864.jpg 1536w\" sizes=\"auto, (max-width: 1840px) 100vw, 1840px\" title=\"\">\n          <\/div>\n        <\/div>\n      <\/div>\n    <\/div>\n\t\t\t<\/div> \n\t\t<\/div>\n\t<\/div> \n\n\t<div  class=\"vc_col-sm-6 wpb_column column_container vc_column_container col has-animation padding-3-percent inherit_tablet inherit_phone\"  data-padding-pos=\"all\" data-has-bg-color=\"false\" data-bg-color=\"\" data-bg-opacity=\"1\" data-animation=\"fade-in-from-bottom\" data-delay=\"0\" >\n\t\t<div class=\"vc_column-inner\" >\n\t\t\t<div class=\"wpb_wrapper\">\n\t\t\t\t\n<div class=\"wpb_text_column wpb_content_element\" >\n\t<div class=\"wpb_wrapper\">\n\t\t<h3><span class=\"themecolor\"><b>Enfermedad<br \/>\n<\/b>cr\u00f3nica y hereditaria<\/span><\/h3>\n\t<\/div>\n<\/div>\n\n\n\n<div class=\"divider-wrap\" data-alignment=\"default\"><div style=\"margin-top: 12.5px; height: 1px; margin-bottom: 12.5px;\" data-width=\"100%\" data-animate=\"yes\" data-animation-delay=\"\" data-color=\"accent-color\" class=\"divider-border\"><\/div><\/div>\n<div class=\"wpb_text_column wpb_content_element\" >\n\t<div class=\"wpb_wrapper\">\n\t\t<p><span class=\"themecolor\">La Fibrosis Qu\u00edstica es una enfermedad cr\u00f3nica y hereditaria que representa un grave problema de salud. Es una enfermedad degenerativa que afecta principalmente a los pulmones y al sistema digestivo.<\/span><\/p>\n\t<\/div>\n<\/div>\n\n\n\n\n<div class=\"wpb_text_column wpb_content_element\" >\n\t<div class=\"wpb_wrapper\">\n\t\t<p><span style=\"font-weight: 400;\">\u00bfAcaban de diagnosticar FQ a tu hijo\/a?<br \/>\n<strong>Busca tu asociaci\u00f3n m\u00e1s cercana<\/strong><\/span><\/p>\n\t<\/div>\n<\/div>\n\n\n\n<a class=\"nectar-button large regular accent-color  regular-button\"  role=\"button\" style=\"\"  href=\"\/en\/asociaciones\/\" data-color-override=\"false\" data-hover-color-override=\"false\" data-hover-text-color-override=\"#fff\"><span>Asociaciones de FEFQ<\/span><\/a>\n\t\t\t<\/div> \n\t\t<\/div>\n\t<\/div> \n<\/div><\/div>\n\t\t<div id=\"que\"  data-column-margin=\"default\" data-midnight=\"dark\" data-bottom-percent=\"2%\"  class=\"wpb_row vc_row-fluid vc_row vc_row-o-equal-height vc_row-flex vc_row-o-content-middle\"  style=\"padding-top: 0px; padding-bottom: calc(100vw * 0.02); \"><div class=\"row-bg-wrap\" data-bg-animation=\"none\" data-bg-animation-delay=\"\" data-bg-overlay=\"false\"><div class=\"inner-wrap row-bg-layer\" ><div class=\"row-bg viewport-desktop\"  style=\"\"><\/div><\/div><\/div><div class=\"row_col_wrap_12 col span_12 dark left\">\n\t<div  class=\"vc_col-sm-6 wpb_column column_container vc_column_container col padding-3-percent inherit_tablet inherit_phone\"  data-padding-pos=\"all\" data-has-bg-color=\"false\" data-bg-color=\"\" data-bg-opacity=\"1\" data-animation=\"\" data-delay=\"0\" >\n\t\t<div class=\"vc_column-inner\" >\n\t\t\t<div class=\"wpb_wrapper\">\n\t\t\t\t\n<div class=\"wpb_text_column wpb_content_element\" >\n\t<div class=\"wpb_wrapper\">\n\t\t<h3>En qu\u00e9 consiste<\/h3>\n\t<\/div>\n<\/div>\n\n\n\n<div class=\"divider-wrap\" data-alignment=\"default\"><div style=\"margin-top: 12.5px; height: 1px; margin-bottom: 12.5px;\" data-width=\"100%\" data-animate=\"yes\" data-animation-delay=\"\" data-color=\"accent-color\" class=\"divider-border\"><\/div><\/div>\n<div class=\"wpb_text_column wpb_content_element\" >\n\t<div class=\"wpb_wrapper\">\n\t\t<p>La FQ da lugar a un espesamiento y disminuci\u00f3n del contenido de agua, sodio y cloro en las secreciones, lo que provoca infecciones e inflamaci\u00f3n que destruyen zonas del pulm\u00f3n, h\u00edgado, p\u00e1ncreas y sistema reproductor, principalmente.<\/p>\n<p><span class=\"themecolor\">Este espesamiento en las mucosidades hace que sea m\u00e1s f\u00e1cil la acumulaci\u00f3n de bacterias o peque\u00f1os organismos que entran en los pulmones y provocan infecciones respiratorias.<\/span><\/p>\n\t<\/div>\n<\/div>\n\n\n\n\n\t\t\t<\/div> \n\t\t<\/div>\n\t<\/div> \n\n\t<div  class=\"vc_col-sm-6 wpb_column column_container vc_column_container col has-animation padding-3-percent inherit_tablet inherit_phone\"  data-padding-pos=\"all\" data-has-bg-color=\"false\" data-bg-color=\"\" data-bg-opacity=\"1\" data-animation=\"fade-in-from-bottom\" data-delay=\"0\" >\n\t\t<div class=\"vc_column-inner\" >\n\t\t\t<div class=\"wpb_wrapper\">\n\t\t\t\t<div class=\"nectar-video-box\" data-color=\"accent-color\" data-mouse-style=\"default\" data-mouse-icon-color=\"\" data-play-button-size=\"default\" data-border-radius=\"none\" data-hover=\"default\" data-shadow=\"\"><div class=\"inner-wrap\"><a href=\"https:\/\/youtu.be\/mhIhJtV1MsA?si=JBy1lxKm-yx_58vr\" class=\"full-link pp\" rel=\"nofollow noopener\" target=\"_blank\"><span class=\"screen-reader-text\">Play Video<\/span><\/a><img loading=\"lazy\" decoding=\"async\" width=\"953\" height=\"495\" src=\"https:\/\/fibrosisquistica.org\/wp-content\/uploads\/2021\/03\/que-es-la-fibrosis-quistica.png\" class=\"attachment-full size-full\" alt=\"\" srcset=\"https:\/\/fibrosisquistica.org\/wp-content\/uploads\/2021\/03\/que-es-la-fibrosis-quistica.png 953w, https:\/\/fibrosisquistica.org\/wp-content\/uploads\/2021\/03\/que-es-la-fibrosis-quistica-600x312.png 600w, https:\/\/fibrosisquistica.org\/wp-content\/uploads\/2021\/03\/que-es-la-fibrosis-quistica-300x156.png 300w, https:\/\/fibrosisquistica.org\/wp-content\/uploads\/2021\/03\/que-es-la-fibrosis-quistica-768x399.png 768w\" sizes=\"auto, (max-width: 953px) 100vw, 953px\" title=\"\"><a href=\"https:\/\/youtu.be\/mhIhJtV1MsA?si=JBy1lxKm-yx_58vr\" data-style=\"default\" data-parent-hover=\"\" data-font-style=\"p\" data-color=\"default\" class=\"play_button_mouse_follow large nectar_video_lightbox pp\" rel=\"nofollow noopener\" target=\"_blank\"><span><span class=\"screen-reader-text\">Play Video<\/span><span class=\"play\"><span class=\"inner-wrap inner\"><svg role=\"none\" version=\"1.1\"\n\t xmlns=\"http:\/\/www.w3.org\/2000\/svg\" xmlns:xlink=\"http:\/\/www.w3.org\/1999\/xlink\" width=\"600px\" height=\"800px\" x=\"0px\" y=\"0px\" viewbox=\"0 0 600 800\" enable-background=\"new 0 0 600 800\" xml:space=\"preserve\"><path fill=\"none\" d=\"M0-1.79v800L600,395L0-1.79z\"><\/path> <\/svg><\/span><\/span><\/span><\/a><\/div><\/div>\n\t\t\t<\/div> \n\t\t<\/div>\n\t<\/div> \n<\/div><\/div>\n\t\t<div id=\"fws_69f57971b138a\"  data-column-margin=\"default\" data-midnight=\"dark\"  class=\"wpb_row vc_row-fluid vc_row\"  style=\"padding-top: 0px; padding-bottom: 0px; \"><div class=\"row-bg-wrap\" data-bg-animation=\"none\" data-bg-animation-delay=\"\" data-bg-overlay=\"false\"><div class=\"inner-wrap row-bg-layer\" ><div class=\"row-bg viewport-desktop using-bg-color\"  style=\"background-color: #ffffff; \"><\/div><\/div><\/div><div class=\"row_col_wrap_12 col span_12 dark left\">\n\t<div  class=\"vc_col-sm-6 wpb_column column_container vc_column_container col no-extra-padding inherit_tablet inherit_phone\"  data-padding-pos=\"all\" data-has-bg-color=\"false\" data-bg-color=\"\" data-bg-opacity=\"1\" data-animation=\"\" data-delay=\"0\" >\n\t\t<div class=\"vc_column-inner\" >\n\t\t\t<div class=\"wpb_wrapper\">\n\t\t\t\t\n<div class=\"wpb_text_column wpb_content_element\" >\n\t<div class=\"wpb_wrapper\">\n\t\t<h3 style=\"text-align: right;\">Causas<\/h3>\n\t<\/div>\n<\/div>\n\n\n\n<div class=\"divider-wrap\" data-alignment=\"default\"><div style=\"margin-top: 12.5px; height: 1px; margin-bottom: 12.5px;\" data-width=\"100%\" data-animate=\"yes\" data-animation-delay=\"\" data-color=\"accent-color\" class=\"divider-border\"><\/div><\/div>\n\t\t\t<\/div> \n\t\t<\/div>\n\t<\/div> \n\n\t<div  class=\"vc_col-sm-6 wpb_column column_container vc_column_container col no-extra-padding inherit_tablet inherit_phone\"  data-padding-pos=\"all\" data-has-bg-color=\"false\" data-bg-color=\"\" data-bg-opacity=\"1\" data-animation=\"\" data-delay=\"0\" >\n\t\t<div class=\"vc_column-inner\" >\n\t\t\t<div class=\"wpb_wrapper\">\n\t\t\t\t\n<div class=\"wpb_text_column wpb_content_element\" >\n\t<div class=\"wpb_wrapper\">\n\t\t<p>Se debe a una alteraci\u00f3n de un gen llamado CFTR (gen regulador de la Conductancia Transmembrana de la Fibrosis Qu\u00edstica) localizado en el cromosoma 7.<\/p>\n\t<\/div>\n<\/div>\n\n\n\n\n\t\t\t<\/div> \n\t\t<\/div>\n\t<\/div> \n<\/div><\/div>\n\t\t<div id=\"fws_69f57971b1b69\"  data-column-margin=\"default\" data-midnight=\"dark\" data-top-percent=\"2%\" data-bottom-percent=\"6%\"  class=\"wpb_row vc_row-fluid vc_row full-width-section vc_row-o-equal-height vc_row-flex vc_row-o-content-top\"  style=\"padding-top: calc(100vw * 0.02); padding-bottom: calc(100vw * 0.06); \"><div class=\"row-bg-wrap\" data-bg-animation=\"none\" data-bg-animation-delay=\"\" data-bg-overlay=\"false\"><div class=\"inner-wrap row-bg-layer\" ><div class=\"row-bg viewport-desktop using-bg-color\"  style=\"background-color: #ffffff; \"><\/div><\/div><\/div><div class=\"row_col_wrap_12 col span_12 dark left\">\n\t<div  class=\"vc_col-sm-4 vc_col-xs-12 wpb_column column_container vc_column_container col no-extra-padding force-phone-text-align-center inherit_tablet inherit_phone\"  data-padding-pos=\"all\" data-has-bg-color=\"false\" data-bg-color=\"\" data-bg-opacity=\"1\" data-animation=\"\" data-delay=\"0\" >\n\t\t<div class=\"vc_column-inner\" >\n\t\t\t<div class=\"wpb_wrapper\">\n\t\t\t\t<div id=\"fws_69f57971b1e79\" data-midnight=\"\" data-column-margin=\"default\" class=\"wpb_row vc_row-fluid vc_row inner_row  vc_custom_1614945743322\"  style=\"\"><div class=\"row-bg-wrap\"> <div class=\"row-bg\" ><\/div> <\/div><div class=\"row_col_wrap_12_inner col span_12  left\">\n\t<div  class=\"vc_col-sm-12 wpb_column column_container vc_column_container col child_column no-extra-padding inherit_tablet inherit_phone\"   data-padding-pos=\"all\" data-has-bg-color=\"false\" data-bg-color=\"\" data-bg-opacity=\"1\" data-animation=\"\" data-delay=\"0\" >\n\t\t<div class=\"vc_column-inner\" >\n\t\t<div class=\"wpb_wrapper\">\n\t\t\t\n<div class=\"wpb_text_column wpb_content_element\" >\n\t<div class=\"wpb_wrapper\">\n\t\t<h3 style=\"text-align: left;\"><strong>S\u00edntomas<\/strong><\/h3>\n\t<\/div>\n<\/div>\n\n\n\n<div class=\"divider-wrap height_phone_0px\" data-alignment=\"default\"><div style=\"height: 57px;\" class=\"divider\"><\/div><\/div>\n\t\t<\/div> \n\t<\/div>\n\t<\/div> \n<\/div><\/div>\n\t\t\t<\/div> \n\t\t<\/div>\n\t<\/div> \n\n\t<div  class=\"vc_col-sm-2 wpb_column column_container vc_column_container col no-extra-padding inherit_tablet inherit_phone\"  data-padding-pos=\"all\" data-has-bg-color=\"false\" data-bg-color=\"\" data-bg-opacity=\"1\" data-animation=\"\" data-delay=\"0\" >\n\t\t<div class=\"vc_column-inner\" >\n\t\t\t<div class=\"wpb_wrapper\">\n\t\t\t\t<div id=\"fws_69f57971b24bb\" data-midnight=\"\" data-column-margin=\"default\" class=\"wpb_row vc_row-fluid vc_row inner_row  vc_custom_1614945665549\"  style=\"\"><div class=\"row-bg-wrap\"> <div class=\"row-bg\" ><\/div> <\/div><div class=\"row_col_wrap_12_inner col span_12  left\">\n\t<div  class=\"vc_col-sm-12 wpb_column column_container vc_column_container col child_column no-extra-padding inherit_tablet inherit_phone\"   data-padding-pos=\"all\" data-has-bg-color=\"false\" data-bg-color=\"\" data-bg-opacity=\"1\" data-animation=\"\" data-delay=\"0\" >\n\t\t<div class=\"vc_column-inner\" >\n\t\t<div class=\"wpb_wrapper\">\n\t\t\t<div class=\"img-with-aniamtion-wrap\" data-max-width=\"100%\" data-max-width-mobile=\"default\" data-shadow=\"none\" data-animation=\"fade-in\" >\n      <div class=\"inner\">\n        <div class=\"hover-wrap\"> \n          <div class=\"hover-wrap-inner\">\n            <img loading=\"lazy\" decoding=\"async\" class=\"img-with-animation skip-lazy\" data-delay=\"0\" height=\"63\" width=\"64\" data-animation=\"fade-in\" src=\"https:\/\/fibrosisquistica.org\/wp-content\/uploads\/2021\/03\/sintomas2-45.png\" alt=\"\" title=\"\">\n          <\/div>\n        <\/div>\n      <\/div>\n    <\/div>\n<div class=\"wpb_text_column wpb_content_element\" >\n\t<div class=\"wpb_wrapper\">\n\t\t<h4>Sabor salado<br \/>\nde la piel<\/h4>\n\t<\/div>\n<\/div>\n\n\n\n\n\t\t<\/div> \n\t<\/div>\n\t<\/div> \n<\/div><\/div>\n\t\t\t<\/div> \n\t\t<\/div>\n\t<\/div> \n\n\t<div  class=\"vc_col-sm-2 wpb_column column_container vc_column_container col no-extra-padding inherit_tablet inherit_phone\"  data-padding-pos=\"all\" data-has-bg-color=\"false\" data-bg-color=\"\" data-bg-opacity=\"1\" data-animation=\"\" data-delay=\"0\" >\n\t\t<div class=\"vc_column-inner\" >\n\t\t\t<div class=\"wpb_wrapper\">\n\t\t\t\t<div id=\"fws_69f57971b2c72\" data-midnight=\"\" data-column-margin=\"default\" class=\"wpb_row vc_row-fluid vc_row inner_row  vc_custom_1614945685420\"  style=\"\"><div class=\"row-bg-wrap\"> <div class=\"row-bg\" ><\/div> <\/div><div class=\"row_col_wrap_12_inner col span_12  left\">\n\t<div  class=\"vc_col-sm-12 wpb_column column_container vc_column_container col child_column no-extra-padding inherit_tablet inherit_phone\"   data-padding-pos=\"all\" data-has-bg-color=\"false\" data-bg-color=\"\" data-bg-opacity=\"1\" data-animation=\"\" data-delay=\"0\" >\n\t\t<div class=\"vc_column-inner\" >\n\t\t<div class=\"wpb_wrapper\">\n\t\t\t<div class=\"img-with-aniamtion-wrap\" data-max-width=\"100%\" data-max-width-mobile=\"default\" data-shadow=\"none\" data-animation=\"fade-in\" >\n      <div class=\"inner\">\n        <div class=\"hover-wrap\"> \n          <div class=\"hover-wrap-inner\">\n            <img loading=\"lazy\" decoding=\"async\" class=\"img-with-animation skip-lazy\" data-delay=\"0\" height=\"63\" width=\"64\" data-animation=\"fade-in\" src=\"https:\/\/fibrosisquistica.org\/wp-content\/uploads\/2021\/03\/sintomas2-44.png\" alt=\"\" title=\"\">\n          <\/div>\n        <\/div>\n      <\/div>\n    <\/div>\n<div class=\"wpb_text_column wpb_content_element\" >\n\t<div class=\"wpb_wrapper\">\n\t\t<h4>Problemas respiratorios<\/h4>\n\t<\/div>\n<\/div>\n\n\n\n\n\t\t<\/div> \n\t<\/div>\n\t<\/div> \n<\/div><\/div>\n\t\t\t<\/div> \n\t\t<\/div>\n\t<\/div> \n\n\t<div  class=\"vc_col-sm-2 wpb_column column_container vc_column_container col no-extra-padding inherit_tablet inherit_phone\"  data-padding-pos=\"all\" data-has-bg-color=\"false\" data-bg-color=\"\" data-bg-opacity=\"1\" data-animation=\"\" data-delay=\"0\" >\n\t\t<div class=\"vc_column-inner\" >\n\t\t\t<div class=\"wpb_wrapper\">\n\t\t\t\t<div id=\"fws_69f57971b33b7\" data-midnight=\"\" data-column-margin=\"default\" class=\"wpb_row vc_row-fluid vc_row inner_row  vc_custom_1614945698586\"  style=\"\"><div class=\"row-bg-wrap\"> <div class=\"row-bg\" ><\/div> <\/div><div class=\"row_col_wrap_12_inner col span_12  left\">\n\t<div  class=\"vc_col-sm-12 wpb_column column_container vc_column_container col child_column no-extra-padding inherit_tablet inherit_phone\"   data-padding-pos=\"all\" data-has-bg-color=\"false\" data-bg-color=\"\" data-bg-opacity=\"1\" data-animation=\"\" data-delay=\"0\" >\n\t\t<div class=\"vc_column-inner\" >\n\t\t<div class=\"wpb_wrapper\">\n\t\t\t<div class=\"img-with-aniamtion-wrap\" data-max-width=\"100%\" data-max-width-mobile=\"default\" data-shadow=\"none\" data-animation=\"fade-in\" >\n      <div class=\"inner\">\n        <div class=\"hover-wrap\"> \n          <div class=\"hover-wrap-inner\">\n            <img loading=\"lazy\" decoding=\"async\" class=\"img-with-animation skip-lazy\" data-delay=\"0\" height=\"63\" width=\"64\" data-animation=\"fade-in\" src=\"https:\/\/fibrosisquistica.org\/wp-content\/uploads\/2021\/03\/sintomas2-46.png\" alt=\"\" title=\"\">\n          <\/div>\n        <\/div>\n      <\/div>\n    <\/div>\n<div class=\"wpb_text_column wpb_content_element\" >\n\t<div class=\"wpb_wrapper\">\n\t\t<h4>Falta<br \/>\nde peso<\/h4>\n\t<\/div>\n<\/div>\n\n\n\n\n\t\t<\/div> \n\t<\/div>\n\t<\/div> \n<\/div><\/div>\n\t\t\t<\/div> \n\t\t<\/div>\n\t<\/div> \n\n\t<div  class=\"vc_col-sm-2 wpb_column column_container vc_column_container col no-extra-padding inherit_tablet inherit_phone\"  data-padding-pos=\"all\" data-has-bg-color=\"false\" data-bg-color=\"\" data-bg-opacity=\"1\" data-animation=\"\" data-delay=\"0\" >\n\t\t<div class=\"vc_column-inner\" >\n\t\t\t<div class=\"wpb_wrapper\">\n\t\t\t\t<div id=\"fws_69f57971b3b0c\" data-midnight=\"\" data-column-margin=\"default\" class=\"wpb_row vc_row-fluid vc_row inner_row  vc_custom_1614945541635\"  style=\"\"><div class=\"row-bg-wrap\"> <div class=\"row-bg\" ><\/div> <\/div><div class=\"row_col_wrap_12_inner col span_12  left\">\n\t<div  class=\"vc_col-sm-12 wpb_column column_container vc_column_container col child_column no-extra-padding inherit_tablet inherit_phone\"   data-padding-pos=\"all\" data-has-bg-color=\"false\" data-bg-color=\"\" data-bg-opacity=\"1\" data-animation=\"\" data-delay=\"0\" >\n\t\t<div class=\"vc_column-inner\" >\n\t\t<div class=\"wpb_wrapper\">\n\t\t\t<div class=\"img-with-aniamtion-wrap\" data-max-width=\"100%\" data-max-width-mobile=\"default\" data-shadow=\"none\" data-animation=\"fade-in\" >\n      <div class=\"inner\">\n        <div class=\"hover-wrap\"> \n          <div class=\"hover-wrap-inner\">\n            <img loading=\"lazy\" decoding=\"async\" class=\"img-with-animation skip-lazy\" data-delay=\"0\" height=\"63\" width=\"64\" data-animation=\"fade-in\" src=\"https:\/\/fibrosisquistica.org\/wp-content\/uploads\/2021\/03\/sintomas2-43.png\" alt=\"\" title=\"\">\n          <\/div>\n        <\/div>\n      <\/div>\n    <\/div>\n<div class=\"wpb_text_column wpb_content_element\" >\n\t<div class=\"wpb_wrapper\">\n\t\t<h4>Problemas digestivos<\/h4>\n\t<\/div>\n<\/div>\n\n\n\n\n\t\t<\/div> \n\t<\/div>\n\t<\/div> \n<\/div><\/div>\n\t\t\t<\/div> \n\t\t<\/div>\n\t<\/div> \n<\/div><\/div>\n\t\t<div id=\"hereda\"  data-column-margin=\"default\" data-midnight=\"light\" data-top-percent=\"6%\" data-bottom-percent=\"6%\"  class=\"wpb_row vc_row-fluid vc_row vc_row-o-equal-height vc_row-flex vc_row-o-content-top  right_padding_6pct left_padding_6pct\"  style=\"padding-top: calc(100vw * 0.06); padding-bottom: calc(100vw * 0.06); \"><div class=\"row-bg-wrap\" data-bg-animation=\"none\" data-bg-animation-delay=\"\" data-bg-overlay=\"true\"><div class=\"inner-wrap row-bg-layer using-image\" ><div class=\"row-bg viewport-desktop using-image\"  style=\"background-image: url(https:\/\/fibrosisquistica.org\/wp-content\/uploads\/2021\/02\/jaron-nix-5HbxyB0_DBg-unsplash-scaled.jpg); background-position: center center; background-repeat: no-repeat; \"><\/div><\/div><div class=\"row-bg-overlay row-bg-layer\" style=\"background-color:#000000;  opacity: 0.8; \"><\/div><\/div><div class=\"row_col_wrap_12 col span_12 light left\">\n\t<div  class=\"vc_col-sm-12 wpb_column column_container vc_column_container col no-extra-padding inherit_tablet inherit_phone\"  data-padding-pos=\"all\" data-has-bg-color=\"false\" data-bg-color=\"\" data-bg-opacity=\"1\" data-animation=\"\" data-delay=\"0\" >\n\t\t<div class=\"vc_column-inner\" >\n\t\t\t<div class=\"wpb_wrapper\">\n\t\t\t\t<div id=\"fws_69f57971b47da\" data-midnight=\"\" data-column-margin=\"default\" class=\"wpb_row vc_row-fluid vc_row inner_row\"  style=\"\"><div class=\"row-bg-wrap\"> <div class=\"row-bg\" ><\/div> <\/div><div class=\"row_col_wrap_12_inner col span_12  left\">\n\t<div  class=\"vc_col-sm-5 wpb_column column_container vc_column_container col child_column no-extra-padding inherit_tablet inherit_phone\"   data-padding-pos=\"all\" data-has-bg-color=\"false\" data-bg-color=\"\" data-bg-opacity=\"1\" data-animation=\"\" data-delay=\"0\" >\n\t\t<div class=\"vc_column-inner\" >\n\t\t<div class=\"wpb_wrapper\">\n\t\t\t\n<div class=\"wpb_text_column wpb_content_element\" >\n\t<div class=\"wpb_wrapper\">\n\t\t<h2 style=\"text-align: left;\">\u00bfC\u00f3mo se hereda?<\/h2>\n\t<\/div>\n<\/div>\n\n\n\n<div class=\"divider-wrap\" data-alignment=\"default\"><div style=\"margin-top: 12.5px; height: 1px; margin-bottom: 12.5px;\" data-width=\"100%\" data-animate=\"\" data-animation-delay=\"\" data-color=\"accent-color\" class=\"divider-border\"><\/div><\/div>\n<div class=\"wpb_text_column wpb_content_element\" >\n\t<div class=\"wpb_wrapper\">\n\t\t<p><span style=\"font-weight: 400;\">Es una alteraci\u00f3n gen\u00e9tica recesiva. <\/span><span style=\"font-weight: 400;\">Ambos progenitores <\/span><span style=\"font-weight: 400;\">deben ser portadores de la enfermedad para tener un hijo\/a con FQ. La probabilidad en cada embarazo de tener un <\/span><span style=\"font-weight: 400;\">beb\u00e9 <\/span><span style=\"font-weight: 400;\">con Fibrosis Qu\u00edstica es de 1 de cada 4, en el caso de progenitores portadores sanos.<\/span><\/p>\n\t<\/div>\n<\/div>\n\n\n\n\n\t\t<\/div> \n\t<\/div>\n\t<\/div> \n\n\t<div  class=\"vc_col-sm-7 wpb_column column_container vc_column_container col child_column no-extra-padding inherit_tablet inherit_phone\"   data-padding-pos=\"all\" data-has-bg-color=\"false\" data-bg-color=\"\" data-bg-opacity=\"1\" data-animation=\"\" data-delay=\"0\" >\n\t\t<div class=\"vc_column-inner\" >\n\t\t<div class=\"wpb_wrapper\">\n\t\t\t\n<div class=\"wpb_text_column wpb_content_element\" >\n\t<div class=\"wpb_wrapper\">\n\t\t<h4 style=\"text-align: right;\">Probabilidad de transmisi\u00f3n de FQ<\/h4>\n<p style=\"text-align: right;\">en progenitores portadores sanos<\/p>\n\t<\/div>\n<\/div>\n\n\n\n<div class=\"img-with-aniamtion-wrap\" data-max-width=\"100%\" data-max-width-mobile=\"default\" data-shadow=\"none\" data-animation=\"fade-in\" >\n      <div class=\"inner\">\n        <div class=\"hover-wrap\"> \n          <div class=\"hover-wrap-inner\">\n            <a href=\"https:\/\/fibrosisquistica.org\/wp-content\/uploads\/2021\/03\/Probabilidad-transmisio\u0301n-de-FQ-en-padres-portadores-sanos.png\" class=\"pp\">\n              <img loading=\"lazy\" decoding=\"async\" class=\"img-with-animation skip-lazy\" data-delay=\"0\" height=\"547\" width=\"1440\" data-animation=\"fade-in\" src=\"https:\/\/fibrosisquistica.org\/wp-content\/uploads\/2021\/03\/Probabilidad-transmisio\u0301n-de-FQ-en-padres-portadores-sanos.png\" alt=\"\" srcset=\"https:\/\/fibrosisquistica.org\/wp-content\/uploads\/2021\/03\/Probabilidad-transmisio\u0301n-de-FQ-en-padres-portadores-sanos.png 1440w, https:\/\/fibrosisquistica.org\/wp-content\/uploads\/2021\/03\/Probabilidad-transmisio\u0301n-de-FQ-en-padres-portadores-sanos-600x228.png 600w, https:\/\/fibrosisquistica.org\/wp-content\/uploads\/2021\/03\/Probabilidad-transmisio\u0301n-de-FQ-en-padres-portadores-sanos-300x114.png 300w, https:\/\/fibrosisquistica.org\/wp-content\/uploads\/2021\/03\/Probabilidad-transmisio\u0301n-de-FQ-en-padres-portadores-sanos-1024x389.png 1024w, https:\/\/fibrosisquistica.org\/wp-content\/uploads\/2021\/03\/Probabilidad-transmisio\u0301n-de-FQ-en-padres-portadores-sanos-768x292.png 768w\" sizes=\"auto, (max-width: 1440px) 100vw, 1440px\" title=\"\">\n            <\/a>\n          <\/div>\n        <\/div>\n      <\/div>\n      <\/div>\n\t\t<\/div> \n\t<\/div>\n\t<\/div> \n<\/div><\/div><div id=\"fws_69f57971b5209\" data-midnight=\"\" data-column-margin=\"default\" class=\"wpb_row vc_row-fluid vc_row inner_row vc_row-o-equal-height vc_row-flex vc_row-o-content-middle vc_custom_1618311471067\"  style=\"\"><div class=\"row-bg-wrap\"> <div class=\"row-bg\" ><\/div> <\/div><div class=\"row_col_wrap_12_inner col span_12  left\">\n\t<div  class=\"vc_col-sm-6 wpb_column column_container vc_column_container col child_column centered-text no-extra-padding inherit_tablet inherit_phone\"   data-padding-pos=\"all\" data-has-bg-color=\"false\" data-bg-color=\"\" data-bg-opacity=\"1\" data-animation=\"\" data-delay=\"0\" >\n\t\t<div class=\"vc_column-inner\" >\n\t\t<div class=\"wpb_wrapper\">\n\t\t\t<div class=\"img-with-aniamtion-wrap center\" data-max-width=\"100%\" data-max-width-mobile=\"default\" data-shadow=\"none\" data-animation=\"fade-in\" >\n      <div class=\"inner\">\n        <div class=\"hover-wrap\" data-hover-animation=\"zoom\"> \n          <div class=\"hover-wrap-inner\">\n            <a href=\"https:\/\/fibrosisquistica.org\/wp-content\/uploads\/2021\/04\/federacion-espan\u0303ola-fibrosis-quistica-que-es-fibrosis-quistica-genetica-mutaciones.png\" class=\"pp center\">\n              <img loading=\"lazy\" decoding=\"async\" class=\"img-with-animation skip-lazy\" data-delay=\"0\" height=\"1455\" width=\"2426\" data-animation=\"fade-in\" src=\"https:\/\/fibrosisquistica.org\/wp-content\/uploads\/2021\/04\/federacion-espan\u0303ola-fibrosis-quistica-que-es-fibrosis-quistica-genetica-mutaciones.png\" alt=\"\" srcset=\"https:\/\/fibrosisquistica.org\/wp-content\/uploads\/2021\/04\/federacion-espan\u0303ola-fibrosis-quistica-que-es-fibrosis-quistica-genetica-mutaciones.png 2426w, https:\/\/fibrosisquistica.org\/wp-content\/uploads\/2021\/04\/federacion-espan\u0303ola-fibrosis-quistica-que-es-fibrosis-quistica-genetica-mutaciones-600x360.png 600w, https:\/\/fibrosisquistica.org\/wp-content\/uploads\/2021\/04\/federacion-espan\u0303ola-fibrosis-quistica-que-es-fibrosis-quistica-genetica-mutaciones-300x180.png 300w, https:\/\/fibrosisquistica.org\/wp-content\/uploads\/2021\/04\/federacion-espan\u0303ola-fibrosis-quistica-que-es-fibrosis-quistica-genetica-mutaciones-1024x614.png 1024w, https:\/\/fibrosisquistica.org\/wp-content\/uploads\/2021\/04\/federacion-espan\u0303ola-fibrosis-quistica-que-es-fibrosis-quistica-genetica-mutaciones-768x461.png 768w, https:\/\/fibrosisquistica.org\/wp-content\/uploads\/2021\/04\/federacion-espan\u0303ola-fibrosis-quistica-que-es-fibrosis-quistica-genetica-mutaciones-1536x921.png 1536w, https:\/\/fibrosisquistica.org\/wp-content\/uploads\/2021\/04\/federacion-espan\u0303ola-fibrosis-quistica-que-es-fibrosis-quistica-genetica-mutaciones-2048x1228.png 2048w\" sizes=\"auto, (max-width: 2426px) 100vw, 2426px\" title=\"\">\n            <\/a>\n          <\/div>\n        <\/div>\n      <\/div>\n      <\/div>\n\t\t<\/div> \n\t<\/div>\n\t<\/div> \n\n\t<div  class=\"vc_col-sm-6 wpb_column column_container vc_column_container col child_column no-extra-padding inherit_tablet inherit_phone\"   data-padding-pos=\"all\" data-has-bg-color=\"false\" data-bg-color=\"\" data-bg-opacity=\"1\" data-animation=\"\" data-delay=\"0\" >\n\t\t<div class=\"vc_column-inner\" >\n\t\t<div class=\"wpb_wrapper\">\n\t\t\t\n<div class=\"wpb_text_column wpb_content_element\" >\n\t<div class=\"wpb_wrapper\">\n\t\t<h3 class=\"p1\"><span style=\"color: #000000;\">Gen\u00e9tica <strong>de la FQ<\/strong><\/span><\/h3>\n\t<\/div>\n<\/div>\n\n\n\n<div class=\"divider-wrap\" data-alignment=\"default\"><div style=\"margin-top: 12.5px; height: 1px; margin-bottom: 12.5px;\" data-width=\"100%\" data-animate=\"\" data-animation-delay=\"\" data-color=\"accent-color\" class=\"divider-border\"><\/div><\/div>\n<div class=\"wpb_text_column wpb_content_element\" >\n\t<div class=\"wpb_wrapper\">\n\t\t<p class=\"p1\"><span style=\"color: #000000;\">Las mutaciones se han clasificado en cinco clases de acuerdo con la alteraci\u00f3n que se genera en la prote\u00edna CFTR<span class=\"s1\"><br \/>\n<\/span><\/span><\/p>\n\t<\/div>\n<\/div>\n\n\n\n<div class=\"nectar-cta  alignment_tablet_default alignment_phone_default display_tablet_inherit display_phone_inherit\" data-color=\"accent-color\" data-using-bg=\"true\" data-style=\"see-through\" data-display=\"block\" data-alignment=\"left\" data-text-color=\"custom\" ><h6 style=\"color: #000000;\"> <span class=\"text\"> <\/span><span class=\"link_wrap\" style=\"padding-top: 4px; padding-right: 4px; padding-bottom: 4px; padding-left: 4px;\"><a  class=\"link_text\" role=\"button\" href=\"https:\/\/cftr2.org\/\">Conoce m\u00e1s sobre tus mutaciones<span class=\"arrow\"><\/span><\/a><\/span><\/h6><\/div>\n\t\t<\/div> \n\t<\/div>\n\t<\/div> \n<\/div><\/div>\n\t\t\t<\/div> \n\t\t<\/div>\n\t<\/div> \n<\/div><\/div>\n\t\t<div id=\"diagnostico\"  data-column-margin=\"default\" data-midnight=\"dark\" data-top-percent=\"3%\" data-bottom-percent=\"0%\"  class=\"wpb_row vc_row-fluid vc_row vc_row-o-equal-height vc_row-flex vc_row-o-content-middle\"  style=\"padding-top: calc(100vw * 0.03); padding-bottom: calc(100vw * 0.00); \"><div class=\"row-bg-wrap\" data-bg-animation=\"none\" data-bg-animation-delay=\"\" data-bg-overlay=\"false\"><div class=\"inner-wrap row-bg-layer\" ><div class=\"row-bg viewport-desktop\"  style=\"\"><\/div><\/div><\/div><div class=\"row_col_wrap_12 col span_12 dark left\">\n\t<div  class=\"vc_col-sm-6 wpb_column column_container vc_column_container col has-animation padding-3-percent inherit_tablet inherit_phone\"  data-padding-pos=\"all\" data-has-bg-color=\"false\" data-bg-color=\"\" data-bg-opacity=\"1\" data-animation=\"fade-in-from-bottom\" data-delay=\"0\" >\n\t\t<div class=\"vc_column-inner\" >\n\t\t\t<div class=\"wpb_wrapper\">\n\t\t\t\t\n<div class=\"wpb_text_column wpb_content_element\" >\n\t<div class=\"wpb_wrapper\">\n\t\t<h2>\u00bfC\u00f3mo se diagnostica la Fibrosis Qu\u00edstica?<\/h2>\n\t<\/div>\n<\/div>\n\n\n\n<div class=\"divider-wrap\" data-alignment=\"default\"><div style=\"margin-top: 15px; height: 1px; margin-bottom: 15px;\" data-width=\"100%\" data-animate=\"yes\" data-animation-delay=\"\" data-color=\"accent-color\" class=\"divider-border\"><\/div><\/div>\n<div class=\"wpb_text_column wpb_content_element\" >\n\t<div class=\"wpb_wrapper\">\n\t\t<p>Desde 2015 est\u00e1 incluida la Fibrosis Qu\u00edstica en toda Espa\u00f1a dentro la llamada prueba del tal\u00f3n a los reci\u00e9n nacidos o cribado neonatal. El diagn\u00f3stico precoz es clave para conseguir una mayor esperanza de vida y una mejora en la calidad de la misma.<\/p>\n\t<\/div>\n<\/div>\n\n\n\n<div class=\"nectar-cta  alignment_tablet_default alignment_phone_default display_tablet_inherit display_phone_inherit\" data-color=\"default\" data-using-bg=\"false\" data-style=\"arrow-animation\" data-display=\"block\" data-alignment=\"left\" data-text-color=\"custom\" ><h6 style=\"color: #000000;\"><span class=\"link_wrap\" ><a  class=\"link_text\" role=\"button\" href=\"\/en\/hospitales\/\"><span class=\"text\">Hospitales donde se trata la FQ<\/span><svg class=\"next-arrow\" aria-hidden=\"true\" width=\"20px\" height=\"25px\" viewbox=\"0 0 50 80\" xml:space=\"preserve\">\n  <polyline stroke=\"#ffffff\" stroke-width=\"9\" fill=\"none\" stroke-linecap=\"round\" stroke-linejoin=\"round\" points=\"0, 0 45, 40 0, 80\"\/>\n  <\/svg>  <span aria-hidden=\"true\" class=\"line\"  style=\"background-color: #000000;\"><\/span> <\/a><\/span><\/h6><\/div>\n\t\t\t<\/div> \n\t\t<\/div>\n\t<\/div> \n\n\t<div  class=\"vc_col-sm-6 wpb_column column_container vc_column_container col padding-2-percent inherit_tablet inherit_phone\"  data-padding-pos=\"all\" data-has-bg-color=\"false\" data-bg-color=\"\" data-bg-opacity=\"1\" data-animation=\"\" data-delay=\"0\" >\n\t\t<div class=\"vc_column-inner\" >\n\t\t\t<div class=\"wpb_wrapper\">\n\t\t\t\t<div class=\"nectar-video-box\" data-color=\"accent-color\" data-mouse-style=\"default\" data-mouse-icon-color=\"\" data-play-button-size=\"default\" data-border-radius=\"none\" data-hover=\"default\" data-shadow=\"\"><div class=\"inner-wrap\"><a href=\"https:\/\/youtu.be\/WGGA36iq2jE\" class=\"full-link pp\" rel=\"nofollow noopener\" target=\"_blank\"><span class=\"screen-reader-text\">Play Video<\/span><\/a><img loading=\"lazy\" decoding=\"async\" width=\"961\" height=\"494\" src=\"https:\/\/fibrosisquistica.org\/wp-content\/uploads\/2021\/03\/Como-se-detecta-la-fibrosis-quistica.png\" class=\"attachment-full size-full\" alt=\"\" srcset=\"https:\/\/fibrosisquistica.org\/wp-content\/uploads\/2021\/03\/Como-se-detecta-la-fibrosis-quistica.png 961w, https:\/\/fibrosisquistica.org\/wp-content\/uploads\/2021\/03\/Como-se-detecta-la-fibrosis-quistica-600x308.png 600w, https:\/\/fibrosisquistica.org\/wp-content\/uploads\/2021\/03\/Como-se-detecta-la-fibrosis-quistica-300x154.png 300w, https:\/\/fibrosisquistica.org\/wp-content\/uploads\/2021\/03\/Como-se-detecta-la-fibrosis-quistica-768x395.png 768w\" sizes=\"auto, (max-width: 961px) 100vw, 961px\" title=\"\"><a href=\"https:\/\/youtu.be\/WGGA36iq2jE\" data-style=\"default\" data-parent-hover=\"\" data-font-style=\"p\" data-color=\"default\" class=\"play_button_mouse_follow large nectar_video_lightbox pp\" rel=\"nofollow noopener\" target=\"_blank\"><span><span class=\"screen-reader-text\">Play Video<\/span><span class=\"play\"><span class=\"inner-wrap inner\"><svg role=\"none\" version=\"1.1\"\n\t xmlns=\"http:\/\/www.w3.org\/2000\/svg\" xmlns:xlink=\"http:\/\/www.w3.org\/1999\/xlink\" width=\"600px\" height=\"800px\" x=\"0px\" y=\"0px\" viewbox=\"0 0 600 800\" enable-background=\"new 0 0 600 800\" xml:space=\"preserve\"><path fill=\"none\" d=\"M0-1.79v800L600,395L0-1.79z\"><\/path> <\/svg><\/span><\/span><\/span><\/a><\/div><\/div>\n\t\t\t<\/div> \n\t\t<\/div>\n\t<\/div> \n<\/div><\/div>\n\t\t<div id=\"fws_69f57971b6ae1\"  data-column-margin=\"default\" data-midnight=\"dark\"  class=\"wpb_row vc_row-fluid vc_row\"  style=\"padding-top: 0px; padding-bottom: 0px; \"><div class=\"row-bg-wrap\" data-bg-animation=\"none\" data-bg-animation-delay=\"\" data-bg-overlay=\"false\"><div class=\"inner-wrap row-bg-layer\" ><div class=\"row-bg viewport-desktop\"  style=\"\"><\/div><\/div><\/div><div class=\"row_col_wrap_12 col span_12 dark left\">\n\t<div  class=\"vc_col-sm-12 wpb_column column_container vc_column_container col padding-4-percent inherit_tablet inherit_phone\"  data-border-animation=\"true\" data-border-animation-delay=\"\" data-border-width=\"1px\" data-border-style=\"solid\" data-border-color=\"#f2935c\" data-padding-pos=\"all\" data-has-bg-color=\"false\" data-bg-color=\"\" data-bg-opacity=\"1\" data-animation=\"\" data-delay=\"0\" >\n\t\t<div class=\"vc_column-inner\" style=\"border: 1px solid rgba(255,255,255,0); \"><span class=\"border-wrap\" style=\"border-color: #f2935c;\"><span class=\"border-top\"><\/span><span class=\"border-right\"><\/span><span class=\"border-bottom\"><\/span><span class=\"border-left\"><\/span><\/span>\n\t\t\t<div class=\"wpb_wrapper\">\n\t\t\t\t<div class=\"nectar-highlighted-text\" data-style=\"regular_underline\" data-exp=\"default\" data-underline-thickness=\"2px\" data-using-custom-color=\"true\" data-animation-delay=\"false\" data-color=\"#f2935b\" data-color-gradient=\"\" style=\"\"><h3 style=\"text-align: left\">En Espa\u00f1a, el <em>91% de los<\/em> <em>diagn\u00f3sticos<\/em> se hace nada m\u00e1s nacer, gracias al cribado neonatal (prueba del tal\u00f3n) de la FQ.<\/h3>\n<\/div><a class=\"nectar-button large see-through-2\"  role=\"button\" style=\"\"  href=\"https:\/\/fibrosisquistica.org\/wp-content\/uploads\/2021\/04\/Report2018-definitivo-4.pdf\" data-color-override=\"false\" data-hover-color-override=\"false\" data-hover-text-color-override=\"#ffffff\"><span>Registro espa\u00f1ol de Fibrosis Qu\u00edstica<\/span><\/a><a class=\"nectar-button large regular extra-color-1  regular-button\"  role=\"button\" style=\"margin-left: 10px;\"  href=\"https:\/\/www.ecfs.eu\/ecfspr#:~:text=The%20European%20Cystic%20Fibrosis%20Society,agreed%20inclusion%20criteria%20and%20definitions\" data-color-override=\"false\" data-hover-color-override=\"false\" data-hover-text-color-override=\"#fff\"><span>Registro europeo de Fibrosis Qu\u00edstica<\/span><\/a>\n\t\t\t<\/div> \n\t\t<\/div>\n\t<\/div> \n<\/div><\/div>\n\t\t<div id=\"fws_69f57971b7225\"  data-column-margin=\"default\" data-midnight=\"dark\" data-bottom-percent=\"5%\"  class=\"wpb_row vc_row-fluid vc_row vc_row-o-equal-height vc_row-flex vc_row-o-content-middle\"  style=\"padding-top: 0px; padding-bottom: calc(100vw * 0.05); \"><div class=\"row-bg-wrap\" data-bg-animation=\"none\" data-bg-animation-delay=\"\" data-bg-overlay=\"false\"><div class=\"inner-wrap row-bg-layer\" ><div class=\"row-bg viewport-desktop\"  style=\"\"><\/div><\/div><\/div><div class=\"row_col_wrap_12 col span_12 dark left\">\n\t<div  class=\"vc_col-sm-6 wpb_column column_container vc_column_container col centered-text no-extra-padding inherit_tablet inherit_phone\"  data-padding-pos=\"all\" data-has-bg-color=\"false\" data-bg-color=\"\" data-bg-opacity=\"1\" data-animation=\"\" data-delay=\"0\" >\n\t\t<div class=\"vc_column-inner\" >\n\t\t\t<div class=\"wpb_wrapper\">\n\t\t\t\t<div class=\"img-with-aniamtion-wrap\" data-max-width=\"100%\" data-max-width-mobile=\"default\" data-shadow=\"none\" data-animation=\"fade-in\" >\n      <div class=\"inner\">\n        <div class=\"hover-wrap\"> \n          <div class=\"hover-wrap-inner\">\n            <img loading=\"lazy\" decoding=\"async\" class=\"img-with-animation skip-lazy\" data-delay=\"0\" height=\"904\" width=\"1016\" data-animation=\"fade-in\" src=\"https:\/\/fibrosisquistica.org\/wp-content\/uploads\/2021\/03\/federacion-espanola-fibrosis-quistica-Como-se-diagnostica-la-Fibrosis-Qui\u0301stica.jpg\" alt=\"\" srcset=\"https:\/\/fibrosisquistica.org\/wp-content\/uploads\/2021\/03\/federacion-espanola-fibrosis-quistica-Como-se-diagnostica-la-Fibrosis-Qui\u0301stica.jpg 1016w, https:\/\/fibrosisquistica.org\/wp-content\/uploads\/2021\/03\/federacion-espanola-fibrosis-quistica-Como-se-diagnostica-la-Fibrosis-Qui\u0301stica-600x534.jpg 600w, https:\/\/fibrosisquistica.org\/wp-content\/uploads\/2021\/03\/federacion-espanola-fibrosis-quistica-Como-se-diagnostica-la-Fibrosis-Qui\u0301stica-300x267.jpg 300w, https:\/\/fibrosisquistica.org\/wp-content\/uploads\/2021\/03\/federacion-espanola-fibrosis-quistica-Como-se-diagnostica-la-Fibrosis-Qui\u0301stica-768x683.jpg 768w\" sizes=\"auto, (max-width: 1016px) 100vw, 1016px\" title=\"\">\n          <\/div>\n        <\/div>\n      <\/div>\n    <\/div>\n\t\t\t<\/div> \n\t\t<\/div>\n\t<\/div> \n\n\t<div  class=\"vc_col-sm-6 wpb_column column_container vc_column_container col no-extra-padding inherit_tablet inherit_phone\"  data-padding-pos=\"all\" data-has-bg-color=\"false\" data-bg-color=\"\" data-bg-opacity=\"1\" data-animation=\"\" data-delay=\"0\" >\n\t\t<div class=\"vc_column-inner\" >\n\t\t\t<div class=\"wpb_wrapper\">\n\t\t\t\t<div class=\"nectar-icon-list\" data-icon-color=\"accent-color\" data-icon-style=\"border\" data-columns=\"3\" data-direction=\"vertical\" data-icon-size=\"small\" data-animate=\"true\"><div class=\"nectar-icon-list-item\"><div class=\"list-icon-holder\" data-icon_type=\"numerical\"><span>1<\/span><\/div><div class=\"content\"><h4><\/h4>El test del sudor es otro m\u00e9todo para el diagn\u00f3stico de la Fibrosis Qu\u00edstica.<\/div><\/div><div class=\"nectar-icon-list-item\"><div class=\"list-icon-holder\" data-icon_type=\"numerical\"><span>2<\/span><\/div><div class=\"content\"><h4><\/h4>Para la confirmaci\u00f3n de un diagn\u00f3stico son necesarios dos tests fiables en un centro de referencia.<\/div><\/div><div class=\"nectar-icon-list-item\"><div class=\"list-icon-holder\" data-icon_type=\"numerical\"><span>3<\/span><\/div><div class=\"content\"><h4><\/h4>Si los resultados confirman la Fibrosis Qu\u00edstica, se realiza una prueba para analizar el tipo de mutaci\u00f3n del gen.<\/div><\/div><div class=\"nectar-icon-list-item\"><div class=\"list-icon-holder\" data-icon_type=\"numerical\"><span>4<\/span><\/div><div class=\"content\"><h4><\/h4>Deben ser efectuados por personal de laboratorio con experiencia e interpretados por expertos en FQ.<\/div><\/div><\/div>\n\t\t\t<\/div> \n\t\t<\/div>\n\t<\/div> \n<\/div><\/div>\n\t\t<div id=\"tratamiento\"  data-column-margin=\"default\" data-midnight=\"dark\" data-top-percent=\"6%\" data-bottom-percent=\"6%\"  class=\"wpb_row vc_row-fluid vc_row full-width-section vc_row-o-equal-height vc_row-flex vc_row-o-content-middle\"  style=\"padding-top: calc(100vw * 0.06); padding-bottom: calc(100vw * 0.06); \"><div class=\"row-bg-wrap\" data-bg-animation=\"none\" data-bg-animation-delay=\"\" data-bg-overlay=\"true\"><div class=\"inner-wrap row-bg-layer using-image\" ><div class=\"row-bg viewport-desktop using-image using-bg-color\"  style=\"background-image: url(https:\/\/fibrosisquistica.org\/wp-content\/uploads\/2021\/02\/alina-grubnyak-ZiQkhI7417A-unsplash-scaled.jpg); background-position: left top; background-repeat: no-repeat; background-color: #f4f4f4; \"><\/div><\/div><div class=\"row-bg-overlay row-bg-layer\" style=\"background: rgba(244,244,244,0.9); background: linear-gradient(to bottom,rgba(244,244,244,0.9) 0%,#ffffff 100%);  opacity: 1; \"><\/div><\/div><div class=\"row_col_wrap_12 col span_12 dark left\">\n\t<div  class=\"vc_col-sm-12 wpb_column column_container vc_column_container col padding-6-percent inherit_tablet inherit_phone\"  data-padding-pos=\"left-right\" data-has-bg-color=\"false\" data-bg-color=\"\" data-bg-opacity=\"1\" data-animation=\"\" data-delay=\"0\" >\n\t\t<div class=\"vc_column-inner\" >\n\t\t\t<div class=\"wpb_wrapper\">\n\t\t\t\t<div id=\"fws_69f57971b837c\" data-midnight=\"\" data-column-margin=\"default\" class=\"wpb_row vc_row-fluid vc_row inner_row\"  style=\"padding-bottom: 2%; \"><div class=\"row-bg-wrap\"> <div class=\"row-bg\" ><\/div> <\/div><div class=\"row_col_wrap_12_inner col span_12  left\">\n\t<div  class=\"vc_col-sm-2 wpb_column column_container vc_column_container col child_column no-extra-padding inherit_tablet inherit_phone\"   data-padding-pos=\"all\" data-has-bg-color=\"false\" data-bg-color=\"\" data-bg-opacity=\"1\" data-animation=\"\" data-delay=\"0\" >\n\t\t<div class=\"vc_column-inner\" >\n\t\t<div class=\"wpb_wrapper\">\n\t\t\t\n\t\t<\/div> \n\t<\/div>\n\t<\/div> \n\n\t<div  class=\"vc_col-sm-8 wpb_column column_container vc_column_container col child_column centered-text no-extra-padding inherit_tablet inherit_phone\"   data-padding-pos=\"all\" data-has-bg-color=\"false\" data-bg-color=\"\" data-bg-opacity=\"1\" data-animation=\"\" data-delay=\"0\" >\n\t\t<div class=\"vc_column-inner\" >\n\t\t<div class=\"wpb_wrapper\">\n\t\t\t\n<div class=\"wpb_text_column wpb_content_element\" >\n\t<div class=\"wpb_wrapper\">\n\t\t<h2>Tratamientos<\/h2>\n<p>4 pilares fundamentales para el tratamiento de la FQ<\/p>\n<p><a href=\"https:\/\/fibrosisquistica.org\/wp-content\/uploads\/2021\/04\/Consenso-Europeo-sobre-el-tratamiento-de-la-FQ.pdf\">Consulta aqu\u00ed el \u00abConsenso europeo sobre el tratamiento de la FQ\u00bb<\/a><\/p>\n\t<\/div>\n<\/div>\n\n\n\n\n\t\t<\/div> \n\t<\/div>\n\t<\/div> \n\n\t<div  class=\"vc_col-sm-2 wpb_column column_container vc_column_container col child_column no-extra-padding inherit_tablet inherit_phone\"   data-padding-pos=\"all\" data-has-bg-color=\"false\" data-bg-color=\"\" data-bg-opacity=\"1\" data-animation=\"\" data-delay=\"0\" >\n\t\t<div class=\"vc_column-inner\" >\n\t\t<div class=\"wpb_wrapper\">\n\t\t\t\n\t\t<\/div> \n\t<\/div>\n\t<\/div> \n<\/div><\/div><div id=\"fws_69f57971b8a61\" data-midnight=\"\" data-column-margin=\"20px\" class=\"wpb_row vc_row-fluid vc_row inner_row\"  style=\"\"><div class=\"row-bg-wrap\"> <div class=\"row-bg\" ><\/div> <\/div><div class=\"row_col_wrap_12_inner col span_12  left\">\n\t<div  class=\"vc_col-sm-3 wpb_column column_container vc_column_container col child_column has-animation no-extra-padding inherit_tablet inherit_phone\"   data-padding-pos=\"all\" data-has-bg-color=\"false\" data-bg-color=\"\" data-bg-opacity=\"1\" data-animation=\"fade-in-from-bottom\" data-delay=\"0\" >\n\t\t<div class=\"vc_column-inner\" >\n\t\t<div class=\"wpb_wrapper\">\n\t\t\t<div class=\"nectar-fancy-box using-img\" style=\"min-height: 350px\" data-style=\"hover_desc\" data-border-radius=\"5px\" data-animation=\"\" data-bg-animation=\"long_zoom\" data-border=\"\" data-delay=\"\" data-alignment=\"left\" data-color=\"accent-color\" ><div class=\"box-bg\" role=\"presentation\"  data-nectar-img-src=\"https:\/\/fibrosisquistica.org\/wp-content\/uploads\/2021\/03\/federacion-espanola-fibrosis-quistica-tratamiento-fibrosis-quistica-Antibioterapia-3.jpg\"><\/div><div class=\"inner\"><div class=\"heading-wrap\"><span class=\"im-icon-wrap\" data-color=\"accent-color\"><span><svg role=\"presentation\" version=\"1.1\" xmlns=\"http:\/\/www.w3.org\/2000\/svg\" width=\"34\" height=\"34\" viewbox=\"0 0 32 32\">\n        <path d=\"M23.333 32h-14.667c-1.471 0-2.667-1.195-2.667-2.667v-23.333c0-0.367 0.299-0.667 0.667-0.667h18.667c0.367 0 0.667 0.3 0.667 0.667v23.333c0 1.472-1.195 2.667-2.667 2.667zM7.333 6.667v22.667c0 0.736 0.599 1.333 1.333 1.333h14.667c0.735 0 1.333-0.597 1.333-1.333v-22.667h-17.333zM24 6.667h-16c-0.368 0-0.667-0.3-0.667-0.667v-5.333c0-0.367 0.299-0.667 0.667-0.667h16c0.367 0 0.667 0.3 0.667 0.667v5.333c0 0.367-0.3 0.667-0.667 0.667zM8.667 5.333h14.667v-4h-14.667v4zM10 2.667h1.333v1.333h-1.333v-1.333zM12.667 2.667h1.333v1.333h-1.333v-1.333zM15.333 2.667h1.333v1.333h-1.333v-1.333zM18 2.667h1.333v1.333h-1.333v-1.333zM20.667 2.667h1.333v1.333h-1.333v-1.333zM19.333 17.333h-2.667v-2.667h-1.333v2.667h-2.667v1.333h2.667v2.667h1.333v-2.667h2.667z\"><\/path>\n        <\/svg><\/span><\/span>\n<h3>Antibio-<br \/>\nterapia<\/h3>\n<\/div><div class=\"hover-content\">Para tratar infecciones e inflamaci\u00f3n respiratoria<\/div><\/div>  <a target=\"_blank\" href=\"\/en\/tratamiento-fibrosis-quistica\/#antibioterapia\" class=\"box-link\"><\/a> <\/div>\n\t\t<\/div> \n\t<\/div>\n\t<\/div> \n\n\t<div  class=\"vc_col-sm-3 wpb_column column_container vc_column_container col child_column has-animation no-extra-padding inherit_tablet inherit_phone\"   data-padding-pos=\"all\" data-has-bg-color=\"false\" data-bg-color=\"\" data-bg-opacity=\"1\" data-animation=\"fade-in-from-bottom\" data-delay=\"100\" >\n\t\t<div class=\"vc_column-inner\" >\n\t\t<div class=\"wpb_wrapper\">\n\t\t\t<div class=\"nectar-fancy-box using-img\" style=\"min-height: 350px\" data-style=\"hover_desc\" data-border-radius=\"5px\" data-animation=\"\" data-bg-animation=\"long_zoom\" data-border=\"\" data-delay=\"\" data-alignment=\"left\" data-color=\"accent-color\" ><div class=\"box-bg\" role=\"presentation\"  data-nectar-img-src=\"https:\/\/fibrosisquistica.org\/wp-content\/uploads\/2021\/03\/federacion-espanola-fibrosis-quistica-tratamiento-fibrosis-quistica-fisioterapia-respiratoria.jpg\"><\/div><div class=\"inner\"><div class=\"heading-wrap\"><span class=\"im-icon-wrap\" data-color=\"accent-color\"><span><svg role=\"presentation\" version=\"1.1\" xmlns=\"http:\/\/www.w3.org\/2000\/svg\" width=\"34\" height=\"34\" viewbox=\"0 0 32 32\">\n        <path d=\"M22.672 27.851c-0.284 0-0.548-0.183-0.639-0.469-0.109-0.351 0.087-0.725 0.439-0.835 3.659-1.14 6.591-3.408 8.101-6.245-0.719-1.249-3.277-5.783-3.724-7.716-0.581-2.52-1.509-4.787-2.685-6.552-0.204-0.307-0.12-0.721 0.187-0.924 0.305-0.205 0.719-0.121 0.924 0.185 1.281 1.928 2.249 4.281 2.873 6.993 0.385 1.669 2.845 6.096 3.759 7.661 0.112 0.193 0.121 0.428 0.025 0.629-1.619 3.309-4.92 5.952-9.063 7.245-0.065 0.017-0.132 0.027-0.197 0.027zM9.471 27.893c-0.064 0-0.129-0.009-0.193-0.028-4.215-1.277-7.571-3.933-9.209-7.288-0.097-0.199-0.089-0.436 0.024-0.631 0.033-0.057 3.297-5.651 3.759-7.661 0.631-2.737 1.611-5.108 2.909-7.045 0.205-0.305 0.621-0.388 0.925-0.183 0.305 0.204 0.388 0.619 0.183 0.924-1.191 1.777-2.131 4.061-2.719 6.604-0.445 1.932-3.005 6.469-3.724 7.716 1.529 2.873 4.513 5.152 8.24 6.285 0.352 0.105 0.552 0.476 0.444 0.832-0.088 0.289-0.355 0.475-0.639 0.475zM16.055 32c-6.189 0-10.667-8.801-10.667-14.735v-2.599c0-0.368 0.299-0.667 0.667-0.667 0.367 0 0.667 0.299 0.667 0.667v2.599c0 5.271 4.008 13.401 9.333 13.401s9.333-8.131 9.333-13.401v-2.599c0-0.368 0.299-0.667 0.667-0.667 0.367 0 0.667 0.299 0.667 0.667v2.599c0 5.933-4.479 14.735-10.667 14.735zM6.055 15.333c-0.368 0-0.667-0.299-0.667-0.667s0.299-0.667 0.667-0.667c3.588 0 6-3.103 6-6 0-0.368 0.299-0.667 0.667-0.667 0.367 0 0.667 0.299 0.667 0.667 0 3.541-2.947 7.333-7.333 7.333zM26.055 15.333c-7.588 0-14-3.36-14-7.333 0-0.368 0.299-0.667 0.667-0.667 0.367 0 0.667 0.299 0.667 0.667 0 2.832 5.417 6 12.667 6 0.367 0 0.667 0.299 0.667 0.667s-0.3 0.667-0.667 0.667zM24.721 8h-17.333c-0.368 0-0.667-0.299-0.667-0.667v-6.667c0-0.368 0.299-0.667 0.667-0.667h17.333c0.367 0 0.667 0.299 0.667 0.667v6.667c0 0.368-0.3 0.667-0.667 0.667zM8.055 6.667h16v-5.333h-16v5.333z\"><\/path>\n        <\/svg><\/span><\/span>\n<h3>Fisioterapia respiratoria<\/h3>\n<\/div><div class=\"hover-content\">Para eliminar la acumulaci\u00f3n de moco y mantener una adecuada funci\u00f3n pulmonar.<\/div><\/div>  <a target=\"_blank\" href=\"\/en\/tratamiento-fibrosis-quistica\/#fisioterapia\" class=\"box-link\"><\/a> <\/div>\n\t\t<\/div> \n\t<\/div>\n\t<\/div> \n\n\t<div  class=\"vc_col-sm-3 wpb_column column_container vc_column_container col child_column has-animation no-extra-padding inherit_tablet inherit_phone\"   data-padding-pos=\"all\" data-has-bg-color=\"false\" data-bg-color=\"\" data-bg-opacity=\"1\" data-animation=\"fade-in-from-bottom\" data-delay=\"200\" >\n\t\t<div class=\"vc_column-inner\" >\n\t\t<div class=\"wpb_wrapper\">\n\t\t\t<div class=\"nectar-fancy-box using-img\" style=\"min-height: 350px\" data-style=\"hover_desc\" data-border-radius=\"5px\" data-animation=\"\" data-bg-animation=\"long_zoom\" data-border=\"\" data-delay=\"\" data-alignment=\"left\" data-color=\"accent-color\" ><div class=\"box-bg\" role=\"presentation\"  data-nectar-img-src=\"https:\/\/fibrosisquistica.org\/wp-content\/uploads\/2021\/03\/federacion-espanola-fibrosis-quistica-tratamiento-fibrosis-quistica-nutricion-thin-1.jpg\"><\/div><div class=\"inner\"><div class=\"heading-wrap\"><span class=\"im-icon-wrap\" data-color=\"accent-color\"><span><svg role=\"presentation\" version=\"1.1\" xmlns=\"http:\/\/www.w3.org\/2000\/svg\" width=\"34\" height=\"34\" viewbox=\"0 0 32 32\">\n        <path d=\"M22.788 29.888h-1.576c-2.635 0-4.923-0.772-6.448-2.173-0.271-0.251-0.288-0.671-0.039-0.943 0.251-0.272 0.671-0.288 0.943-0.040 1.276 1.175 3.247 1.821 5.544 1.821h1.576c3.487 0 7.212-1.544 7.212-5.879 0-4.041-3.305-7.455-7.212-7.455h-1.576c-1.744 0-3.435 0.675-4.763 1.901-0.269 0.251-0.692 0.233-0.941-0.037s-0.233-0.693 0.037-0.943c1.575-1.455 3.587-2.253 5.667-2.253h1.576c4.635 0 8.545 4.024 8.545 8.788 0 4.381-3.355 7.212-8.545 7.212zM22.788 14.917c-0.171 0-0.341-0.065-0.472-0.195-0.257-0.26-0.257-0.683 0-0.943l3.151-3.151c0.26-0.26 0.683-0.26 0.943 0s0.26 0.683 0 0.943l-3.151 3.152c-0.128 0.131-0.3 0.193-0.471 0.193zM9.709 29.888h-1.397c-4.644 0-7.645-3.036-7.645-7.736 0-4.692 3.047-16.264 7.645-16.264h1.397c4.597 0 7.644 11.573 7.644 16.264 0.004 4.7-2.999 7.736-7.644 7.736zM8.312 7.221c-3.143 0-6.312 10.237-6.312 14.931 0 4.721 3.26 6.403 6.312 6.403h1.397c3.051 0 6.311-1.681 6.311-6.403 0-4.695-3.169-14.931-6.311-14.931h-1.397zM9.861 6.857c-0.169 0-0.341-0.065-0.472-0.195-0.259-0.26-0.259-0.683 0-0.943l3.416-3.413c0.257-0.259 0.683-0.259 0.943 0 0.257 0.26 0.257 0.684 0 0.943l-3.416 3.413c-0.129 0.129-0.299 0.195-0.471 0.195zM21.417 13.343c-0.052 0-0.107-0.007-0.159-0.020-1.989-0.495-3.503-1.561-4.253-3.003-0.699-1.343-0.728-2.941-0.084-4.629 0.115-0.295 0.409-0.471 0.729-0.419 4.577 0.737 4.472 5.765 4.435 7.417-0.003 0.203-0.099 0.392-0.259 0.517-0.124 0.088-0.265 0.136-0.409 0.136zM17.981 6.712c-0.311 1.111-0.248 2.136 0.2 2.992 0.472 0.903 1.365 1.62 2.568 2.071-0.052-2.168-0.541-4.407-2.768-5.063z\"><\/path>\n        <\/svg><\/span><\/span>\n<h3>Nutrici\u00f3n adecuada<\/h3>\n<\/div><div class=\"hover-content\">Suplementada con enzimas pancre\u00e1ticas, si es necesario, para una correcta absorci\u00f3n de las grasas vitaminas.<\/div><\/div>  <a target=\"_blank\" href=\"\/en\/tratamiento-fibrosis-quistica\/#nutricion\" class=\"box-link\"><\/a> <\/div>\n\t\t<\/div> \n\t<\/div>\n\t<\/div> \n\n\t<div  class=\"vc_col-sm-3 wpb_column column_container vc_column_container col child_column has-animation no-extra-padding inherit_tablet inherit_phone\"   data-padding-pos=\"all\" data-has-bg-color=\"false\" data-bg-color=\"\" data-bg-opacity=\"1\" data-animation=\"fade-in-from-bottom\" data-delay=\"300\" >\n\t\t<div class=\"vc_column-inner\" >\n\t\t<div class=\"wpb_wrapper\">\n\t\t\t<div class=\"nectar-fancy-box using-img\" style=\"min-height: 350px\" data-style=\"hover_desc\" data-border-radius=\"5px\" data-animation=\"\" data-bg-animation=\"long_zoom\" data-border=\"\" data-delay=\"\" data-alignment=\"left\" data-color=\"accent-color\" ><div class=\"box-bg\" role=\"presentation\"  data-nectar-img-src=\"https:\/\/fibrosisquistica.org\/wp-content\/uploads\/2021\/03\/federacion-espanola-fibrosis-quistica-tratamiento-fibrosis-quistica-ejercicio-fi\u0301sico-1.jpg\"><\/div><div class=\"inner\"><div class=\"heading-wrap\"><span class=\"im-icon-wrap\" data-color=\"accent-color\"><span><svg role=\"presentation\" version=\"1.1\" xmlns=\"http:\/\/www.w3.org\/2000\/svg\" width=\"34\" height=\"34\" viewbox=\"0 0 32 32\">\n        <path d=\"M30.999 28.388h-11.997c-0.175 0-0.343-0.071-0.469-0.193l-17-16.693c-0.127-0.125-0.199-0.301-0.197-0.481s0.079-0.353 0.208-0.475c0.049-0.048 5.071-4.804 5.9-5.633 1.075-1.075 2.035-1.3 2.655-1.3 0.716 0 1.388 0.3 1.891 0.841 0.636 0.685 0.953 1.685 0.873 2.747-0.063 0.813 0.281 1.636 1.024 2.433 1.524 1.639 4.208 2.655 5.828 2.655l0.156-0.004c0.273 0.016 0.525 0.141 0.637 0.393 0.556 1.235 2.208 4.9 3.619 9.041h3.407c2.281 0 4.139 1.855 4.139 4.136v1.864c-0.005 0.369-0.305 0.669-0.672 0.669zM19.273 27.055h11.059v-1.197c0-1.544-1.255-2.803-2.803-2.803h-3.885c-0.287 0-0.541-0.185-0.636-0.456-1.295-3.885-2.852-7.429-3.544-8.981-1.945-0.089-4.845-1.227-6.56-3.077-0.987-1.071-1.467-2.257-1.375-3.443 0.052-0.681-0.141-1.328-0.523-1.737-0.173-0.189-0.472-0.415-0.912-0.415-0.527 0-1.12 0.313-1.712 0.909-0.693 0.695-4.116 3.941-5.42 5.181l16.311 16.019zM30.925 25.836l-11.607-0.003-15.876-15.935 0.945-0.94 15.485 15.541 11.052 0.003zM12.863 19.099c-0.271 0-0.528-0.167-0.625-0.435-0.131-0.347 0.045-0.729 0.393-0.857l8.14-3.013c0.348-0.131 0.729 0.049 0.86 0.393 0.128 0.349-0.049 0.732-0.393 0.86l-8.143 3.011c-0.075 0.028-0.155 0.041-0.232 0.041zM14.749 20.984c-0.273 0-0.528-0.169-0.628-0.44-0.125-0.347 0.056-0.729 0.404-0.857l7.161-2.579c0.344-0.12 0.727 0.055 0.852 0.404 0.128 0.347-0.055 0.727-0.401 0.852l-7.161 2.581c-0.076 0.027-0.152 0.039-0.227 0.039zM16.635 22.872c-0.268 0-0.523-0.164-0.624-0.432-0.131-0.344 0.043-0.729 0.388-0.86l5.148-1.951c0.343-0.131 0.728 0.041 0.861 0.388 0.131 0.344-0.044 0.729-0.388 0.86l-5.148 1.951c-0.079 0.032-0.16 0.044-0.237 0.044zM3.665 19.055h-2.667c-0.367 0-0.667-0.3-0.667-0.667s0.3-0.667 0.667-0.667h2.667c0.367 0 0.667 0.3 0.667 0.667s-0.3 0.667-0.667 0.667zM6.332 21.721h-5.333c-0.367 0-0.667-0.3-0.667-0.667s0.3-0.667 0.667-0.667h5.333c0.367 0 0.667 0.3 0.667 0.667s-0.3 0.667-0.667 0.667zM8.999 24.388h-8c-0.367 0-0.667-0.3-0.667-0.667s0.3-0.667 0.667-0.667h8c0.367 0 0.667 0.3 0.667 0.667s-0.3 0.667-0.667 0.667z\"><\/path>\n        <\/svg><\/span><\/span>\n<h3>Ejercicio F\u00edsico<\/h3>\n<\/div><div class=\"hover-content\">Para fortalecer y mantener una mejor condici\u00f3n f\u00edsica y ps\u00edquica de la persona con FQ<\/div><\/div>  <a target=\"_blank\" href=\"\/en\/tratamiento-fibrosis-quistica\/#ejercicio\" class=\"box-link\"><\/a> <\/div>\n\t\t<\/div> \n\t<\/div>\n\t<\/div> \n<\/div><\/div>\n\t\t\t<\/div> \n\t\t<\/div>\n\t<\/div> \n<\/div><\/div>\n\t\t<div id=\"moduladores\"  data-column-margin=\"30px\" data-midnight=\"dark\" data-top-percent=\"2%\" data-bottom-percent=\"5%\"  class=\"wpb_row vc_row-fluid vc_row vc_row-o-equal-height vc_row-flex vc_row-o-content-top\"  style=\"padding-top: calc(100vw * 0.02); padding-bottom: calc(100vw * 0.05); \"><div class=\"row-bg-wrap\" data-bg-animation=\"none\" data-bg-animation-delay=\"\" data-bg-overlay=\"true\"><div class=\"inner-wrap row-bg-layer\" ><div class=\"row-bg viewport-desktop\"  style=\"\"><\/div><\/div><div class=\"row-bg-overlay row-bg-layer\" style=\"background-color:transparent;  opacity: 0.8; \"><\/div><\/div><div class=\"row_col_wrap_12 col span_12 dark left\">\n\t<div  class=\"vc_col-sm-6 wpb_column column_container vc_column_container col no-extra-padding inherit_tablet inherit_phone\"  data-padding-pos=\"all\" data-has-bg-color=\"false\" data-bg-color=\"\" data-bg-opacity=\"1\" data-animation=\"\" data-delay=\"0\" >\n\t\t<div class=\"vc_column-inner\" >\n\t\t\t<div class=\"wpb_wrapper\">\n\t\t\t\t\n<div class=\"wpb_text_column wpb_content_element\" >\n\t<div class=\"wpb_wrapper\">\n\t\t<h3 style=\"text-align: left;\">Moduladores de<br \/>\n<strong>la prote\u00edna CFTR<\/strong><\/h3>\n\t<\/div>\n<\/div>\n\n\n\n<div class=\"divider-wrap\" data-alignment=\"default\"><div style=\"margin-top: 12.5px; height: 1px; margin-bottom: 12.5px;\" data-width=\"100%\" data-animate=\"\" data-animation-delay=\"\" data-color=\"accent-color\" class=\"divider-border\"><\/div><\/div>\n<div class=\"wpb_text_column wpb_content_element\" >\n\t<div class=\"wpb_wrapper\">\n\t\t<p><span style=\"font-weight: 400;\">A estos cuatro pilares fundamentales, se han sumado en los \u00faltimos a\u00f1os los tratamientos con medicamentos moduladores de la prote\u00edna CFTR.<\/span><\/p>\n\t<\/div>\n<\/div>\n\n\n\n\n<div class=\"wpb_text_column wpb_content_element\" >\n\t<div class=\"wpb_wrapper\">\n\t\t<p><span style=\"font-weight: 400;\">Son unos medicamentos innovadores que tratan la causa subyacente de la Fibrosis Qu\u00edstica y no sus s\u00edntomas, frenando el deterioro que produce la enfermedad.<\/span><\/p>\n\t<\/div>\n<\/div>\n\n\n\n\n\t\t\t<\/div> \n\t\t<\/div>\n\t<\/div> \n\n\t<div  class=\"vc_col-sm-6 wpb_column column_container vc_column_container col padding-3-percent inherit_tablet inherit_phone\"  data-padding-pos=\"left-right\" data-has-bg-color=\"false\" data-bg-color=\"\" data-bg-opacity=\"1\" data-animation=\"\" data-delay=\"0\" >\n\t\t<div class=\"vc_column-inner\" >\n\t\t\t<div class=\"wpb_wrapper\">\n\t\t\t\t\n<div class=\"wpb_text_column wpb_content_element\" >\n\t<div class=\"wpb_wrapper\">\n\t\t<p><strong>De momento en Espa\u00f1a est\u00e1n aprobados y financiados por el SNS los medicamentos:<\/strong><\/p>\n\t<\/div>\n<\/div>\n\n\n\n<div class=\"toggles\" data-br=\"\" data-starting=\"default\" data-style=\"minimal\"><div class=\"toggle default\" data-inner-wrap=\"true\"><h3 class=\"toggle-title\"><a href=\"#\" role=\"button\" class=\"toggle-heading\"><i role=\"presentation\" class=\"fa fa-plus-circle\"><\/i>KALYDECO<\/a><\/h3><div><div class=\"inner-toggle-wrap\">\n<div class=\"wpb_text_column wpb_content_element\" >\n\t<div class=\"wpb_wrapper\">\n\t\t<p>Indicado para personas con FQ de 4 meses de edad, con al menos una de nueve mutaciones espec\u00edficas: <strong>G551D, G1244E,<br \/>\nG1349D, G178R, G551S, S1251N, S1255P, S549N\u00a0y\u00a0S549R<\/strong>.<\/p>\n<p>Tambi\u00e9n para la mutaci\u00f3n\u00a0<strong>R117H<\/strong>\u00a0en personas mayores de 18 a\u00f1os<\/p>\n<p>Principios activos: <strong>Ivacaftor<\/strong><\/p>\n\t<\/div>\n<\/div>\n\n\n\n<div class=\"nectar-cta  alignment_tablet_default alignment_phone_default display_tablet_inherit display_phone_inherit\" data-color=\"default\" data-using-bg=\"false\" data-style=\"arrow-animation\" data-display=\"block\" data-alignment=\"left\" data-text-color=\"custom\" ><h6 style=\"color: #000000;\"><span class=\"link_wrap\" ><a  class=\"link_text\" role=\"button\" href=\"https:\/\/cima.aemps.es\/cima\/dochtml\/ft\/112782001\/FT_112782001.html\"><span class=\"text\">Ficha t\u00e9cnica AEMPS<\/span><svg class=\"next-arrow\" aria-hidden=\"true\" width=\"20px\" height=\"25px\" viewbox=\"0 0 50 80\" xml:space=\"preserve\">\n  <polyline stroke=\"#ffffff\" stroke-width=\"9\" fill=\"none\" stroke-linecap=\"round\" stroke-linejoin=\"round\" points=\"0, 0 45, 40 0, 80\"\/>\n  <\/svg>  <span aria-hidden=\"true\" class=\"line\"  style=\"background-color: #000000;\"><\/span> <\/a><\/span><\/h6><\/div><\/div><\/div><\/div><div class=\"toggle default\" data-inner-wrap=\"true\"><h3 class=\"toggle-title\"><a href=\"#\" role=\"button\" class=\"toggle-heading\"><i role=\"presentation\" class=\"fa fa-plus-circle\"><\/i>ORKAMBI<\/a><\/h3><div><div class=\"inner-toggle-wrap\">\n<div class=\"wpb_text_column wpb_content_element\" >\n\t<div class=\"wpb_wrapper\">\n\t\t<p>Indicado para personas con FQ a partir de 1 a\u00f1o con dos copias de la mutaci\u00f3n <strong>F508del<\/strong><\/p>\n<p>Principios activos:\u00a0<strong>Ivacaftor\u00a0<\/strong>\/ <strong>L<\/strong><strong>umacaftor<\/strong><\/p>\n\t<\/div>\n<\/div>\n\n\n\n<div class=\"nectar-cta  alignment_tablet_default alignment_phone_default display_tablet_inherit display_phone_inherit\" data-color=\"default\" data-using-bg=\"false\" data-style=\"arrow-animation\" data-display=\"block\" data-alignment=\"left\" data-text-color=\"custom\" ><h6 style=\"color: #000000;\"><span class=\"link_wrap\" ><a  class=\"link_text\" role=\"button\" href=\"https:\/\/cima.aemps.es\/cima\/dochtml\/ft\/1151059006\/FT_1151059006.html\"><span class=\"text\">Ficha t\u00e9cnica AEMPS<\/span><svg class=\"next-arrow\" aria-hidden=\"true\" width=\"20px\" height=\"25px\" viewbox=\"0 0 50 80\" xml:space=\"preserve\">\n  <polyline stroke=\"#ffffff\" stroke-width=\"9\" fill=\"none\" stroke-linecap=\"round\" stroke-linejoin=\"round\" points=\"0, 0 45, 40 0, 80\"\/>\n  <\/svg>  <span aria-hidden=\"true\" class=\"line\"  style=\"background-color: #000000;\"><\/span> <\/a><\/span><\/h6><\/div><\/div><\/div><\/div><div class=\"toggle default\" data-inner-wrap=\"true\"><h3 class=\"toggle-title\"><a href=\"#\" role=\"button\" class=\"toggle-heading\"><i role=\"presentation\" class=\"fa fa-plus-circle\"><\/i>SYMKEVI<\/a><\/h3><div><div class=\"inner-toggle-wrap\">\n<div class=\"wpb_text_column wpb_content_element\" >\n\t<div class=\"wpb_wrapper\">\n\t\t<p>Indicado para personas con FQ a partir de 2 a\u00f1os con dos copias de la mutaci\u00f3n <strong>F508del<\/strong>, as\u00ed como personas con una sola copia\u00a0<strong>F508del<\/strong>\u00a0m\u00e1s una de las siguientes 14 mutaciones de funci\u00f3n residual:\u00a0<strong>P67L, R117C, L206W, R352Q, A455E, D579G, 711 + 3A \u2192 G, S945L, S977F, R1070W, D1152H, 2789 + 5G \u2192 A, 3272-26A \u2192 G, y 3849 + 10kbC \u2192 T)<\/strong><\/p>\n<p>Principios activos:\u00a0<strong>Ivacaftor\u00a0<\/strong>\/ <strong>T<\/strong><strong>ezacaftor<\/strong><\/p>\n\t<\/div>\n<\/div>\n\n\n\n<div class=\"nectar-cta  alignment_tablet_default alignment_phone_default display_tablet_inherit display_phone_inherit\" data-color=\"default\" data-using-bg=\"false\" data-style=\"arrow-animation\" data-display=\"block\" data-alignment=\"left\" data-text-color=\"custom\" ><h6 style=\"color: #000000;\"><span class=\"link_wrap\" ><a  class=\"link_text\" role=\"button\" href=\"https:\/\/cima.aemps.es\/cima\/dochtml\/ft\/1181306001\/FT_1181306001.html\"><span class=\"text\">Ficha t\u00e9cnica AEMPS<\/span><svg class=\"next-arrow\" aria-hidden=\"true\" width=\"20px\" height=\"25px\" viewbox=\"0 0 50 80\" xml:space=\"preserve\">\n  <polyline stroke=\"#ffffff\" stroke-width=\"9\" fill=\"none\" stroke-linecap=\"round\" stroke-linejoin=\"round\" points=\"0, 0 45, 40 0, 80\"\/>\n  <\/svg>  <span aria-hidden=\"true\" class=\"line\"  style=\"background-color: #000000;\"><\/span> <\/a><\/span><\/h6><\/div><\/div><\/div><\/div><\/div>\n\n\n\n\n\n\n\n\n\n\n\n\n\n\n\n\n\n\n\n<div class=\"toggles\" data-br=\"\" data-starting=\"default\" data-style=\"minimal\"><div class=\"toggle extra-color-3\" data-inner-wrap=\"true\"><h3 class=\"toggle-title\"><a href=\"#\" role=\"button\" class=\"toggle-heading\"><i role=\"presentation\" class=\"fa fa-plus-circle\"><\/i>KAFTRIO<\/a><\/h3><div><div class=\"inner-toggle-wrap\">\n<div class=\"wpb_text_column wpb_content_element\" >\n\t<div class=\"wpb_wrapper\">\n\t\t<p>Indicado para personas con FQ de 2 a\u00f1os en adelante con una mutaci\u00f3n <strong>F508del<\/strong> y una mutaci\u00f3n de funci\u00f3n m\u00ednima (MF) o dos mutaciones <strong>F508del<\/strong><\/p>\n<p>Principios activos: <strong>Ivacaftor <\/strong>\/\u00a0<strong>Tezacaftor\u00a0<\/strong>\/\u00a0<strong>Elexacaftor<\/strong><\/p>\n\t<\/div>\n<\/div>\n\n\n\n<div class=\"nectar-cta  alignment_tablet_default alignment_phone_default display_tablet_inherit display_phone_inherit\" data-color=\"default\" data-using-bg=\"false\" data-style=\"arrow-animation\" data-display=\"block\" data-alignment=\"left\" data-text-color=\"custom\" ><h6 style=\"color: #000000;\"><span class=\"link_wrap\" ><a  class=\"link_text\" role=\"button\" href=\"https:\/\/cima.aemps.es\/cima\/dochtml\/ft\/1201468001\/FT_1201468001.html\"><span class=\"text\">Ficha t\u00e9cnica AEMPS<\/span><svg class=\"next-arrow\" aria-hidden=\"true\" width=\"20px\" height=\"25px\" viewbox=\"0 0 50 80\" xml:space=\"preserve\">\n  <polyline stroke=\"#ffffff\" stroke-width=\"9\" fill=\"none\" stroke-linecap=\"round\" stroke-linejoin=\"round\" points=\"0, 0 45, 40 0, 80\"\/>\n  <\/svg>  <span aria-hidden=\"true\" class=\"line\"  style=\"background-color: #000000;\"><\/span> <\/a><\/span><\/h6><\/div><\/div><\/div><\/div><\/div>\n\n\n\n\n\n\n\n\n\n\n\n\n\n\n\n\n\n\n\n\n\t\t\t<\/div> \n\t\t<\/div>\n\t<\/div> \n<\/div><\/div>\n\t\t<div id=\"trasplante\"  data-column-margin=\"default\" data-midnight=\"dark\" data-top-percent=\"7%\"  class=\"wpb_row vc_row-fluid vc_row full-width-section vc_row-o-equal-height vc_row-flex vc_row-o-content-bottom\"  style=\"padding-top: calc(100vw * 0.07); padding-bottom: 0px; \"><div class=\"row-bg-wrap\" data-bg-animation=\"none\" data-bg-animation-delay=\"\" data-bg-overlay=\"true\"><div class=\"inner-wrap row-bg-layer using-image\" ><div class=\"row-bg viewport-desktop using-image\"  style=\"background-image: url(https:\/\/fibrosisquistica.org\/wp-content\/uploads\/2021\/01\/Artboard-16.png); background-position: center top; background-repeat: no-repeat; \"><\/div><\/div><div class=\"row-bg-overlay row-bg-layer\" style=\"background: #e0eae4; background: linear-gradient(to bottom,#e0eae4 0%,#ffffff 100%);  opacity: 0.8; \"><\/div><\/div><div class=\"row_col_wrap_12 col span_12 dark left\">\n\t<div  class=\"vc_col-sm-6 wpb_column column_container vc_column_container col has-animation padding-3-percent inherit_tablet inherit_phone\"  data-padding-pos=\"left-right\" data-has-bg-color=\"false\" data-bg-color=\"\" data-bg-opacity=\"1\" data-animation=\"fade-in-from-bottom\" data-delay=\"0\" >\n\t\t<div class=\"vc_column-inner\" >\n\t\t\t<div class=\"wpb_wrapper\">\n\t\t\t\t\n<div class=\"wpb_text_column wpb_content_element\" >\n\t<div class=\"wpb_wrapper\">\n\t\t<h2>Trasplante<br \/>\npulmonar<\/h2>\n\t<\/div>\n<\/div>\n\n\n\n<div class=\"divider-wrap\" data-alignment=\"default\"><div style=\"margin-top: 12.5px; height: 1px; margin-bottom: 12.5px;\" data-width=\"100%\" data-animate=\"yes\" data-animation-delay=\"\" data-color=\"accent-color\" class=\"divider-border\"><\/div><\/div>\n\t\t\t<\/div> \n\t\t<\/div>\n\t<\/div> \n\n\t<div  class=\"vc_col-sm-6 wpb_column column_container vc_column_container col no-extra-padding inherit_tablet inherit_phone\"  data-padding-pos=\"all\" data-has-bg-color=\"false\" data-bg-color=\"\" data-bg-opacity=\"1\" data-animation=\"\" data-delay=\"0\" >\n\t\t<div class=\"vc_column-inner\" >\n\t\t\t<div class=\"wpb_wrapper\">\n\t\t\t\t\n\t\t\t<\/div> \n\t\t<\/div>\n\t<\/div> \n<\/div><\/div>\n\t\t<div id=\"fws_69f57971bc7f3\"  data-column-margin=\"default\" data-midnight=\"dark\"  class=\"wpb_row vc_row-fluid vc_row vc_row-o-equal-height vc_row-flex vc_row-o-content-middle\"  style=\"padding-top: 0px; padding-bottom: 0px; \"><div class=\"row-bg-wrap\" data-bg-animation=\"none\" data-bg-animation-delay=\"\" data-bg-overlay=\"false\"><div class=\"inner-wrap row-bg-layer\" ><div class=\"row-bg viewport-desktop\"  style=\"\"><\/div><\/div><\/div><div class=\"row_col_wrap_12 col span_12 dark left\">\n\t<div  class=\"vc_col-sm-12 wpb_column column_container vc_column_container col padding-4-percent inherit_tablet inherit_phone\"  data-padding-pos=\"left-right\" data-has-bg-color=\"false\" data-bg-color=\"\" data-bg-opacity=\"1\" data-animation=\"\" data-delay=\"0\" >\n\t\t<div class=\"vc_column-inner\" >\n\t\t\t<div class=\"wpb_wrapper\">\n\t\t\t\t<div id=\"fws_69f57971bcba0\" data-midnight=\"\" data-column-margin=\"default\" class=\"wpb_row vc_row-fluid vc_row inner_row\"  style=\"\"><div class=\"row-bg-wrap\"> <div class=\"row-bg\" ><\/div> <\/div><div class=\"row_col_wrap_12_inner col span_12  left\">\n\t<div  class=\"vc_col-sm-6 wpb_column column_container vc_column_container col child_column padding-4-percent inherit_tablet inherit_phone\"   data-padding-pos=\"top-bottom\" data-has-bg-color=\"false\" data-bg-color=\"\" data-bg-opacity=\"1\" data-animation=\"\" data-delay=\"0\" >\n\t\t<div class=\"vc_column-inner\" >\n\t\t<div class=\"wpb_wrapper\">\n\t\t\t\n<div class=\"wpb_text_column wpb_content_element\" >\n\t<div class=\"wpb_wrapper\">\n\t\t<h3>En Espa\u00f1a, aproximadamente <strong>el\u00a010% <\/strong>de personas con Fibrosis Qu\u00edstica ha recibido un trasplante pulmonar<\/h3>\n\t<\/div>\n<\/div>\n\n\n\n\n\t\t<\/div> \n\t<\/div>\n\t<\/div> \n\n\t<div  class=\"vc_col-sm-6 wpb_column column_container vc_column_container col child_column padding-4-percent inherit_tablet inherit_phone\"   data-padding-pos=\"top-bottom\" data-has-bg-color=\"false\" data-bg-color=\"\" data-bg-opacity=\"1\" data-animation=\"\" data-delay=\"0\" >\n\t\t<div class=\"vc_column-inner\" >\n\t\t<div class=\"wpb_wrapper\">\n\t\t\t\n<div class=\"wpb_text_column wpb_content_element\" >\n\t<div class=\"wpb_wrapper\">\n\t\t<p>A pesar de los avances terap\u00e9uticos conseguidos y de recibir un tratamiento \u00f3ptimo, hay muchas personas con FQ que necesitan un trasplante pulmonar.<\/p>\n<p><strong>Su indicaci\u00f3n se reserva para aquellos casos en los que la patolog\u00eda pulmonar est\u00e1 muy avanzada<\/strong>, la expectativa de supervivencia de la persona es limitada y se han agotado todos los dem\u00e1s recursos terap\u00e9uticos.<\/p>\n\t<\/div>\n<\/div>\n\n\n\n\n\t\t<\/div> \n\t<\/div>\n\t<\/div> \n<\/div><\/div><div id=\"fws_69f57971bd1d0\" data-midnight=\"\" data-column-margin=\"default\" class=\"wpb_row vc_row-fluid vc_row inner_row\"  style=\"\"><div class=\"row-bg-wrap\"> <div class=\"row-bg\" ><\/div> <\/div><div class=\"row_col_wrap_12_inner col span_12  left\">\n\t<div  class=\"vc_col-sm-6 wpb_column column_container vc_column_container col child_column no-extra-padding inherit_tablet inherit_phone\"   data-padding-pos=\"top-bottom\" data-has-bg-color=\"false\" data-bg-color=\"\" data-bg-opacity=\"1\" data-animation=\"\" data-delay=\"0\" >\n\t\t<div class=\"vc_column-inner\" >\n\t\t<div class=\"wpb_wrapper\">\n\t\t\t<div class=\"nectar-video-box\" data-color=\"accent-color\" data-mouse-style=\"default\" data-mouse-icon-color=\"\" data-play-button-size=\"default\" data-border-radius=\"none\" data-hover=\"default\" data-shadow=\"\"><div class=\"inner-wrap\"><a href=\"https:\/\/youtu.be\/hsF_R2bQG6w\" class=\"full-link pp\" rel=\"nofollow noopener\" target=\"_blank\"><span class=\"screen-reader-text\">Play Video<\/span><\/a><img loading=\"lazy\" decoding=\"async\" width=\"938\" height=\"482\" src=\"https:\/\/fibrosisquistica.org\/wp-content\/uploads\/2021\/02\/Captura-de-pantalla-2021-02-12-a-las-13.59.01.png\" class=\"attachment-full size-full\" alt=\"\" srcset=\"https:\/\/fibrosisquistica.org\/wp-content\/uploads\/2021\/02\/Captura-de-pantalla-2021-02-12-a-las-13.59.01.png 938w, https:\/\/fibrosisquistica.org\/wp-content\/uploads\/2021\/02\/Captura-de-pantalla-2021-02-12-a-las-13.59.01-600x308.png 600w, https:\/\/fibrosisquistica.org\/wp-content\/uploads\/2021\/02\/Captura-de-pantalla-2021-02-12-a-las-13.59.01-300x154.png 300w, https:\/\/fibrosisquistica.org\/wp-content\/uploads\/2021\/02\/Captura-de-pantalla-2021-02-12-a-las-13.59.01-768x395.png 768w\" sizes=\"auto, (max-width: 938px) 100vw, 938px\" title=\"\"><a href=\"https:\/\/youtu.be\/hsF_R2bQG6w\" data-style=\"default\" data-parent-hover=\"\" data-font-style=\"p\" data-color=\"default\" class=\"play_button_mouse_follow large nectar_video_lightbox pp\" rel=\"nofollow noopener\" target=\"_blank\"><span><span class=\"screen-reader-text\">Play Video<\/span><span class=\"play\"><span class=\"inner-wrap inner\"><svg role=\"none\" version=\"1.1\"\n\t xmlns=\"http:\/\/www.w3.org\/2000\/svg\" xmlns:xlink=\"http:\/\/www.w3.org\/1999\/xlink\" width=\"600px\" height=\"800px\" x=\"0px\" y=\"0px\" viewbox=\"0 0 600 800\" enable-background=\"new 0 0 600 800\" xml:space=\"preserve\"><path fill=\"none\" d=\"M0-1.79v800L600,395L0-1.79z\"><\/path> <\/svg><\/span><\/span><\/span><\/a><\/div><\/div>\n\t\t<\/div> \n\t<\/div>\n\t<\/div> \n\n\t<div  class=\"vc_col-sm-6 wpb_column column_container vc_column_container col child_column no-extra-padding inherit_tablet inherit_phone\"   data-padding-pos=\"left-right\" data-has-bg-color=\"false\" data-bg-color=\"\" data-bg-opacity=\"1\" data-animation=\"\" data-delay=\"0\" >\n\t\t<div class=\"vc_column-inner\" >\n\t\t<div class=\"wpb_wrapper\">\n\t\t\t<div class=\"nectar-highlighted-text\" data-style=\"regular_underline\" data-exp=\"default\" data-underline-thickness=\"2px\" data-using-custom-color=\"true\" data-animation-delay=\"false\" data-color=\"#f2935c\" data-color-gradient=\"\" style=\"\"><h3>El trasplante pulmonar\u00a0<em><strong>mejora la calidad de vida<\/strong>\u00a0<\/em>de las personas con\u00a0Fibrosis Qu\u00edstica.<\/h3>\n<\/div>\n<div class=\"wpb_text_column wpb_content_element\" >\n\t<div class=\"wpb_wrapper\">\n\t\t<p>Despu\u00e9s del trasplante, pueden realizar actividades que antes no pod\u00edan, como correr, subir escaleras sin ahogarse o no toser continuamente.<\/p>\n\t<\/div>\n<\/div>\n\n\n\n\n\t\t<\/div> \n\t<\/div>\n\t<\/div> \n<\/div><\/div>\n\t\t\t<\/div> \n\t\t<\/div>\n\t<\/div> \n<\/div><\/div>\n\t\t<div id=\"fws_69f57971bdbe5\"  data-column-margin=\"default\" data-midnight=\"dark\"  class=\"wpb_row vc_row-fluid vc_row vc_row-o-equal-height vc_row-flex vc_row-o-content-top\"  style=\"padding-top: 0px; padding-bottom: 0px; \"><div class=\"row-bg-wrap\" data-bg-animation=\"none\" data-bg-animation-delay=\"\" data-bg-overlay=\"true\"><div class=\"inner-wrap row-bg-layer\" ><div class=\"row-bg viewport-desktop\"  style=\"\"><\/div><\/div><div class=\"row-bg-overlay row-bg-layer\" style=\"background-color:transparent;  opacity: 0.8; \"><\/div><\/div><div class=\"row_col_wrap_12 col span_12 dark left\">\n\t<div  class=\"vc_col-sm-12 wpb_column column_container vc_column_container col padding-2-percent inherit_tablet inherit_phone\"  data-padding-pos=\"left-right\" data-has-bg-color=\"false\" data-bg-color=\"\" data-bg-opacity=\"1\" data-animation=\"\" data-delay=\"0\" >\n\t\t<div class=\"vc_column-inner\" >\n\t\t\t<div class=\"wpb_wrapper\">\n\t\t\t\t<div id=\"fws_69f57971bdf44\" data-midnight=\"\" data-column-margin=\"default\" class=\"wpb_row vc_row-fluid vc_row inner_row\"  style=\"padding-bottom: 18px; \"><div class=\"row-bg-wrap\"> <div class=\"row-bg\" ><\/div> <\/div><div class=\"row_col_wrap_12_inner col span_12  left\">\n\t<div  class=\"vc_col-sm-6 wpb_column column_container vc_column_container col child_column no-extra-padding inherit_tablet inherit_phone\"   data-padding-pos=\"all\" data-has-bg-color=\"false\" data-bg-color=\"\" data-bg-opacity=\"1\" data-animation=\"\" data-delay=\"0\" >\n\t\t<div class=\"vc_column-inner\" >\n\t\t<div class=\"wpb_wrapper\">\n\t\t\t\n<div class=\"wpb_text_column wpb_content_element\" >\n\t<div class=\"wpb_wrapper\">\n\t\t<h3 style=\"text-align: right;\">Qu\u00e9 pasa<\/h3>\n<h3 style=\"text-align: right;\"><strong>despu\u00e9s del trasplante<\/strong><\/h3>\n\t<\/div>\n<\/div>\n\n\n\n<div class=\"divider-wrap\" data-alignment=\"default\"><div style=\"margin-top: 12.5px; height: 1px; margin-bottom: 12.5px;\" data-width=\"100%\" data-animate=\"\" data-animation-delay=\"\" data-color=\"accent-color\" class=\"divider-border\"><\/div><\/div>\n\t\t<\/div> \n\t<\/div>\n\t<\/div> \n\n\t<div  class=\"vc_col-sm-6 wpb_column column_container vc_column_container col child_column no-extra-padding inherit_tablet inherit_phone\"   data-padding-pos=\"all\" data-has-bg-color=\"false\" data-bg-color=\"\" data-bg-opacity=\"1\" data-animation=\"\" data-delay=\"0\" >\n\t\t<div class=\"vc_column-inner\" >\n\t\t<div class=\"wpb_wrapper\">\n\t\t\t\n<div class=\"wpb_text_column wpb_content_element\" >\n\t<div class=\"wpb_wrapper\">\n\t\t<p><span style=\"font-weight: 400;\">El organismo tiende a rechazar de forma natural el pulm\u00f3n trasplantado por medio de su sistema inmune y por ello debemos establecer una continua lucha contra la naturaleza recibiendo<\/span> <span style=\"font-weight: 400;\">de por vida un tratamiento inmunosupresor para evitar el rechazo. <\/span><strong>La persona con FQ trasplantada debe seguir cuid\u00e1ndose.<\/strong><\/p>\n\t<\/div>\n<\/div>\n\n\n\n\n\t\t<\/div> \n\t<\/div>\n\t<\/div> \n<\/div><\/div><div class=\"nectar-icon-list\" data-icon-color=\"accent-color\" data-icon-style=\"no-border\" data-columns=\"3\" data-direction=\"horizontal\" data-icon-size=\"small\" data-animate=\"true\"><div class=\"nectar-icon-list-item\"><div class=\"list-icon-holder\" data-icon_type=\"numerical\"><span>1<\/span><\/div><div class=\"content\"><h4><\/h4>Tratamientos inmunosupresores<\/div><\/div><div class=\"nectar-icon-list-item\"><div class=\"list-icon-holder\" data-icon_type=\"numerical\"><span>2<\/span><\/div><div class=\"content\"><h4><\/h4>Evitar infecciones<\/div><\/div><div class=\"nectar-icon-list-item\"><div class=\"list-icon-holder\" data-icon_type=\"numerical\"><span>3<\/span><\/div><div class=\"content\"><h4><\/h4>Seguir con los controles m\u00e9dicos<\/div><\/div><div class=\"nectar-icon-list-item\"><div class=\"list-icon-holder\" data-icon_type=\"numerical\"><span>4<\/span><\/div><div class=\"content\"><h4><\/h4>Evitar exposici\u00f3n al sol<\/div><\/div><div class=\"nectar-icon-list-item\"><div class=\"list-icon-holder\" data-icon_type=\"numerical\"><span>5<\/span><\/div><div class=\"content\"><h4><\/h4>Mantener higiene personal<\/div><\/div><div class=\"nectar-icon-list-item\"><div class=\"list-icon-holder\" data-icon_type=\"numerical\"><span>6<\/span><\/div><div class=\"content\"><h4><\/h4>Evitar deportes de contacto<\/div><\/div><\/div>\n\t\t\t<\/div> \n\t\t<\/div>\n\t<\/div> \n<\/div><\/div>\n\t\t<div id=\"infecciones\"  data-column-margin=\"default\" data-midnight=\"dark\"  class=\"wpb_row vc_row-fluid vc_row full-width-section  reverse_columns_row_phone\"  style=\"padding-top: 0px; padding-bottom: 0px; \"><div class=\"row-bg-wrap\" data-bg-animation=\"none\" data-bg-animation-delay=\"\" data-bg-overlay=\"false\"><div class=\"inner-wrap row-bg-layer\" ><div class=\"row-bg viewport-desktop\"  style=\"\"><\/div><\/div><\/div><div class=\"row_col_wrap_12 col span_12 dark left\">\n\t<div  class=\"vc_col-sm-12 wpb_column column_container vc_column_container col no-extra-padding inherit_tablet inherit_phone\"  data-padding-pos=\"all\" data-has-bg-color=\"false\" data-bg-color=\"\" data-bg-opacity=\"1\" data-animation=\"\" data-delay=\"0\" >\n\t\t<div class=\"vc_column-inner\" >\n\t\t\t<div class=\"wpb_wrapper\">\n\t\t\t\t<div class=\"divider-wrap\" data-alignment=\"default\"><div style=\"margin-top: 12.5px; height: 2px; margin-bottom: 12.5px;\" data-width=\"100%\" data-animate=\"yes\" data-animation-delay=\"\" data-color=\"accent-color\" class=\"divider-border\"><\/div><\/div><div id=\"fws_69f57971bf08e\" data-midnight=\"\" data-column-margin=\"70px\" class=\"wpb_row vc_row-fluid vc_row inner_row vc_row-o-equal-height vc_row-flex vc_row-o-content-top\"  style=\"padding-top: 4%; \"><div class=\"row-bg-wrap\"> <div class=\"row-bg\" ><\/div> <\/div><div class=\"row_col_wrap_12_inner col span_12  left\">\n\t<div  class=\"vc_col-sm-6 wpb_column column_container vc_column_container col child_column padding-2-percent inherit_tablet inherit_phone\"   data-padding-pos=\"all\" data-has-bg-color=\"false\" data-bg-color=\"\" data-bg-opacity=\"1\" data-animation=\"\" data-delay=\"0\" >\n\t\t<div class=\"vc_column-inner\" >\n\t\t<div class=\"wpb_wrapper\">\n\t\t\t\n<div class=\"wpb_text_column wpb_content_element\" >\n\t<div class=\"wpb_wrapper\">\n\t\t<h3><strong>Infecciones<\/strong><br \/>\ncruzadas<\/h3>\n\t<\/div>\n<\/div>\n\n\n\n\n<div class=\"wpb_text_column wpb_content_element\" >\n\t<div class=\"wpb_wrapper\">\n\t\t<p><span style=\"font-weight: 400;\">Son aquellas infecciones respiratorias causadas por transmisi\u00f3n de microorganismos (bacterias, virus, micobacterias y hongos) entre personas con Fibrosis Qu\u00edstica. <\/span><\/p>\n<p><span style=\"font-weight: 400;\">Algunos de estos microorganismos son especialmente peligrosos para las personas con FQ y pueden conducir a una disminuci\u00f3n m\u00e1s r\u00e1pida de la funci\u00f3n pulmonar, como pueden ser:<\/span><\/p>\n\t<\/div>\n<\/div>\n\n\n\n\n\t\t<\/div> \n\t<\/div>\n\t<\/div> \n\n\t<div  class=\"vc_col-sm-6 wpb_column column_container vc_column_container col child_column no-extra-padding inherit_tablet inherit_phone\"   data-padding-pos=\"all\" data-has-bg-color=\"false\" data-bg-color=\"\" data-bg-opacity=\"1\" data-animation=\"\" data-delay=\"0\" >\n\t\t<div class=\"vc_column-inner\" >\n\t\t<div class=\"wpb_wrapper\">\n\t\t\t<div class=\"nectar-video-box\" data-color=\"extra-color-1\"  data-play-button-size=\"default\" data-border-radius=\"none\" data-hover=\"defaut\" data-shadow=\"none\"><div class=\"inner-wrap\"><a href=\"https:\/\/youtu.be\/8RkG1L-uv7k\" class=\"full-link pp\" rel=\"nofollow noopener\" target=\"_blank\"><span class=\"screen-reader-text\">Play Video<\/span><\/a><img loading=\"lazy\" decoding=\"async\" width=\"941\" height=\"479\" src=\"https:\/\/fibrosisquistica.org\/wp-content\/uploads\/2021\/02\/Captura-de-pantalla-2021-02-12-a-las-13.59.51.png\" class=\"attachment-full size-full\" alt=\"\" srcset=\"https:\/\/fibrosisquistica.org\/wp-content\/uploads\/2021\/02\/Captura-de-pantalla-2021-02-12-a-las-13.59.51.png 941w, https:\/\/fibrosisquistica.org\/wp-content\/uploads\/2021\/02\/Captura-de-pantalla-2021-02-12-a-las-13.59.51-600x305.png 600w, https:\/\/fibrosisquistica.org\/wp-content\/uploads\/2021\/02\/Captura-de-pantalla-2021-02-12-a-las-13.59.51-300x153.png 300w, https:\/\/fibrosisquistica.org\/wp-content\/uploads\/2021\/02\/Captura-de-pantalla-2021-02-12-a-las-13.59.51-768x391.png 768w\" sizes=\"auto, (max-width: 941px) 100vw, 941px\" title=\"\"><a href=\"https:\/\/youtu.be\/8RkG1L-uv7k\" data-style=\"default\" data-parent-hover=\"\" data-font-style=\"p\" data-color=\"default\" class=\"play_button_2 large nectar_video_lightbox pp\" rel=\"nofollow noopener\" target=\"_blank\"><span><span class=\"screen-reader-text\">Play Video<\/span><span class=\"play\"><span class=\"inner-wrap inner\"><svg role=\"none\" version=\"1.1\"\n\t xmlns=\"http:\/\/www.w3.org\/2000\/svg\" xmlns:xlink=\"http:\/\/www.w3.org\/1999\/xlink\" width=\"600px\" height=\"800px\" x=\"0px\" y=\"0px\" viewbox=\"0 0 600 800\" enable-background=\"new 0 0 600 800\" xml:space=\"preserve\"><path fill=\"none\" d=\"M0-1.79v800L600,395L0-1.79z\"><\/path> <\/svg><\/span><\/span><\/span><\/a><\/div><\/div>\n\t\t<\/div> \n\t<\/div>\n\t<\/div> \n<\/div><\/div>\n\t\t\t<\/div> \n\t\t<\/div>\n\t<\/div> \n<\/div><\/div>\n\t\t<div id=\"infecciones\"  data-column-margin=\"default\" data-midnight=\"dark\" data-bottom-percent=\"5%\"  class=\"wpb_row vc_row-fluid vc_row full-width-section vc_row-o-equal-height vc_row-flex vc_row-o-content-middle\"  style=\"padding-top: 0px; padding-bottom: calc(100vw * 0.05); \"><div class=\"row-bg-wrap\" data-bg-animation=\"none\" data-bg-animation-delay=\"\" data-bg-overlay=\"false\"><div class=\"inner-wrap row-bg-layer\" ><div class=\"row-bg viewport-desktop\"  style=\"\"><\/div><\/div><\/div><div class=\"row_col_wrap_12 col span_12 dark left\">\n\t<div  class=\"vc_col-sm-6 wpb_column column_container vc_column_container col no-extra-padding inherit_tablet inherit_phone\"  data-padding-pos=\"all\" data-has-bg-color=\"false\" data-bg-color=\"\" data-bg-opacity=\"1\" data-animation=\"\" data-delay=\"0\" >\n\t\t<div class=\"vc_column-inner\" >\n\t\t\t<div class=\"wpb_wrapper\">\n\t\t\t\t<div class=\"nectar-icon-list\" data-icon-color=\"default\" data-icon-style=\"border\" data-columns=\"3\" data-direction=\"vertical\" data-icon-size=\"small\" data-animate=\"true\"><div class=\"nectar-icon-list-item\"><div class=\"list-icon-holder\" data-icon_type=\"numerical\"><span>1<\/span><\/div><div class=\"content\"><h4>Pseudomonas aeruginosa<\/h4><\/div><\/div><div class=\"nectar-icon-list-item\"><div class=\"list-icon-holder\" data-icon_type=\"numerical\"><span>2<\/span><\/div><div class=\"content\"><h4>Staphylococcus aureus meticilin-resistente (MRSA)<\/h4><\/div><\/div><div class=\"nectar-icon-list-item\"><div class=\"list-icon-holder\" data-icon_type=\"numerical\"><span>3<\/span><\/div><div class=\"content\"><h4>Burkholderia cepacia<\/h4><\/div><\/div><div class=\"nectar-icon-list-item\"><div class=\"list-icon-holder\" data-icon_type=\"numerical\"><span>4<\/span><\/div><div class=\"content\"><h4>Mycobacterium Abcessus<\/h4><\/div><\/div><\/div>\n\t\t\t<\/div> \n\t\t<\/div>\n\t<\/div> \n\n\t<div  class=\"vc_col-sm-6 wpb_column column_container vc_column_container col padding-3-percent inherit_tablet inherit_phone\"  data-border-animation=\"true\" data-border-animation-delay=\"\" data-border-width=\"1px\" data-border-style=\"solid\" data-border-color=\"#ff9633\" data-padding-pos=\"all\" data-has-bg-color=\"false\" data-bg-color=\"\" data-bg-opacity=\"1\" data-animation=\"\" data-delay=\"0\" >\n\t\t<div class=\"vc_column-inner\" style=\"border: 1px solid rgba(255,255,255,0); \"><span class=\"border-wrap\" style=\"border-color: #ff9633;\"><span class=\"border-top\"><\/span><span class=\"border-right\"><\/span><span class=\"border-bottom\"><\/span><span class=\"border-left\"><\/span><\/span>\n\t\t\t<div class=\"wpb_wrapper\">\n\t\t\t\t<div class=\"nectar-highlighted-text\" data-style=\"full_text\" data-exp=\"default\" data-user-color=\"true\" style=\"color: #ffffff;\" data-using-custom-color=\"true\" data-animation-delay=\"false\" data-color=\"#f2935c\" data-color-gradient=\"\"><p><em><strong>IMPORTANTE<\/strong><\/em><\/p>\n<\/div>\n<div class=\"wpb_text_column wpb_content_element\" >\n\t<div class=\"wpb_wrapper\">\n\t\t<p><span style=\"font-weight: 400;\">Por ello no se permite asistir, de manera presencial, a actividades de la FEFQ si el an\u00e1lisis microbiano de la persona con FQ ha dado positivo en dichos pat\u00f3genos.<\/span><\/p>\n<p><strong><i>(Protocolo basado en las \u201cNormas asistenciales para pacientes con fibrosis qu\u00edstica: consenso europeo\u201d y en el \u201cConsenso de la Fundaci\u00f3n Americana de FQ y la Sociedad Europea de FQ sobre recomendaciones para el manejo de micobacterias no tuberculosas en personas con FQ\u201d de 2015).<\/i><\/strong><\/p>\n\t<\/div>\n<\/div>\n\n\n\n\n\t\t\t<\/div> \n\t\t<\/div>\n\t<\/div> \n<\/div><\/div>\n\t\t<div id=\"fws_69f57971c0688\"  data-column-margin=\"default\" data-midnight=\"dark\" data-top-percent=\"4%\" data-bottom-percent=\"4%\"  class=\"wpb_row vc_row-fluid vc_row parallax_section\"  style=\"padding-top: calc(100vw * 0.04); padding-bottom: calc(100vw * 0.04); \"><div class=\"row-bg-wrap\" data-bg-animation=\"none\" data-bg-animation-delay=\"\" data-bg-overlay=\"true\"><div class=\"inner-wrap row-bg-layer using-image\" ><div class=\"row-bg viewport-desktop using-image\" data-parallax-speed=\"fast\" style=\"background-image: url(https:\/\/fibrosisquistica.org\/wp-content\/uploads\/2021\/01\/Artboard-18.png); background-position: center top; background-repeat: no-repeat; \"><\/div><\/div><div class=\"row-bg-overlay row-bg-layer\" style=\"background-color:#dae5de;  opacity: 0.5; \"><\/div><\/div><div class=\"row_col_wrap_12 col span_12 dark left\">\n\t<div  class=\"vc_col-sm-2 wpb_column column_container vc_column_container col no-extra-padding inherit_tablet inherit_phone\"  data-padding-pos=\"all\" data-has-bg-color=\"false\" data-bg-color=\"\" data-bg-opacity=\"1\" data-animation=\"\" data-delay=\"0\" >\n\t\t<div class=\"vc_column-inner\" >\n\t\t\t<div class=\"wpb_wrapper\">\n\t\t\t\t\n\t\t\t<\/div> \n\t\t<\/div>\n\t<\/div> \n\n\t<div  class=\"vc_col-sm-8 wpb_column column_container vc_column_container col has-animation padding-3-percent inherit_tablet inherit_phone\"  data-padding-pos=\"all\" data-has-bg-color=\"false\" data-bg-color=\"\" data-bg-opacity=\"1\" data-animation=\"fade-in-from-bottom\" data-delay=\"0\" >\n\t\t<div class=\"vc_column-inner\" >\n\t\t\t<div class=\"wpb_wrapper\">\n\t\t\t\t<div class=\"nectar-highlighted-text\" data-style=\"regular_underline\" data-exp=\"default\" data-underline-thickness=\"2px\" data-using-custom-color=\"true\" data-animation-delay=\"false\" data-color=\"#f2935b\" data-color-gradient=\"\" style=\"\"><h3 align=\"center\">En Espa\u00f1a hay <em>m\u00e1s de 2500<\/em> personas con Fibrosis Qu\u00edstica.<br \/>\n<strong>Tu donaci\u00f3n nos ayuda a mejorar su calidad de vida<\/strong><\/h3>\n<\/div><div id=\"fws_69f57971c0c69\" data-midnight=\"\" data-column-margin=\"default\" class=\"wpb_row vc_row-fluid vc_row inner_row\"  style=\"padding-top: 2%; \"><div class=\"row-bg-wrap\"> <div class=\"row-bg\" ><\/div> <\/div><div class=\"row_col_wrap_12_inner col span_12  left\">\n\t<div  class=\"vc_col-sm-12 wpb_column column_container vc_column_container col child_column centered-text has-animation no-extra-padding inherit_tablet inherit_phone\"   data-padding-pos=\"all\" data-has-bg-color=\"false\" data-bg-color=\"\" data-bg-opacity=\"1\" data-animation=\"fade-in-from-bottom\" data-delay=\"0\" >\n\t\t<div class=\"vc_column-inner\" >\n\t\t<div class=\"wpb_wrapper\">\n\t\t\t<a class=\"nectar-button jumbo regular accent-color  regular-button\"  role=\"button\" style=\"\"  href=\"\/en\/colabora\/\" data-color-override=\"false\" data-hover-color-override=\"false\" data-hover-text-color-override=\"#fff\"><span>Colabora<\/span><\/a>\n\t\t<\/div> \n\t<\/div>\n\t<\/div> \n<\/div><\/div>\n\t\t\t<\/div> \n\t\t<\/div>\n\t<\/div> \n\n\t<div  class=\"vc_col-sm-2 wpb_column column_container vc_column_container col no-extra-padding inherit_tablet inherit_phone\"  data-padding-pos=\"all\" data-has-bg-color=\"false\" data-bg-color=\"\" data-bg-opacity=\"1\" data-animation=\"\" data-delay=\"0\" >\n\t\t<div class=\"vc_column-inner\" >\n\t\t\t<div class=\"wpb_wrapper\">\n\t\t\t\t\n\t\t\t<\/div> \n\t\t<\/div>\n\t<\/div> \n<\/div><\/div>","protected":false},"excerpt":{"rendered":"\u00bfQu\u00e9 es la Fibrosis Qu\u00edstica?...","protected":false},"author":1,"featured_media":0,"parent":0,"menu_order":0,"comment_status":"closed","ping_status":"closed","template":"","meta":{"_acf_changed":false,"footnotes":""},"class_list":["post-50","page","type-page","status-publish"],"acf":[],"_links":{"self":[{"href":"https:\/\/fibrosisquistica.org\/en\/wp-json\/wp\/v2\/pages\/50","targetHints":{"allow":["GET"]}}],"collection":[{"href":"https:\/\/fibrosisquistica.org\/en\/wp-json\/wp\/v2\/pages"}],"about":[{"href":"https:\/\/fibrosisquistica.org\/en\/wp-json\/wp\/v2\/types\/page"}],"author":[{"embeddable":true,"href":"https:\/\/fibrosisquistica.org\/en\/wp-json\/wp\/v2\/users\/1"}],"replies":[{"embeddable":true,"href":"https:\/\/fibrosisquistica.org\/en\/wp-json\/wp\/v2\/comments?post=50"}],"version-history":[{"count":12,"href":"https:\/\/fibrosisquistica.org\/en\/wp-json\/wp\/v2\/pages\/50\/revisions"}],"predecessor-version":[{"id":76399,"href":"https:\/\/fibrosisquistica.org\/en\/wp-json\/wp\/v2\/pages\/50\/revisions\/76399"}],"wp:attachment":[{"href":"https:\/\/fibrosisquistica.org\/en\/wp-json\/wp\/v2\/media?parent=50"}],"curies":[{"name":"wp","href":"https:\/\/api.w.org\/{rel}","templated":true}]}}