{"id":5312,"date":"2018-12-10T16:40:07","date_gmt":"2018-12-10T16:40:07","guid":{"rendered":"https:\/\/fibrosisquistica.org\/?page_id=5312"},"modified":"2021-04-15T08:31:49","modified_gmt":"2021-04-15T08:31:49","slug":"politica-privacidad","status":"publish","type":"page","link":"https:\/\/fibrosisquistica.org\/en\/politica-privacidad\/","title":{"rendered":"Pol\u00edtica de Privacidad"},"content":{"rendered":"<div id=\"fws_69f57ac0784bb\"  data-column-margin=\"default\" data-midnight=\"dark\" data-top-percent=\"5%\"  class=\"wpb_row vc_row-fluid vc_row\"  style=\"padding-top: calc(100vw * 0.05); padding-bottom: 0px; \"><div class=\"row-bg-wrap\" data-bg-animation=\"none\" data-bg-animation-delay=\"\" data-bg-overlay=\"false\"><div class=\"inner-wrap row-bg-layer\" ><div class=\"row-bg viewport-desktop\"  style=\"\"><\/div><\/div><\/div><div class=\"row_col_wrap_12 col span_12 dark left\">\n\t<div  class=\"vc_col-sm-2 wpb_column column_container vc_column_container col no-extra-padding inherit_tablet inherit_phone\"  data-padding-pos=\"all\" data-has-bg-color=\"false\" data-bg-color=\"\" data-bg-opacity=\"1\" data-animation=\"\" data-delay=\"0\" >\n\t\t<div class=\"vc_column-inner\" >\n\t\t\t<div class=\"wpb_wrapper\">\n\t\t\t\t\n\t\t\t<\/div> \n\t\t<\/div>\n\t<\/div> \n\n\t<div  class=\"vc_col-sm-8 wpb_column column_container vc_column_container col no-extra-padding inherit_tablet inherit_phone\"  data-padding-pos=\"all\" data-has-bg-color=\"false\" data-bg-color=\"\" data-bg-opacity=\"1\" data-animation=\"\" data-delay=\"0\" >\n\t\t<div class=\"vc_column-inner\" >\n\t\t\t<div class=\"wpb_wrapper\">\n\t\t\t\t<div class=\"nectar-split-heading\" data-align=\"default\" data-m-align=\"inherit\" data-text-effect=\"default\" data-animation-type=\"default\" data-animation-delay=\"0\" data-animation-offset=\"\" data-m-rm-animation=\"\" data-stagger=\"\" data-custom-font-size=\"false\" ><div class=\"heading-line\" > <div><h2><strong>POL\u00cdTICA DE PRIVACIDAD<\/strong><\/h2> <\/div> <\/div><\/div><div class=\"divider-wrap\" data-alignment=\"default\"><div style=\"margin-top: 1vh; height: 1px; margin-bottom: 1vh;\" data-width=\"100%\" data-animate=\"yes\" data-animation-delay=\"\" data-color=\"accent-color\" class=\"divider-border\"><\/div><\/div>\n<div class=\"wpb_text_column wpb_content_element\" >\n\t<div class=\"wpb_wrapper\">\n\t\t<p><label><input type=\"checkbox\" \/> He le\u00eddo y Acepto la pol\u00edtica de privacidad.<\/label><\/p>\n\t<\/div>\n<\/div>\n\n\n\n\n<div class=\"wpb_text_column wpb_content_element  vc_custom_1618475491995\" >\n\t<div class=\"wpb_wrapper\">\n\t\t<form action=\"\">\n<h4>I. POL\u00cdTICA DE PROTECCI\u00d3N DE DATOS DE CAR\u00c1CTER PERSONAL<\/h4>\n<input type=\"hidden\" name=\"trp-form-language\" value=\"en\"\/><\/form>\n<p>11-10-2018<\/p>\n<p>FEDERACION ESPA\u00d1OLA FIBROSIS QUIST. (la \u201cEmpresa\u201d) es una Organizaci\u00f3n en la que se dan<\/p>\n<p>actividades de tratamientos de datos de car\u00e1cter personal, lo que le atribuye una importante<\/p>\n<p>responsabilidad en el dise\u00f1o y organizaci\u00f3n de procedimientos de modo que est\u00e9n alineados<\/p>\n<p>con el cumplimiento legal en esta materia.<\/p>\n<p>En el ejercicio de estas responsabilidades y con el objeto de establecer los principios generales<\/p>\n<p>que deben regir el tratamiento de los datos de car\u00e1cter personal en la Empresa, aprueba esta<\/p>\n<p>Pol\u00edtica de protecci\u00f3n de datos de car\u00e1cter personal, que notifica a sus Empleados y pone a<\/p>\n<p>disposici\u00f3n de todos sus grupos de Inter\u00e9s.<\/p>\n<ol>\n<li>\n<h4>Finalidad<\/h4>\n<\/li>\n<\/ol>\n<p>La Pol\u00edtica de protecci\u00f3n de datos de car\u00e1cter personal es una medida de Responsabilidad<\/p>\n<p>proactiva que tiene la finalidad de asegurar el cumplimiento de la legislaci\u00f3n aplicable en esta<\/p>\n<p>materia y relaci\u00f3n a \u00e9sta, el respeto del derecho al honor y a la intimidad en el tratamiento de<\/p>\n<p>los datos de car\u00e1cter personal de todas las personas que se relacionan con La Empresa.<\/p>\n<p>En desarrollo de lo dispuesto en esta Pol\u00edtica de protecci\u00f3n de datos de car\u00e1cter personal, se<\/p>\n<p>establecen cu\u00e1les son los Principios que rigen el tratamiento de datos en la organizaci\u00f3n y en<\/p>\n<p>consecuencia, los procedimientos, y las medidas organizativas y de seguridad que las personas<\/p>\n<p>afectadas por esta Pol\u00edtica se comprometen a implementar en su \u00e1mbito de responsabilidad.<\/p>\n<p>Con este fin, la Direcci\u00f3n asignar\u00e1 las responsabilidades al personal que participa en las<\/p>\n<p>operaciones de tratamiento de datos.<\/p>\n<ol start=\"2\">\n<li>\n<h4>\u00c1mbito de aplicaci\u00f3n<\/h4>\n<\/li>\n<\/ol>\n<p>Esta Pol\u00edtica de protecci\u00f3n de datos de car\u00e1cter personal ser\u00e1 de aplicaci\u00f3n a la Empresa, a sus<\/p>\n<p>administradores, directivos y empleados, as\u00ed como a todas las personas que se relacionen con<\/p>\n<p>ella, con inclusi\u00f3n expresa de los proveedores de servicio con acceso a datos (\u201cEncargados del<\/p>\n<p>tratamiento\u201d)<\/p>\n<ol start=\"3\">\n<li>\n<h4>Principios del tratamiento de los datos de car\u00e1cter personal<\/h4>\n<\/li>\n<\/ol>\n<p>Como principio general, La Empresa cumplir\u00e1 escrupulosamente con la legislaci\u00f3n en materia<\/p>\n<p>de protecci\u00f3n de datos de car\u00e1cter personal y debe ser capaz de demostrarlo (Principio de<\/p>\n<p>\u00abresponsabilidad proactiva\u00bb), prestando especial atenci\u00f3n a aquellos tratamientos que puedan<\/p>\n<p>suponer un mayor riesgo para los derechos de los afectados (Principio de \u00abenfoque de riesgo\u00bb).<\/p>\n<p>En relaci\u00f3n a lo expuesto FEDERACION ESPA\u00d1OLA FIBROSIS QUIST. velar\u00e1 por el cumplimiento<\/p>\n<p>de los siguientes Principios:<\/p>\n<p>\u2013 Licitud, lealtad, transparencia y limitaci\u00f3n de la finalidad. El tratamiento de datos<\/p>\n<p>siempre deber\u00e1 ser informado al afectado, mediante cl\u00e1usulas y otros procedimientos; y<\/p>\n<p>s\u00f3lo se considerar\u00e1 leg\u00edtimo si hay consentimiento para el tratamiento de datos (con<\/p>\n<p>especial atenci\u00f3n al prestado por los menores de edad), o cuenta con otra legitimaci\u00f3n<\/p>\n<p>v\u00e1lida y la finalidad del mismo es acorde a Normativa.<\/p>\n<p>\u2013 Minimizaci\u00f3n de datos. Los datos tratados deber\u00e1n ser adecuados, pertinentes y<\/p>\n<p>limitados a lo necesario en relaci\u00f3n a los fines del tratamiento.<\/p>\n<p>\u2013 Exactitud. Los datos deber\u00e1n ser exactos y, si fuera necesarios, actualizados. A este<\/p>\n<p>respecto se adoptar\u00e1n las medidas necesarias para que se supriman o rectifiquen sin<\/p>\n<p>dilaci\u00f3n los datos personales que sean inexactos con respecto a los fines del<\/p>\n<p>tratamiento.<\/p>\n<p>\u2013 Limitaci\u00f3n del plazo de conservaci\u00f3n. Los datos ser\u00e1n mantenidos de forma que se<\/p>\n<p>permita la identificaci\u00f3n de los interesados durante no m\u00e1s tiempo del necesario para<\/p>\n<p>los fines del tratamiento.<\/p>\n<p>\u2013 Integridad y Confidencialidad. Los datos ser\u00e1n tratados de tal manera que se garantice<\/p>\n<p>una seguridad adecuada de los datos personales, incluida la protecci\u00f3n contra el<\/p>\n<p>tratamiento no autorizado o il\u00edcito y contra su p\u00e9rdida, destrucci\u00f3n o da\u00f1o accidental,<\/p>\n<p>mediante la aplicaci\u00f3n de las medidas t\u00e9cnicas u organizativas apropiadas.<\/p>\n<p>\u2013 Cesiones de datos. Queda prohibida la compra u obtenci\u00f3n de datos de car\u00e1cter<\/p>\n<p>personal de fuentes ileg\u00edtimas o en aquellos casos en los que dichos datos hayan sido<\/p>\n<p>recabados o cedidos contraviniendo la ley o no se garantice suficientemente su leg\u00edtima<\/p>\n<p>procedencia.<\/p>\n<p>\u2013 Contrataci\u00f3n de proveedores con acceso a datos. S\u00f3lo se elegir\u00e1n para su contrataci\u00f3n a<\/p>\n<p>proveedores que ofrezcan garant\u00edas suficientes para aplicar medidas t\u00e9cnicas y de<\/p>\n<p>seguridad apropiadas en el tratamiento de datos. Con estos terceros se documentar\u00e1 el<\/p>\n<p>debido Acuerdo a este respecto.<\/p>\n<p>\u2013 Transferencias internacionales de datos. Todo tratamiento de datos de car\u00e1cter personal<\/p>\n<p>sujeto a normativa de la Uni\u00f3n Europea que implique una transferencia de datos fuera<\/p>\n<p>del Espacio Econ\u00f3mico Europeo deber\u00e1 llevarse a cabo con estricto cumplimiento de los<\/p>\n<p>requisitos establecidos en la ley aplicable.<\/p>\n<p>\u2013 Derechos de los afectados. La Empresa facilitar\u00e1 a los afectados el ejercicio de los<\/p>\n<p>derechos de acceso, rectificaci\u00f3n, supresi\u00f3n, limitaci\u00f3n del tratamiento, oposici\u00f3n y<\/p>\n<p>portabilidad, estableciendo a tal efecto los procedimientos internos, y en particular los<\/p>\n<p>modelos para su ejercicio que resulten necesarios y oportunos, los cuales deber\u00e1n<\/p>\n<p>satisfacer, al menos, los requisitos legales aplicables en cada caso.<\/p>\n<p>La Empresa promover\u00e1 que los principios recogidos en esta Pol\u00edtica de protecci\u00f3n de datos de<\/p>\n<p>car\u00e1cter personal sean tenidos en cuenta (i) en el dise\u00f1o e implementaci\u00f3n de todos los<\/p>\n<p>procedimientos de trabajo, (ii) en los productos y servicios ofrecidos (iii) en todos los contratos<\/p>\n<p>y obligaciones que formalicen o asuman y (iv) en la implantaci\u00f3n de cuantos sistemas y<\/p>\n<p>plataformas permitan el acceso de empleados o terceros y\/o la recogida o tratamiento de datos<\/p>\n<p>de car\u00e1cter personal.<\/p>\n<ol start=\"4\">\n<li>\n<h4>Compromiso de los trabajadores<\/h4>\n<\/li>\n<\/ol>\n<p>Los trabajadores son informados de la presente Pol\u00edtica y se declaran conscientes de que la<\/p>\n<p>informaci\u00f3n de car\u00e1cter personal es un activo de la Empresa, y a este respecto se adhieren a<\/p>\n<p>ella, comprometi\u00e9ndose a lo siguiente:<\/p>\n<p>\u2013 Realizar la formaci\u00f3n de sensibilizaci\u00f3n en Protecci\u00f3n de datos que la Empresa pone a su<\/p>\n<p>disposici\u00f3n.<\/p>\n<p>\u2013 Aplicar las medidas de seguridad a nivel de usuario que apliquen a su puesto de trabajo,<\/p>\n<p>sin perjuicio de las responsabilidades en su dise\u00f1o e implantaci\u00f3n que se puedan<\/p>\n<p>pudieran atribu\u00edrsele en funci\u00f3n de su rol dentro de FEDERACION ESPA\u00d1OLA FIBROSIS<\/p>\n<p>QUIST. .<\/p>\n<p>\u2013 Utilizar los formatos establecidos para el ejercicio de Derechos por parte de los<\/p>\n<p>afectados e informar a la Empresa de forma inmediata de modo que pueda hacerse<\/p>\n<p>efectiva la respuesta.<\/p>\n<p>\u2013 Informar a la Empresa, tan pronto tenga conocimiento, de desviaciones de lo<\/p>\n<p>establecido en esta Pol\u00edtica, en particular de \u201cViolaciones de seguridad de los datos<\/p>\n<p>personales\u201d, utilizando para ello el formato establecido al efecto.<\/p>\n<ol start=\"5\">\n<li>\n<h4>Control y evaluaci\u00f3n<\/h4>\n<\/li>\n<\/ol>\n<p>Se realizar\u00e1 una verificaci\u00f3n, evaluaci\u00f3n y valoraci\u00f3n anual, o cada vez que haya cambios<\/p>\n<p>significativos en los tratamientos de datos, de la eficacia de las medidas t\u00e9cnicas y organizativas<\/p>\n<p>para garantizar la seguridad del tratamiento.<\/p>\n<h4>FEDERACION ESPA\u00d1OLA FIBROSIS QUIST.<\/h4>\n\t<\/div>\n<\/div>\n\n\n\n\n\t\t\t<\/div> \n\t\t<\/div>\n\t<\/div> \n\n\t<div  class=\"vc_col-sm-2 wpb_column column_container vc_column_container col no-extra-padding inherit_tablet inherit_phone\"  data-padding-pos=\"all\" data-has-bg-color=\"false\" data-bg-color=\"\" data-bg-opacity=\"1\" data-animation=\"\" data-delay=\"0\" >\n\t\t<div class=\"vc_column-inner\" >\n\t\t\t<div class=\"wpb_wrapper\">\n\t\t\t\t\n\t\t\t<\/div> \n\t\t<\/div>\n\t<\/div> \n<\/div><\/div>","protected":false},"excerpt":{"rendered":"POL\u00cdTICA DE PRIVACIDAD He le\u00eddo...","protected":false},"author":1,"featured_media":0,"parent":0,"menu_order":0,"comment_status":"closed","ping_status":"closed","template":"","meta":{"_acf_changed":false,"footnotes":""},"class_list":["post-5312","page","type-page","status-publish"],"acf":[],"_links":{"self":[{"href":"https:\/\/fibrosisquistica.org\/en\/wp-json\/wp\/v2\/pages\/5312","targetHints":{"allow":["GET"]}}],"collection":[{"href":"https:\/\/fibrosisquistica.org\/en\/wp-json\/wp\/v2\/pages"}],"about":[{"href":"https:\/\/fibrosisquistica.org\/en\/wp-json\/wp\/v2\/types\/page"}],"author":[{"embeddable":true,"href":"https:\/\/fibrosisquistica.org\/en\/wp-json\/wp\/v2\/users\/1"}],"replies":[{"embeddable":true,"href":"https:\/\/fibrosisquistica.org\/en\/wp-json\/wp\/v2\/comments?post=5312"}],"version-history":[{"count":4,"href":"https:\/\/fibrosisquistica.org\/en\/wp-json\/wp\/v2\/pages\/5312\/revisions"}],"predecessor-version":[{"id":11184,"href":"https:\/\/fibrosisquistica.org\/en\/wp-json\/wp\/v2\/pages\/5312\/revisions\/11184"}],"wp:attachment":[{"href":"https:\/\/fibrosisquistica.org\/en\/wp-json\/wp\/v2\/media?parent=5312"}],"curies":[{"name":"wp","href":"https:\/\/api.w.org\/{rel}","templated":true}]}}