{"id":54,"date":"2015-07-19T21:14:57","date_gmt":"2015-07-19T21:14:57","guid":{"rendered":"http:\/\/nueva.fefq.es\/?page_id=54"},"modified":"2025-04-01T09:19:58","modified_gmt":"2025-04-01T09:19:58","slug":"tratamiento-fibrosis-quistica","status":"publish","type":"page","link":"https:\/\/fibrosisquistica.org\/en\/tratamiento-fibrosis-quistica\/","title":{"rendered":"Tratamiento de la Fibrosis Qu\u00edstica"},"content":{"rendered":"<div id=\"fws_69f47efd3df65\"  data-column-margin=\"default\" data-midnight=\"light\" data-top-percent=\"5%\"  class=\"wpb_row vc_row-fluid vc_row full-width-section\"  style=\"padding-top: calc(100vw * 0.05); padding-bottom: 0px; \"><div class=\"row-bg-wrap\" data-bg-animation=\"none\" data-bg-animation-delay=\"\" data-bg-overlay=\"true\"><div class=\"inner-wrap row-bg-layer\" ><div class=\"row-bg viewport-desktop\"  style=\"\"><\/div><\/div><div class=\"row-bg-overlay row-bg-layer\" style=\"background-color:#d9e5de;  opacity: 0.8; \"><\/div><\/div><div class=\"nectar-shape-divider-wrap no-color\" style=\" height:50%;\" data-using-percent-val=\"true\" data-height=\"50%\" data-front=\"\" data-style=\"straight_section\" data-position=\"top\" ><svg class=\"nectar-shape-divider\" aria-hidden=\"true\" fill=\"\" xmlns=\"http:\/\/www.w3.org\/2000\/svg\" viewbox=\"0 0 100 10\" preserveaspectratio=\"none\"> <polygon points=\"104 10, 104 0, 0 0, 0 10\"><\/polygon> <\/svg><\/div><div class=\"row_col_wrap_12 col span_12 light left\">\n\t<div style=\"\" class=\"vc_col-sm-12 wpb_column column_container vc_column_container col padding-5-percent inherit_tablet inherit_phone\" data-using-bg=\"true\" data-overlay-color=\"true\" data-padding-pos=\"all\" data-has-bg-color=\"false\" data-bg-color=\"\" data-bg-opacity=\"1\" data-animation=\"\" data-delay=\"0\" >\n\t\t<div class=\"vc_column-inner\" ><div class=\"column-image-bg-wrap column-bg-layer viewport-desktop\" data-bg-pos=\"left center\" data-bg-animation=\"none\" data-bg-overlay=\"true\"><div class=\"inner-wrap\"><div class=\"column-image-bg\" style=\" background-image: url('https:\/\/fibrosisquistica.org\/wp-content\/uploads\/2021\/02\/alina-grubnyak-ZiQkhI7417A-unsplash-scaled.jpg'); \"><\/div><\/div><\/div><div class=\"column-bg-overlay-wrap column-bg-layer\" data-bg-animation=\"none\"><div class=\"column-bg-overlay\"><\/div><div class=\"column-overlay-layer\" style=\"background-color:#000000;  opacity: 0.8; \"><\/div><\/div>\n\t\t\t<div class=\"wpb_wrapper\">\n\t\t\t\t<div id=\"fws_69f47efd3e567\" data-midnight=\"\" data-column-margin=\"default\" class=\"wpb_row vc_row-fluid vc_row inner_row vc_row-o-equal-height vc_row-flex vc_row-o-content-middle\"  style=\"padding-top: 3%; padding-bottom: 3%; \"><div class=\"row-bg-wrap\"> <div class=\"row-bg\" ><\/div> <\/div><div class=\"row_col_wrap_12_inner col span_12  left\">\n\t<div  class=\"vc_col-sm-6 wpb_column column_container vc_column_container col child_column no-extra-padding inherit_tablet inherit_phone\"   data-padding-pos=\"top\" data-has-bg-color=\"false\" data-bg-color=\"\" data-bg-opacity=\"1\" data-animation=\"\" data-delay=\"0\" >\n\t\t<div class=\"vc_column-inner\" >\n\t\t<div class=\"wpb_wrapper\">\n\t\t\t<div class=\"nectar-split-heading\" data-align=\"default\" data-m-align=\"inherit\" data-text-effect=\"default\" data-animation-type=\"default\" data-animation-delay=\"0\" data-animation-offset=\"\" data-m-rm-animation=\"\" data-stagger=\"\" data-custom-font-size=\"false\" ><div class=\"heading-line\" > <div><h1>Tratamiento de la Fibrosis Qu\u00edstica<\/h1> <\/div> <\/div><\/div><div class=\"divider-wrap\" data-alignment=\"default\"><div style=\"margin-top: 1vh; height: 1px; margin-bottom: 1vh;\" data-width=\"100%\" data-animate=\"\" data-animation-delay=\"\" data-color=\"accent-color\" class=\"divider-border\"><\/div><\/div>\n<div class=\"wpb_text_column wpb_content_element\" >\n\t<div class=\"wpb_wrapper\">\n\t\t<p><span style=\"font-weight: 400;\">Actualmente no existe una cura para la Fibrosis Qu\u00edstica, pero estos tratamientos pueden aliviar los s\u00edntomas, reducir las complicaciones y mejorar la calidad de vida.<\/span><\/p>\n<p><a href=\"https:\/\/fibrosisquistica.org\/wp-content\/uploads\/2021\/04\/Consenso-Europeo-sobre-el-tratamiento-de-la-FQ.pdf\">Consulta el \u00abConsenso europeo sobre el tratamiento de la FQ\u00bb<\/a><\/p>\n\t<\/div>\n<\/div>\n\n\n\n\n\t\t<\/div> \n\t<\/div>\n\t<\/div> \n\n\t<div  class=\"vc_col-sm-6 wpb_column column_container vc_column_container col child_column no-extra-padding inherit_tablet inherit_phone\"   data-padding-pos=\"top\" data-has-bg-color=\"false\" data-bg-color=\"\" data-bg-opacity=\"1\" data-animation=\"\" data-delay=\"0\" >\n\t\t<div class=\"vc_column-inner\" >\n\t\t<div class=\"wpb_wrapper\">\n\t\t\t<div class=\"nectar-video-box\" data-color=\"accent-color\" data-mouse-style=\"default\" data-mouse-icon-color=\"\" data-play-button-size=\"default\" data-border-radius=\"none\" data-hover=\"default\" data-shadow=\"\"><div class=\"inner-wrap\"><a href=\"https:\/\/www.youtube.com\/watch?v=IIrz5ADRA9A&#038;list=PLUz7CS6ceqLJaIO3bGBPp8yycSuqt9S9Q&#038;index=3\" class=\"full-link pp\" rel=\"nofollow noopener\" target=\"_blank\"><span class=\"screen-reader-text\">Play Video<\/span><\/a><img loading=\"lazy\" decoding=\"async\" width=\"944\" height=\"485\" src=\"https:\/\/fibrosisquistica.org\/wp-content\/uploads\/2021\/02\/Captura-de-pantalla-2021-02-12-a-las-13.58.15.png\" class=\"attachment-full size-full\" alt=\"\" srcset=\"https:\/\/fibrosisquistica.org\/wp-content\/uploads\/2021\/02\/Captura-de-pantalla-2021-02-12-a-las-13.58.15.png 944w, https:\/\/fibrosisquistica.org\/wp-content\/uploads\/2021\/02\/Captura-de-pantalla-2021-02-12-a-las-13.58.15-600x308.png 600w, https:\/\/fibrosisquistica.org\/wp-content\/uploads\/2021\/02\/Captura-de-pantalla-2021-02-12-a-las-13.58.15-300x154.png 300w, https:\/\/fibrosisquistica.org\/wp-content\/uploads\/2021\/02\/Captura-de-pantalla-2021-02-12-a-las-13.58.15-768x395.png 768w\" sizes=\"auto, (max-width: 944px) 100vw, 944px\" title=\"\"><a href=\"https:\/\/www.youtube.com\/watch?v=IIrz5ADRA9A&#038;list=PLUz7CS6ceqLJaIO3bGBPp8yycSuqt9S9Q&#038;index=3\" data-style=\"default\" data-parent-hover=\"\" data-font-style=\"p\" data-color=\"default\" class=\"play_button_mouse_follow large nectar_video_lightbox pp\" rel=\"nofollow noopener\" target=\"_blank\"><span><span class=\"screen-reader-text\">Play Video<\/span><span class=\"play\"><span class=\"inner-wrap inner\"><svg role=\"none\" version=\"1.1\"\n\t xmlns=\"http:\/\/www.w3.org\/2000\/svg\" xmlns:xlink=\"http:\/\/www.w3.org\/1999\/xlink\" width=\"600px\" height=\"800px\" x=\"0px\" y=\"0px\" viewbox=\"0 0 600 800\" enable-background=\"new 0 0 600 800\" xml:space=\"preserve\"><path fill=\"none\" d=\"M0-1.79v800L600,395L0-1.79z\"><\/path> <\/svg><\/span><\/span><\/span><\/a><\/div><\/div>\n\t\t<\/div> \n\t<\/div>\n\t<\/div> \n<\/div><\/div>\n\t\t\t<\/div> \n\t\t<\/div>\n\t<\/div> \n<\/div><\/div>\n\t\t<div id=\"fws_69f47efd3f34c\"  data-column-margin=\"default\" data-midnight=\"dark\"  class=\"wpb_row vc_row-fluid vc_row full-width-content vc_row-o-equal-height vc_row-flex vc_row-o-content-top\"  style=\"padding-top: 0px; padding-bottom: 0px; \"><div class=\"row-bg-wrap\" data-bg-animation=\"none\" data-bg-animation-delay=\"\" data-bg-overlay=\"false\"><div class=\"inner-wrap row-bg-layer\" ><div class=\"row-bg viewport-desktop using-bg-color\"  style=\"background-color: #e0eae4; \"><\/div><\/div><\/div><div class=\"row_col_wrap_12 col span_12 dark left\">\n\t<div  class=\"vc_col-sm-12 wpb_column column_container vc_column_container col no-extra-padding inherit_tablet inherit_phone\"  data-padding-pos=\"all\" data-has-bg-color=\"false\" data-bg-color=\"\" data-bg-opacity=\"1\" data-animation=\"\" data-delay=\"0\" >\n\t\t<div class=\"vc_column-inner\" >\n\t\t\t<div class=\"wpb_wrapper\">\n\t\t\t\t<div class=\"page-submenu\" data-bg-color=\"#e0eae4\" data-sticky=\"true\" data-alignment=\"center\"><div class=\"full-width-content\" style=\"background-color:#e0eae4; color: ;\"><a href=\"#\" class=\"mobile-menu-link\"><i class=\"salient-page-submenu-icon\"><\/i>Menu<\/a><ul style=\"background-color:#e0eae4; color: ;\"><li><a  href=\"#antibioterapia\">Antibioterapia<\/a><\/li><li><a  href=\"#fisioterapia\">Fisioterapia respiratoria<\/a><\/li><li><a  href=\"#moduladores\">Moduladores CFTR<\/a><\/li><li><a  href=\"#nutricion\">Nutrici\u00f3n<\/a><\/li><li><a  href=\"#ejercicio\">Ejercicio f\u00edsico<\/a><\/li><\/ul><\/div><\/div>\n\t\t\t<\/div> \n\t\t<\/div>\n\t<\/div> \n<\/div><\/div>\n\t\t<div id=\"antibioterapia\"  data-column-margin=\"default\" data-midnight=\"dark\" data-top-percent=\"3%\"  class=\"wpb_row vc_row-fluid vc_row full-width-section vc_row-o-equal-height vc_row-flex vc_row-o-content-middle\"  style=\"padding-top: calc(100vw * 0.03); padding-bottom: 0px; \"><div class=\"row-bg-wrap\" data-bg-animation=\"none\" data-bg-animation-delay=\"\" data-bg-overlay=\"false\"><div class=\"inner-wrap row-bg-layer using-image\" ><div class=\"row-bg viewport-desktop using-image\"  style=\"background-image: url(https:\/\/fibrosisquistica.org\/wp-content\/uploads\/2021\/01\/Artboard-15.png); background-position: left top; background-repeat: no-repeat; \"><\/div><\/div><\/div><div class=\"row_col_wrap_12 col span_12 dark left\">\n\t<div  class=\"vc_col-sm-12 wpb_column column_container vc_column_container col no-extra-padding inherit_tablet inherit_phone\"  data-padding-pos=\"right\" data-has-bg-color=\"false\" data-bg-color=\"\" data-bg-opacity=\"1\" data-animation=\"\" data-delay=\"0\" >\n\t\t<div class=\"vc_column-inner\" >\n\t\t\t<div class=\"wpb_wrapper\">\n\t\t\t\t<div id=\"fws_69f47efd3ff61\" data-midnight=\"\" data-column-margin=\"70px\" class=\"wpb_row vc_row-fluid vc_row inner_row vc_row-o-equal-height vc_row-flex vc_row-o-content-middle\"  style=\"padding-top: 4%; padding-bottom: 3%; \"><div class=\"row-bg-wrap\"> <div class=\"row-bg\" ><\/div> <\/div><div class=\"row_col_wrap_12_inner col span_12  left\">\n\t<div  class=\"vc_col-sm-6 wpb_column column_container vc_column_container col child_column centered-text padding-2-percent inherit_tablet inherit_phone\"   data-padding-pos=\"all\" data-has-bg-color=\"false\" data-bg-color=\"\" data-bg-opacity=\"1\" data-animation=\"\" data-delay=\"0\" >\n\t\t<div class=\"vc_column-inner\" >\n\t\t<div class=\"wpb_wrapper\">\n\t\t\t<div class=\"img-with-aniamtion-wrap center\" data-max-width=\"100%\" data-max-width-mobile=\"default\" data-shadow=\"none\" data-animation=\"fade-in\" >\n      <div class=\"inner\">\n        <div class=\"hover-wrap\"> \n          <div class=\"hover-wrap-inner\">\n            <img loading=\"lazy\" decoding=\"async\" class=\"img-with-animation skip-lazy\" data-delay=\"0\" height=\"941\" width=\"1249\" data-animation=\"fade-in\" src=\"https:\/\/fibrosisquistica.org\/wp-content\/uploads\/2021\/03\/federacion-espanola-fibrosis-quistica-tratamientos-fibrosis-quistica-Antibioterapia-e1617032562525.jpg\" alt=\"\" srcset=\"https:\/\/fibrosisquistica.org\/wp-content\/uploads\/2021\/03\/federacion-espanola-fibrosis-quistica-tratamientos-fibrosis-quistica-Antibioterapia-e1617032562525.jpg 1249w, https:\/\/fibrosisquistica.org\/wp-content\/uploads\/2021\/03\/federacion-espanola-fibrosis-quistica-tratamientos-fibrosis-quistica-Antibioterapia-e1617032562525-600x452.jpg 600w, https:\/\/fibrosisquistica.org\/wp-content\/uploads\/2021\/03\/federacion-espanola-fibrosis-quistica-tratamientos-fibrosis-quistica-Antibioterapia-e1617032562525-300x226.jpg 300w, https:\/\/fibrosisquistica.org\/wp-content\/uploads\/2021\/03\/federacion-espanola-fibrosis-quistica-tratamientos-fibrosis-quistica-Antibioterapia-e1617032562525-1024x771.jpg 1024w, https:\/\/fibrosisquistica.org\/wp-content\/uploads\/2021\/03\/federacion-espanola-fibrosis-quistica-tratamientos-fibrosis-quistica-Antibioterapia-e1617032562525-768x579.jpg 768w\" sizes=\"auto, (max-width: 1249px) 100vw, 1249px\" title=\"\">\n          <\/div>\n        <\/div>\n      <\/div>\n    <\/div>\n\t\t<\/div> \n\t<\/div>\n\t<\/div> \n\n\t<div  class=\"vc_col-sm-6 wpb_column column_container vc_column_container col child_column no-extra-padding inherit_tablet inherit_phone\"   data-padding-pos=\"all\" data-has-bg-color=\"false\" data-bg-color=\"\" data-bg-opacity=\"1\" data-animation=\"\" data-delay=\"0\" >\n\t\t<div class=\"vc_column-inner\" >\n\t\t<div class=\"wpb_wrapper\">\n\t\t\t\n<div class=\"wpb_text_column wpb_content_element\" >\n\t<div class=\"wpb_wrapper\">\n\t\t<h2>Antibioterapia<\/h2>\n\t<\/div>\n<\/div>\n\n\n\n<div class=\"divider-wrap\" data-alignment=\"default\"><div style=\"margin-top: 12.5px; height: 1px; margin-bottom: 12.5px;\" data-width=\"100%\" data-animate=\"yes\" data-animation-delay=\"\" data-color=\"accent-color\" class=\"divider-border\"><\/div><\/div>\n<div class=\"wpb_text_column wpb_content_element\" >\n\t<div class=\"wpb_wrapper\">\n\t\t<p><span style=\"font-weight: 400;\">La antibioterapia ha sido uno de los factores determinantes del mejor pron\u00f3stico de la Fibrosis Qu\u00edstica. Se utiliza tanto para combatir la infecci\u00f3n bronquial cr\u00f3nica como las exacerbaciones infecciosas.<\/span><\/p>\n<p><span style=\"font-weight: 400;\">En estas personas, el volumen de distribuci\u00f3n de los f\u00e1rmacos hidrof\u00edlicos (aminogl\u00fasidos y cefalosporinas) est\u00e1 incrementado como consecuencia de la malnutrici\u00f3n y p\u00e9rdida de tejido adiposo, por ello las dosis utilizadas, deben ser m\u00e1s altas de lo habitual para lograr concentraciones eficaces en las secreciones bronquiales.<\/span><\/p>\n\t<\/div>\n<\/div>\n\n\n\n\n\t\t<\/div> \n\t<\/div>\n\t<\/div> \n<\/div><\/div>\n\t\t\t<\/div> \n\t\t<\/div>\n\t<\/div> \n<\/div><\/div>\n\t\t<div id=\"fws_69f47efd40ad4\"  data-column-margin=\"default\" data-midnight=\"dark\" data-bottom-percent=\"2%\"  class=\"wpb_row vc_row-fluid vc_row vc_row-o-equal-height vc_row-flex vc_row-o-content-middle\"  style=\"padding-top: 0px; padding-bottom: calc(100vw * 0.02); \"><div class=\"row-bg-wrap\" data-bg-animation=\"none\" data-bg-animation-delay=\"\" data-bg-overlay=\"false\"><div class=\"inner-wrap row-bg-layer\" ><div class=\"row-bg viewport-desktop\"  style=\"\"><\/div><\/div><\/div><div class=\"row_col_wrap_12 col span_12 dark left\">\n\t<div  class=\"vc_col-sm-6 wpb_column column_container vc_column_container col padding-3-percent inherit_tablet inherit_phone\"  data-padding-pos=\"all\" data-has-bg-color=\"false\" data-bg-color=\"\" data-bg-opacity=\"1\" data-animation=\"\" data-delay=\"0\" >\n\t\t<div class=\"vc_column-inner\" >\n\t\t\t<div class=\"wpb_wrapper\">\n\t\t\t\t\n<div class=\"wpb_text_column wpb_content_element\" >\n\t<div class=\"wpb_wrapper\">\n\t\t<h3><strong>En qu\u00e9 consiste <\/strong><br \/>\n<strong>la antibioterapia<\/strong><\/h3>\n\t<\/div>\n<\/div>\n\n\n\n<div class=\"divider-wrap\" data-alignment=\"default\"><div style=\"margin-top: 12.5px; height: 1px; margin-bottom: 12.5px;\" data-width=\"100%\" data-animate=\"yes\" data-animation-delay=\"\" data-color=\"accent-color\" class=\"divider-border\"><\/div><\/div>\n<div class=\"wpb_text_column wpb_content_element\" >\n\t<div class=\"wpb_wrapper\">\n\t\t<p><span style=\"font-weight: 400;\">Se considera colonizaci\u00f3n\/infecci\u00f3n bronquial cr\u00f3nica el aislamiento de un microorganismo en, al menos, tres cultivos de esputo durante un periodo de seis meses. En personas con infecci\u00f3n bronquial cr\u00f3nica por Pseudomonas aeruginosa, la aerosolterapia antibi\u00f3tica a largo plazo, consigue la estabilizaci\u00f3n de la persona, reduce los brotes de exacerbaci\u00f3n y mejora la funci\u00f3n pulmonar.<\/span><\/p>\n<p><b>En la infecci\u00f3n bronquial cr\u00f3nica por otros pat\u00f3genos no existe evidencia suficiente sobre la eficacia de esta v\u00eda de administraci\u00f3n.<\/b><\/p>\n\t<\/div>\n<\/div>\n\n\n\n\n\t\t\t<\/div> \n\t\t<\/div>\n\t<\/div> \n\n\t<div  class=\"vc_col-sm-6 wpb_column column_container vc_column_container col has-animation padding-3-percent inherit_tablet inherit_phone\"  data-padding-pos=\"all\" data-has-bg-color=\"false\" data-bg-color=\"\" data-bg-opacity=\"1\" data-animation=\"fade-in-from-bottom\" data-delay=\"0\" >\n\t\t<div class=\"vc_column-inner\" >\n\t\t\t<div class=\"wpb_wrapper\">\n\t\t\t\t<div class=\"nectar-video-box\" data-color=\"accent-color\" data-mouse-style=\"default\" data-mouse-icon-color=\"\" data-play-button-size=\"default\" data-border-radius=\"none\" data-hover=\"default\" data-shadow=\"\"><div class=\"inner-wrap\"><a href=\"https:\/\/www.youtube.com\/watch?v=9fCf_g_nkC4&#038;list=PLUz7CS6ceqLL7UWnzcTtf-ikM9kOYeSNF\" class=\"full-link pp\" rel=\"nofollow noopener\" target=\"_blank\"><span class=\"screen-reader-text\">Play Video<\/span><\/a><img loading=\"lazy\" decoding=\"async\" width=\"1037\" height=\"769\" src=\"https:\/\/fibrosisquistica.org\/wp-content\/uploads\/2021\/03\/aerosolterapia-en-la-fibrosis-quistica.png\" class=\"attachment-full size-full\" alt=\"\" srcset=\"https:\/\/fibrosisquistica.org\/wp-content\/uploads\/2021\/03\/aerosolterapia-en-la-fibrosis-quistica.png 1037w, https:\/\/fibrosisquistica.org\/wp-content\/uploads\/2021\/03\/aerosolterapia-en-la-fibrosis-quistica-600x445.png 600w, https:\/\/fibrosisquistica.org\/wp-content\/uploads\/2021\/03\/aerosolterapia-en-la-fibrosis-quistica-300x222.png 300w, https:\/\/fibrosisquistica.org\/wp-content\/uploads\/2021\/03\/aerosolterapia-en-la-fibrosis-quistica-1024x759.png 1024w, https:\/\/fibrosisquistica.org\/wp-content\/uploads\/2021\/03\/aerosolterapia-en-la-fibrosis-quistica-768x570.png 768w\" sizes=\"auto, (max-width: 1037px) 100vw, 1037px\" title=\"\"><a href=\"https:\/\/www.youtube.com\/watch?v=9fCf_g_nkC4&#038;list=PLUz7CS6ceqLL7UWnzcTtf-ikM9kOYeSNF\" data-style=\"default\" data-parent-hover=\"\" data-font-style=\"p\" data-color=\"default\" class=\"play_button_mouse_follow large nectar_video_lightbox pp\" rel=\"nofollow noopener\" target=\"_blank\"><span><span class=\"screen-reader-text\">Play Video<\/span><span class=\"play\"><span class=\"inner-wrap inner\"><svg role=\"none\" version=\"1.1\"\n\t xmlns=\"http:\/\/www.w3.org\/2000\/svg\" xmlns:xlink=\"http:\/\/www.w3.org\/1999\/xlink\" width=\"600px\" height=\"800px\" x=\"0px\" y=\"0px\" viewbox=\"0 0 600 800\" enable-background=\"new 0 0 600 800\" xml:space=\"preserve\"><path fill=\"none\" d=\"M0-1.79v800L600,395L0-1.79z\"><\/path> <\/svg><\/span><\/span><\/span><\/a><\/div><\/div>\n\t\t\t<\/div> \n\t\t<\/div>\n\t<\/div> \n<\/div><\/div>\n\t\t<div id=\"fws_69f47efd4150a\"  data-column-margin=\"default\" data-midnight=\"dark\" data-top-percent=\"3%\" data-bottom-percent=\"3%\"  class=\"wpb_row vc_row-fluid vc_row full-width-section vc_row-o-equal-height vc_row-flex vc_row-o-content-middle\"  style=\"padding-top: calc(100vw * 0.03); padding-bottom: calc(100vw * 0.03); \"><div class=\"row-bg-wrap\" data-bg-animation=\"none\" data-bg-animation-delay=\"\" data-bg-overlay=\"true\"><div class=\"inner-wrap row-bg-layer using-image\" ><div class=\"row-bg viewport-desktop using-image using-bg-color\"  style=\"background-image: url(https:\/\/fibrosisquistica.org\/wp-content\/uploads\/2021\/02\/alina-grubnyak-ZiQkhI7417A-unsplash-scaled.jpg); background-position: center top; background-repeat: no-repeat; background-color: #dae5de; \"><\/div><\/div><div class=\"row-bg-overlay row-bg-layer\" style=\"background-color:#f9f9f9;  opacity: 0.95; \"><\/div><\/div><div class=\"row_col_wrap_12 col span_12 dark left\">\n\t<div  class=\"vc_col-sm-6 wpb_column column_container vc_column_container col has-animation padding-3-percent inherit_tablet inherit_phone\"  data-padding-pos=\"left-right\" data-has-bg-color=\"false\" data-bg-color=\"\" data-bg-opacity=\"1\" data-animation=\"fade-in-from-bottom\" data-delay=\"0\" >\n\t\t<div class=\"vc_column-inner\" >\n\t\t\t<div class=\"wpb_wrapper\">\n\t\t\t\t<div class=\"nectar-highlighted-text\" data-style=\"regular_underline\" data-exp=\"default\" data-underline-thickness=\"2px\" data-using-custom-color=\"true\" data-animation-delay=\"false\" data-color=\"#f2935b\" data-color-gradient=\"\" style=\"\"><h3 style=\"text-align: right\">En tratamientos antibi\u00f3ticos de exacerbaciones respiratorias <em>leves o moderadas<\/em>, debe utilizarse la v\u00eda oral siempre que sea posible<\/h3>\n<\/div>\n\t\t\t<\/div> \n\t\t<\/div>\n\t<\/div> \n\n\t<div  class=\"vc_col-sm-6 wpb_column column_container vc_column_container col padding-4-percent inherit_tablet inherit_phone\"  data-border-animation=\"true\" data-border-animation-delay=\"\" data-border-width=\"1px\" data-border-style=\"solid\" data-border-color=\"#f2935c\" data-padding-pos=\"all\" data-has-bg-color=\"false\" data-bg-color=\"\" data-bg-opacity=\"1\" data-animation=\"\" data-delay=\"0\" >\n\t\t<div class=\"vc_column-inner\" style=\"border: 1px solid rgba(255,255,255,0); \"><span class=\"border-wrap\" style=\"border-color: #f2935c;\"><span class=\"border-top\"><\/span><span class=\"border-right\"><\/span><span class=\"border-bottom\"><\/span><span class=\"border-left\"><\/span><\/span>\n\t\t\t<div class=\"wpb_wrapper\">\n\t\t\t\t\n<div class=\"wpb_text_column wpb_content_element\" >\n\t<div class=\"wpb_wrapper\">\n\t\t<p style=\"text-align: left;\">As\u00ed como antibi\u00f3ticos de amplio espectro, habitualmente en ciclos de dos semanas, que cubran los microorganismos aislados m\u00e1s frecuentemente en el esputo.<\/p>\n\t<\/div>\n<\/div>\n\n\n\n\n<div class=\"wpb_text_column wpb_content_element\" >\n\t<div class=\"wpb_wrapper\">\n\t\t<p><strong>Los casos de exacerbaciones respiratorias graves requieren tratamiento endovenoso con uno o m\u00e1s f\u00e1rmacos seg\u00fan la sensibilidad del pat\u00f3geno responsable.<\/strong><\/p>\n<p>La v\u00eda intravenosa debe ser tambi\u00e9n utilizada en caso de resistencias, o de ineficacia de los antibi\u00f3ticos administrados por v\u00eda oral.<\/p>\n\t<\/div>\n<\/div>\n\n\n\n\n\t\t\t<\/div> \n\t\t<\/div>\n\t<\/div> \n<\/div><\/div>\n\t\t<div id=\"fisioterapia\"  data-column-margin=\"default\" data-midnight=\"dark\" data-top-percent=\"8%\" data-bottom-percent=\"1%\"  class=\"wpb_row vc_row-fluid vc_row vc_row-o-equal-height vc_row-flex vc_row-o-content-middle\"  style=\"padding-top: calc(100vw * 0.08); padding-bottom: calc(100vw * 0.01); \"><div class=\"row-bg-wrap\" data-bg-animation=\"none\" data-bg-animation-delay=\"\" data-bg-overlay=\"false\"><div class=\"inner-wrap row-bg-layer\" ><div class=\"row-bg viewport-desktop using-bg-color\"  style=\"background-color: #ffffff; \"><\/div><\/div><\/div><div class=\"row_col_wrap_12 col span_12 dark left\">\n\t<div  class=\"vc_col-sm-6 wpb_column column_container vc_column_container col padding-3-percent inherit_tablet inherit_phone\"  data-padding-pos=\"left-right\" data-has-bg-color=\"false\" data-bg-color=\"\" data-bg-opacity=\"1\" data-animation=\"\" data-delay=\"0\" >\n\t\t<div class=\"vc_column-inner\" >\n\t\t\t<div class=\"wpb_wrapper\">\n\t\t\t\t\n<div class=\"wpb_text_column wpb_content_element\" >\n\t<div class=\"wpb_wrapper\">\n\t\t<h2 style=\"text-align: left;\">Fisioterapia respiratoria<\/h2>\n\t<\/div>\n<\/div>\n\n\n\n<div class=\"divider-wrap\" data-alignment=\"default\"><div style=\"margin-top: 12.5px; height: 1px; margin-bottom: 12.5px;\" data-width=\"100%\" data-animate=\"yes\" data-animation-delay=\"\" data-color=\"accent-color\" class=\"divider-border\"><\/div><\/div>\n\t\t\t<\/div> \n\t\t<\/div>\n\t<\/div> \n\n\t<div  class=\"vc_col-sm-6 wpb_column column_container vc_column_container col no-extra-padding inherit_tablet inherit_phone\"  data-padding-pos=\"all\" data-has-bg-color=\"false\" data-bg-color=\"\" data-bg-opacity=\"1\" data-animation=\"\" data-delay=\"0\" >\n\t\t<div class=\"vc_column-inner\" >\n\t\t\t<div class=\"wpb_wrapper\">\n\t\t\t\t\n<div class=\"wpb_text_column wpb_content_element\" >\n\t<div class=\"wpb_wrapper\">\n\t\t<p><span style=\"font-weight: 400;\">La fisioterapia respiratoria consiste b\u00e1sicamente en la limpieza bronquial diaria, con el fin de evitar la acumulaci\u00f3n de mucosidad en los bronquios y prevenir la infecci\u00f3n.<\/span><\/p>\n\t<\/div>\n<\/div>\n\n\n\n\n\t\t\t<\/div> \n\t\t<\/div>\n\t<\/div> \n<\/div><\/div>\n\t\t<div id=\"fws_69f47efd425b6\"  data-column-margin=\"default\" data-midnight=\"dark\"  class=\"wpb_row vc_row-fluid vc_row vc_row-o-equal-height vc_row-flex vc_row-o-content-middle\"  style=\"padding-top: 0px; padding-bottom: 0px; \"><div class=\"row-bg-wrap\" data-bg-animation=\"none\" data-bg-animation-delay=\"\" data-bg-overlay=\"false\"><div class=\"inner-wrap row-bg-layer\" ><div class=\"row-bg viewport-desktop\"  style=\"\"><\/div><\/div><\/div><div class=\"row_col_wrap_12 col span_12 dark left\">\n\t<div  class=\"vc_col-sm-6 wpb_column column_container vc_column_container col padding-3-percent inherit_tablet inherit_phone\"  data-padding-pos=\"left-right\" data-has-bg-color=\"false\" data-bg-color=\"\" data-bg-opacity=\"1\" data-animation=\"\" data-delay=\"0\" >\n\t\t<div class=\"vc_column-inner\" >\n\t\t\t<div class=\"wpb_wrapper\">\n\t\t\t\t\n<div class=\"wpb_text_column wpb_content_element\" >\n\t<div class=\"wpb_wrapper\">\n\t\t<h4>La utilizaci\u00f3n de las diferentes t\u00e9cnicas de fisioterapia respiratoria va a depender de la situaci\u00f3n del paciente, su edad y grado de colaboraci\u00f3n.<\/h4>\n\t<\/div>\n<\/div>\n\n\n\n\n<div class=\"wpb_text_column wpb_content_element\" >\n\t<div class=\"wpb_wrapper\">\n\t\t<p><span style=\"font-weight: 400;\">Para que sean verdaderamente efectivas es muy importante que los <\/span><span style=\"font-weight: 400;\">familiares <\/span><span style=\"font-weight: 400;\">y personas con FQ comprendan claramente las explicaciones del fisioterapeuta y las revisen peri\u00f3dicamente.<\/span><span style=\"font-weight: 400;\"><br \/>\n<\/span><\/p>\n<p><strong>Es fundamental la constancia en el tratamiento<\/strong> y lo \u00fanico que variaremos ser\u00e1 el n\u00famero de sesiones diarias dependiendo de la situaci\u00f3n de la persona, aunque la fisioterapia respiratoria debe formar parte de la actividad cotidiana de una persona con Fibrosis Qu\u00edstica.<\/p>\n\t<\/div>\n<\/div>\n\n\n\n\n\t\t\t<\/div> \n\t\t<\/div>\n\t<\/div> \n\n\t<div  class=\"vc_col-sm-6 wpb_column column_container vc_column_container col has-animation padding-3-percent inherit_tablet inherit_phone\"  data-padding-pos=\"all\" data-has-bg-color=\"false\" data-bg-color=\"\" data-bg-opacity=\"1\" data-animation=\"fade-in-from-bottom\" data-delay=\"0\" >\n\t\t<div class=\"vc_column-inner\" >\n\t\t\t<div class=\"wpb_wrapper\">\n\t\t\t\t<div class=\"nectar-video-box\" data-color=\"accent-color\" data-mouse-style=\"default\" data-mouse-icon-color=\"\" data-play-button-size=\"default\" data-border-radius=\"none\" data-hover=\"default\" data-shadow=\"\"><div class=\"inner-wrap\"><a href=\"https:\/\/youtu.be\/NPl_tyn1pKk\" class=\"full-link pp\" rel=\"nofollow noopener\" target=\"_blank\"><span class=\"screen-reader-text\">Play Video<\/span><\/a><img loading=\"lazy\" decoding=\"async\" width=\"1037\" height=\"769\" src=\"https:\/\/fibrosisquistica.org\/wp-content\/uploads\/2021\/03\/fisioterapia-respiratoria-en-la-fibrosis-quistica.png\" class=\"attachment-full size-full\" alt=\"\" srcset=\"https:\/\/fibrosisquistica.org\/wp-content\/uploads\/2021\/03\/fisioterapia-respiratoria-en-la-fibrosis-quistica.png 1037w, https:\/\/fibrosisquistica.org\/wp-content\/uploads\/2021\/03\/fisioterapia-respiratoria-en-la-fibrosis-quistica-600x445.png 600w, https:\/\/fibrosisquistica.org\/wp-content\/uploads\/2021\/03\/fisioterapia-respiratoria-en-la-fibrosis-quistica-300x222.png 300w, https:\/\/fibrosisquistica.org\/wp-content\/uploads\/2021\/03\/fisioterapia-respiratoria-en-la-fibrosis-quistica-1024x759.png 1024w, https:\/\/fibrosisquistica.org\/wp-content\/uploads\/2021\/03\/fisioterapia-respiratoria-en-la-fibrosis-quistica-768x570.png 768w\" sizes=\"auto, (max-width: 1037px) 100vw, 1037px\" title=\"\"><a href=\"https:\/\/youtu.be\/NPl_tyn1pKk\" data-style=\"default\" data-parent-hover=\"\" data-font-style=\"p\" data-color=\"default\" class=\"play_button_mouse_follow large nectar_video_lightbox pp\" rel=\"nofollow noopener\" target=\"_blank\"><span><span class=\"screen-reader-text\">Play Video<\/span><span class=\"play\"><span class=\"inner-wrap inner\"><svg role=\"none\" version=\"1.1\"\n\t xmlns=\"http:\/\/www.w3.org\/2000\/svg\" xmlns:xlink=\"http:\/\/www.w3.org\/1999\/xlink\" width=\"600px\" height=\"800px\" x=\"0px\" y=\"0px\" viewbox=\"0 0 600 800\" enable-background=\"new 0 0 600 800\" xml:space=\"preserve\"><path fill=\"none\" d=\"M0-1.79v800L600,395L0-1.79z\"><\/path> <\/svg><\/span><\/span><\/span><\/a><\/div><\/div>\n\t\t\t<\/div> \n\t\t<\/div>\n\t<\/div> \n<\/div><\/div>\n\t\t<div id=\"fws_69f47efd42ec8\"  data-column-margin=\"default\" data-midnight=\"dark\" data-bottom-percent=\"5%\"  class=\"wpb_row vc_row-fluid vc_row full-width-section\"  style=\"padding-top: 0px; padding-bottom: calc(100vw * 0.05); \"><div class=\"row-bg-wrap\" data-bg-animation=\"none\" data-bg-animation-delay=\"\" data-bg-overlay=\"false\"><div class=\"inner-wrap row-bg-layer\" ><div class=\"row-bg viewport-desktop using-bg-color\"  style=\"background-color: #ffffff; \"><\/div><\/div><\/div><div class=\"row_col_wrap_12 col span_12 dark left\">\n\t<div  class=\"vc_col-sm-12 wpb_column column_container vc_column_container col padding-4-percent inherit_tablet inherit_phone\"  data-border-animation=\"true\" data-border-animation-delay=\"\" data-border-width=\"1px\" data-border-style=\"solid\" data-border-color=\"#f2935c\" data-padding-pos=\"all\" data-has-bg-color=\"false\" data-bg-color=\"\" data-bg-opacity=\"1\" data-animation=\"\" data-delay=\"0\" >\n\t\t<div class=\"vc_column-inner\" style=\"border: 1px solid rgba(255,255,255,0); \"><span class=\"border-wrap\" style=\"border-color: #f2935c;\"><span class=\"border-top\"><\/span><span class=\"border-right\"><\/span><span class=\"border-bottom\"><\/span><span class=\"border-left\"><\/span><\/span>\n\t\t\t<div class=\"wpb_wrapper\">\n\t\t\t\t<div id=\"fws_69f47efd4321b\" data-midnight=\"\" data-column-margin=\"default\" class=\"wpb_row vc_row-fluid vc_row inner_row vc_row-o-equal-height vc_row-flex vc_row-o-content-middle\"  style=\"\"><div class=\"row-bg-wrap\"> <div class=\"row-bg\" ><\/div> <\/div><div class=\"row_col_wrap_12_inner col span_12  left\">\n\t<div  class=\"vc_col-sm-6 wpb_column column_container vc_column_container col child_column padding-2-percent inherit_tablet inherit_phone\"   data-padding-pos=\"all\" data-has-bg-color=\"false\" data-bg-color=\"\" data-bg-opacity=\"1\" data-animation=\"\" data-delay=\"0\" >\n\t\t<div class=\"vc_column-inner\" >\n\t\t<div class=\"wpb_wrapper\">\n\t\t\t\n<div class=\"wpb_text_column wpb_content_element\" >\n\t<div class=\"wpb_wrapper\">\n\t\t<h3 style=\"text-align: left;\">T\u00e9cnicas de fisioterapia<br \/>\n<strong>para Fibrosis Qu\u00edstica<\/strong><\/h3>\n\t<\/div>\n<\/div>\n\n\n\n\n<div class=\"wpb_text_column wpb_content_element\" >\n\t<div class=\"wpb_wrapper\">\n\t\t<p><span style=\"font-weight: 400;\">Dichas maniobras de expulsi\u00f3n del moco consisten en realizar una serie de respiraciones acompa\u00f1adas de tos coloc\u00e1ndose el paciente en diferentes posturas con el fin de eliminar las secreciones.<\/span><\/p>\n\t<\/div>\n<\/div>\n\n\n\n\n\t\t<\/div> \n\t<\/div>\n\t<\/div> \n\n\t<div style=\"\" class=\"vc_col-sm-6 wpb_column column_container vc_column_container col child_column padding-3-percent inherit_tablet inherit_phone\"  data-using-bg=\"true\" data-padding-pos=\"all\" data-has-bg-color=\"true\" data-bg-color=\"#dae5de\" data-bg-opacity=\"1\" data-animation=\"\" data-delay=\"0\" >\n\t\t<div class=\"vc_column-inner\" ><div class=\"column-bg-overlay-wrap column-bg-layer\" data-bg-animation=\"none\"><div class=\"column-bg-overlay\" style=\"opacity: 1; background-color: #dae5de;\"><\/div><\/div>\n\t\t<div class=\"wpb_wrapper\">\n\t\t\t\n<div class=\"wpb_text_column wpb_content_element\" >\n\t<div class=\"wpb_wrapper\">\n\t\t<p><span style=\"font-weight: 400;\">La Asociaci\u00f3n Madrile\u00f1a de FQ ha editado un \u201cManual de Fisioterapia Respiratoria para personas con Fibrosis Qu\u00edstica\u201d, <\/span><span style=\"font-weight: 400;\">que ha contado con la colaboraci\u00f3n del Grupo Espa\u00f1ol de Fisioterapia para la FQ.<\/span><\/p>\n\t<\/div>\n<\/div>\n\n\n\n<div class=\"nectar-cta  alignment_tablet_default alignment_phone_default display_tablet_inherit display_phone_inherit\" data-color=\"default\" data-using-bg=\"false\" data-style=\"arrow-animation\" data-display=\"block\" data-alignment=\"left\" data-text-color=\"custom\" ><h6 style=\"color: #000000;\"><span class=\"link_wrap\" ><a target=\"_blank\" class=\"link_text\" role=\"button\" href=\"https:\/\/fibrosisquistica.org\/wp-content\/uploads\/2021\/05\/Manual-Fisioterapira-Respiratoria-FQ-VOL-I-pliegos-WEB-188MB.pdf\"><span class=\"text\">Descargar Volumen I del manual<\/span><svg class=\"next-arrow\" aria-hidden=\"true\" width=\"20px\" height=\"25px\" viewbox=\"0 0 50 80\" xml:space=\"preserve\">\n  <polyline stroke=\"#ffffff\" stroke-width=\"9\" fill=\"none\" stroke-linecap=\"round\" stroke-linejoin=\"round\" points=\"0, 0 45, 40 0, 80\"\/>\n  <\/svg>  <span aria-hidden=\"true\" class=\"line\"  style=\"background-color: #000000;\"><\/span> <\/a><\/span><\/h6><\/div><div class=\"nectar-cta  alignment_tablet_default alignment_phone_default display_tablet_inherit display_phone_inherit\" data-color=\"default\" data-using-bg=\"false\" data-style=\"arrow-animation\" data-display=\"block\" data-alignment=\"left\" data-text-color=\"custom\" ><h6 style=\"color: #000000;\"><span class=\"link_wrap\" ><a target=\"_blank\" class=\"link_text\" role=\"button\" href=\"https:\/\/fibrosisquistica.org\/wp-content\/uploads\/2021\/05\/Manual-Fisioterapira-Respiratoria-FQ-VOL-II-pliegos-WEB-173MB.pdf\"><span class=\"text\">Descargar Volumen II del manual<\/span><svg class=\"next-arrow\" aria-hidden=\"true\" width=\"20px\" height=\"25px\" viewbox=\"0 0 50 80\" xml:space=\"preserve\">\n  <polyline stroke=\"#ffffff\" stroke-width=\"9\" fill=\"none\" stroke-linecap=\"round\" stroke-linejoin=\"round\" points=\"0, 0 45, 40 0, 80\"\/>\n  <\/svg>  <span aria-hidden=\"true\" class=\"line\"  style=\"background-color: #000000;\"><\/span> <\/a><\/span><\/h6><\/div>\n\t\t<\/div> \n\t<\/div>\n\t<\/div> \n<\/div><\/div>\n\t\t\t<\/div> \n\t\t<\/div>\n\t<\/div> \n<\/div><\/div>\n\t\t<div id=\"moduladores\"  data-column-margin=\"default\" data-midnight=\"dark\" data-top-percent=\"7%\" data-bottom-percent=\"5%\"  class=\"wpb_row vc_row-fluid vc_row full-width-section vc_row-o-equal-height vc_row-flex vc_row-o-content-top\"  style=\"padding-top: calc(100vw * 0.07); padding-bottom: calc(100vw * 0.05); \"><div class=\"row-bg-wrap\" data-bg-animation=\"none\" data-bg-animation-delay=\"\" data-bg-overlay=\"true\"><div class=\"inner-wrap row-bg-layer using-image\" ><div class=\"row-bg viewport-desktop using-image\"  style=\"background-image: url(https:\/\/fibrosisquistica.org\/wp-content\/uploads\/2021\/01\/Artboard-16.png); background-position: center top; background-repeat: no-repeat; \"><\/div><\/div><div class=\"row-bg-overlay row-bg-layer\" style=\"background: #e0eae4; background: linear-gradient(to bottom,#e0eae4 0%,#ffffff 100%);  opacity: 0.8; \"><\/div><\/div><div class=\"row_col_wrap_12 col span_12 dark left\">\n\t<div  class=\"vc_col-sm-6 wpb_column column_container vc_column_container col has-animation padding-3-percent inherit_tablet inherit_phone\"  data-padding-pos=\"left-right\" data-has-bg-color=\"false\" data-bg-color=\"\" data-bg-opacity=\"1\" data-animation=\"fade-in-from-bottom\" data-delay=\"0\" >\n\t\t<div class=\"vc_column-inner\" >\n\t\t\t<div class=\"wpb_wrapper\">\n\t\t\t\t\n<div class=\"wpb_text_column wpb_content_element\" >\n\t<div class=\"wpb_wrapper\">\n\t\t<h2>Moduladores de<br \/>\nla prote\u00edna CFTR<\/h2>\n\t<\/div>\n<\/div>\n\n\n\n<div class=\"divider-wrap\" data-alignment=\"default\"><div style=\"margin-top: 12.5px; height: 1px; margin-bottom: 12.5px;\" data-width=\"100%\" data-animate=\"yes\" data-animation-delay=\"\" data-color=\"accent-color\" class=\"divider-border\"><\/div><\/div>\n<div class=\"wpb_text_column wpb_content_element\" >\n\t<div class=\"wpb_wrapper\">\n\t\t<p class=\"p1\"><span class=\"s1\">En los \u00faltimos a\u00f1os han ido apareciendo nuevos tratamientos con medicamentos moduladores de la prote\u00edna CFTR.<\/span><\/p>\n\t<\/div>\n<\/div>\n\n\n\n\n<div class=\"wpb_text_column wpb_content_element\" >\n\t<div class=\"wpb_wrapper\">\n\t\t<p><span style=\"font-weight: 400;\">Son unos medicamentos innovadores que tratan la causa subyacente de la Fibrosis Qu\u00edstica y no sus s\u00edntomas, frenando el deterioro que produce la enfermedad.<\/span><\/p>\n\t<\/div>\n<\/div>\n\n\n\n\n\t\t\t<\/div> \n\t\t<\/div>\n\t<\/div> \n\n\t<div  class=\"vc_col-sm-6 wpb_column column_container vc_column_container col no-extra-padding inherit_tablet inherit_phone\"  data-padding-pos=\"all\" data-has-bg-color=\"false\" data-bg-color=\"\" data-bg-opacity=\"1\" data-animation=\"\" data-delay=\"0\" >\n\t\t<div class=\"vc_column-inner\" >\n\t\t\t<div class=\"wpb_wrapper\">\n\t\t\t\t\n<div class=\"wpb_text_column wpb_content_element\" >\n\t<div class=\"wpb_wrapper\">\n\t\t<p><strong>De momento en Espa\u00f1a est\u00e1n aprobados y financiados por el SNS los medicamentos:<\/strong><\/p>\n\t<\/div>\n<\/div>\n\n\n\n<div class=\"toggles\" data-br=\"\" data-starting=\"default\" data-style=\"minimal\"><div class=\"toggle default\" data-inner-wrap=\"true\"><h3 class=\"toggle-title\"><a href=\"#\" role=\"button\" class=\"toggle-heading\"><i role=\"presentation\" class=\"fa fa-plus-circle\"><\/i>KALYDECO<\/a><\/h3><div><div class=\"inner-toggle-wrap\">\n<div class=\"wpb_text_column wpb_content_element\" >\n\t<div class=\"wpb_wrapper\">\n\t\t<p>Indicado para personas con FQ de 4 meses de edad y mayores, con al menos una de estas mutaciones espec\u00edficas: <strong>G551D, G1244E,<br \/>\nG1349D, G178R, G551S, S1251N, S1255P, S549N, S549R y<\/strong>\u00a0<strong>R117H.<\/strong><\/p>\n<p>Principios activos: <strong>Ivacaftor<\/strong><\/p>\n\t<\/div>\n<\/div>\n\n\n\n<div class=\"nectar-cta  alignment_tablet_default alignment_phone_default display_tablet_inherit display_phone_inherit\" data-color=\"default\" data-using-bg=\"false\" data-style=\"arrow-animation\" data-display=\"block\" data-alignment=\"left\" data-text-color=\"custom\" ><h6 style=\"color: #000000;\"><span class=\"link_wrap\" ><a  class=\"link_text\" role=\"button\" href=\"https:\/\/cima.aemps.es\/cima\/dochtml\/ft\/112782001\/FT_112782001.html\"><span class=\"text\">Ficha t\u00e9cnica AEMPS<\/span><svg class=\"next-arrow\" aria-hidden=\"true\" width=\"20px\" height=\"25px\" viewbox=\"0 0 50 80\" xml:space=\"preserve\">\n  <polyline stroke=\"#ffffff\" stroke-width=\"9\" fill=\"none\" stroke-linecap=\"round\" stroke-linejoin=\"round\" points=\"0, 0 45, 40 0, 80\"\/>\n  <\/svg>  <span aria-hidden=\"true\" class=\"line\"  style=\"background-color: #000000;\"><\/span> <\/a><\/span><\/h6><\/div><\/div><\/div><\/div><div class=\"toggle default\" data-inner-wrap=\"true\"><h3 class=\"toggle-title\"><a href=\"#\" role=\"button\" class=\"toggle-heading\"><i role=\"presentation\" class=\"fa fa-plus-circle\"><\/i>ORKAMBI<\/a><\/h3><div><div class=\"inner-toggle-wrap\">\n<div class=\"wpb_text_column wpb_content_element\" >\n\t<div class=\"wpb_wrapper\">\n\t\t<p>Indicado para personas con FQ a partir de 1 a\u00f1o con dos copias de la mutaci\u00f3n <strong>F508del<\/strong><\/p>\n<p>Principios activos:\u00a0<strong>Ivacaftor\u00a0<\/strong>\/ <strong>L<\/strong><strong>umacaftor<\/strong><\/p>\n\t<\/div>\n<\/div>\n\n\n\n<div class=\"nectar-cta  alignment_tablet_default alignment_phone_default display_tablet_inherit display_phone_inherit\" data-color=\"default\" data-using-bg=\"false\" data-style=\"arrow-animation\" data-display=\"block\" data-alignment=\"left\" data-text-color=\"custom\" ><h6 style=\"color: #000000;\"><span class=\"link_wrap\" ><a  class=\"link_text\" role=\"button\" href=\"https:\/\/cima.aemps.es\/cima\/dochtml\/ft\/1151059006\/FT_1151059006.html\"><span class=\"text\">Ficha t\u00e9cnica AEMPS<\/span><svg class=\"next-arrow\" aria-hidden=\"true\" width=\"20px\" height=\"25px\" viewbox=\"0 0 50 80\" xml:space=\"preserve\">\n  <polyline stroke=\"#ffffff\" stroke-width=\"9\" fill=\"none\" stroke-linecap=\"round\" stroke-linejoin=\"round\" points=\"0, 0 45, 40 0, 80\"\/>\n  <\/svg>  <span aria-hidden=\"true\" class=\"line\"  style=\"background-color: #000000;\"><\/span> <\/a><\/span><\/h6><\/div><\/div><\/div><\/div><div class=\"toggle default\" data-inner-wrap=\"true\"><h3 class=\"toggle-title\"><a href=\"#\" role=\"button\" class=\"toggle-heading\"><i role=\"presentation\" class=\"fa fa-plus-circle\"><\/i>SYMKEVI<\/a><\/h3><div><div class=\"inner-toggle-wrap\">\n<div class=\"wpb_text_column wpb_content_element\" >\n\t<div class=\"wpb_wrapper\">\n\t\t<p>Indicado para personas con FQ a partir de 6 a\u00f1os con dos copias de la mutaci\u00f3n\u00a0<strong>F508del<\/strong>, as\u00ed como personas con una sola copia\u00a0<strong>F508del<\/strong>\u00a0m\u00e1s una de las siguientes 14 mutaciones de funci\u00f3n residual:\u00a0<strong>P67L, R117C, L206W, R352Q, A455E, D579G, 711 + 3A \u2192 G, S945L, S977F, R1070W, D1152H, 2789 + 5G \u2192 A, 3272-26A \u2192 G, y 3849 + 10kbC \u2192 T)<\/strong><\/p>\n<p>Principios activos:\u00a0<strong>Ivacaftor\u00a0<\/strong>\/ <strong>T<\/strong><strong>ezacaftor<\/strong><\/p>\n\t<\/div>\n<\/div>\n\n\n\n<div class=\"nectar-cta  alignment_tablet_default alignment_phone_default display_tablet_inherit display_phone_inherit\" data-color=\"default\" data-using-bg=\"false\" data-style=\"arrow-animation\" data-display=\"block\" data-alignment=\"left\" data-text-color=\"custom\" ><h6 style=\"color: #000000;\"><span class=\"link_wrap\" ><a  class=\"link_text\" role=\"button\" href=\"https:\/\/cima.aemps.es\/cima\/dochtml\/ft\/1181306001\/FT_1181306001.html\"><span class=\"text\">Ficha t\u00e9cnica AEMPS<\/span><svg class=\"next-arrow\" aria-hidden=\"true\" width=\"20px\" height=\"25px\" viewbox=\"0 0 50 80\" xml:space=\"preserve\">\n  <polyline stroke=\"#ffffff\" stroke-width=\"9\" fill=\"none\" stroke-linecap=\"round\" stroke-linejoin=\"round\" points=\"0, 0 45, 40 0, 80\"\/>\n  <\/svg>  <span aria-hidden=\"true\" class=\"line\"  style=\"background-color: #000000;\"><\/span> <\/a><\/span><\/h6><\/div><\/div><\/div><\/div><\/div>\n\n\n\n\n\n\n\n\n\n\n\n\n\n\n\n\n\n\n\n<div class=\"toggles\" data-br=\"\" data-starting=\"default\" data-style=\"minimal\"><div class=\"toggle extra-color-3\" data-inner-wrap=\"true\"><h3 class=\"toggle-title\"><a href=\"#\" role=\"button\" class=\"toggle-heading\"><i role=\"presentation\" class=\"fa fa-plus-circle\"><\/i>KAFTRIO<\/a><\/h3><div><div class=\"inner-toggle-wrap\">\n<div class=\"wpb_text_column wpb_content_element\" >\n\t<div class=\"wpb_wrapper\">\n\t\t<p>Indicado para personas con FQ de 2 a\u00f1os en adelante con al menos una mutaci\u00f3n <strong>F508del.<\/strong><\/p>\n<p>Principios activos: <strong>Ivacaftor <\/strong>\/\u00a0<strong>Tezacaftor\u00a0<\/strong>\/\u00a0<strong>Elexacaftor<\/strong><\/p>\n\t<\/div>\n<\/div>\n\n\n\n<div class=\"nectar-cta  alignment_tablet_default alignment_phone_default display_tablet_inherit display_phone_inherit\" data-color=\"default\" data-using-bg=\"false\" data-style=\"arrow-animation\" data-display=\"block\" data-alignment=\"left\" data-text-color=\"custom\" ><h6 style=\"color: #000000;\"><span class=\"link_wrap\" ><a  class=\"link_text\" role=\"button\" href=\"https:\/\/cima.aemps.es\/cima\/dochtml\/ft\/1201468001\/FT_1201468001.html\"><span class=\"text\">Ficha t\u00e9cnica AEMPS<\/span><svg class=\"next-arrow\" aria-hidden=\"true\" width=\"20px\" height=\"25px\" viewbox=\"0 0 50 80\" xml:space=\"preserve\">\n  <polyline stroke=\"#ffffff\" stroke-width=\"9\" fill=\"none\" stroke-linecap=\"round\" stroke-linejoin=\"round\" points=\"0, 0 45, 40 0, 80\"\/>\n  <\/svg>  <span aria-hidden=\"true\" class=\"line\"  style=\"background-color: #000000;\"><\/span> <\/a><\/span><\/h6><\/div><\/div><\/div><\/div><\/div>\n\n\n\n\n\n\n\n\n\n\n\n\n\n\n\n\n\n\n\n\n\t\t\t<\/div> \n\t\t<\/div>\n\t<\/div> \n<\/div><\/div>\n\t\t<div id=\"nutricion\"  data-column-margin=\"default\" data-midnight=\"light\" data-top-percent=\"6%\" data-bottom-percent=\"6%\"  class=\"wpb_row vc_row-fluid vc_row vc_row-o-equal-height vc_row-flex vc_row-o-content-middle\"  style=\"padding-top: calc(100vw * 0.06); padding-bottom: calc(100vw * 0.06); \"><div class=\"row-bg-wrap\" data-bg-animation=\"none\" data-bg-animation-delay=\"\" data-bg-overlay=\"true\"><div class=\"inner-wrap row-bg-layer using-image\" ><div class=\"row-bg viewport-desktop using-image\"  style=\"background-image: url(https:\/\/fibrosisquistica.org\/wp-content\/uploads\/2021\/03\/federacion-espanola-fibrosis-quistica-alimentacion-nutricion-enzimas-pancrea\u0301ticas.jpg); background-position: center center; background-repeat: no-repeat; \"><\/div><\/div><div class=\"row-bg-overlay row-bg-layer\" style=\"background-color:#000000;  opacity: 0.8; \"><\/div><\/div><div class=\"row_col_wrap_12 col span_12 light left\">\n\t<div  class=\"vc_col-sm-12 wpb_column column_container vc_column_container col padding-7-percent inherit_tablet inherit_phone\"  data-padding-pos=\"left-right\" data-has-bg-color=\"false\" data-bg-color=\"\" data-bg-opacity=\"1\" data-animation=\"\" data-delay=\"0\" >\n\t\t<div class=\"vc_column-inner\" >\n\t\t\t<div class=\"wpb_wrapper\">\n\t\t\t\t<div id=\"fws_69f47efd4597f\" data-midnight=\"\" data-column-margin=\"50px\" class=\"wpb_row vc_row-fluid vc_row inner_row vc_row-o-equal-height vc_row-flex vc_row-o-content-middle\"  style=\"\"><div class=\"row-bg-wrap\"> <div class=\"row-bg\" ><\/div> <\/div><div class=\"row_col_wrap_12_inner col span_12  left\">\n\t<div  class=\"vc_col-sm-6 wpb_column column_container vc_column_container col child_column no-extra-padding inherit_tablet inherit_phone\"   data-padding-pos=\"all\" data-has-bg-color=\"false\" data-bg-color=\"\" data-bg-opacity=\"1\" data-animation=\"\" data-delay=\"0\" >\n\t\t<div class=\"vc_column-inner\" >\n\t\t<div class=\"wpb_wrapper\">\n\t\t\t\n<div class=\"wpb_text_column wpb_content_element\" >\n\t<div class=\"wpb_wrapper\">\n\t\t<h2 style=\"text-align: left;\">Nutrici\u00f3n<\/h2>\n\t<\/div>\n<\/div>\n\n\n\n<div class=\"divider-wrap\" data-alignment=\"default\"><div style=\"margin-top: 12.5px; height: 1px; margin-bottom: 12.5px;\" data-width=\"100%\" data-animate=\"\" data-animation-delay=\"\" data-color=\"accent-color\" class=\"divider-border\"><\/div><\/div>\n<div class=\"wpb_text_column wpb_content_element\" >\n\t<div class=\"wpb_wrapper\">\n\t\t<h4>El estado nutricional juega un papel muy importante en la supervivencia de las personas con Fibrosis Qu\u00edstica.<\/h4>\n\t<\/div>\n<\/div>\n\n\n\n\n<div class=\"wpb_text_column wpb_content_element\" >\n\t<div class=\"wpb_wrapper\">\n\t\t<p style=\"text-align: left;\">\u00a0Se ha demostrado su relaci\u00f3n con el pron\u00f3stico de la enfermedad pulmonar y, durante la edad pedi\u00e1trica, su influencia en el crecimiento. Por tanto, es un objetivo primordial en estas personas conseguir un estado nutricional y un crecimiento normales. La causa de la malnutrici\u00f3n se debe tanto al aumento de las necesidades como de las p\u00e9rdidas.<\/p>\n\t<\/div>\n<\/div>\n\n\n\n\n\t\t<\/div> \n\t<\/div>\n\t<\/div> \n\n\t<div  class=\"vc_col-sm-6 wpb_column column_container vc_column_container col child_column padding-4-percent inherit_tablet inherit_phone\"   data-border-animation=\"true\" data-border-animation-delay=\"\" data-border-width=\"1px\" data-border-style=\"solid\" data-border-color=\"#f2935c\" data-padding-pos=\"all\" data-has-bg-color=\"false\" data-bg-color=\"\" data-bg-opacity=\"0.5\" data-animation=\"\" data-delay=\"0\" >\n\t\t<div class=\"vc_column-inner\" style=\"border: 1px solid rgba(255,255,255,0); \"><span class=\"border-wrap\" style=\"border-color: #f2935c;\"><span class=\"border-top\"><\/span><span class=\"border-right\"><\/span><span class=\"border-bottom\"><\/span><span class=\"border-left\"><\/span><\/span>\n\t\t<div class=\"wpb_wrapper\">\n\t\t\t\n<div class=\"wpb_text_column wpb_content_element  vc_custom_1615221476208\" >\n\t<div class=\"wpb_wrapper\">\n\t\t<h4><strong>Blog de Alimentaci\u00f3n en Fibrosis Qu\u00edstica<\/strong><\/h4>\n<p><span style=\"font-weight: 400;\">elaborado por el Grupo Espa\u00f1ol de Nutrici\u00f3n y Diet\u00e9tica para la FQ<\/span><\/p>\n\t<\/div>\n<\/div>\n\n\n\n<div class=\"nectar-cta  alignment_tablet_default alignment_phone_default display_tablet_inherit display_phone_inherit\" data-color=\"default\" data-using-bg=\"false\" data-style=\"arrow-animation\" data-display=\"block\" data-alignment=\"left\" data-text-color=\"custom\" ><h6 style=\"color: #f2935c;\"><span class=\"link_wrap\" ><a target=\"_blank\" class=\"link_text\" role=\"button\" href=\"http:\/\/alimentacionfibrosisquistica.blogspot.com\/\"><span class=\"text\">Leer blog<\/span><svg class=\"next-arrow\" aria-hidden=\"true\" width=\"20px\" height=\"25px\" viewbox=\"0 0 50 80\" xml:space=\"preserve\">\n  <polyline stroke=\"#ffffff\" stroke-width=\"9\" fill=\"none\" stroke-linecap=\"round\" stroke-linejoin=\"round\" points=\"0, 0 45, 40 0, 80\"\/>\n  <\/svg>  <span aria-hidden=\"true\" class=\"line\"  style=\"background-color: #f2935c;\"><\/span> <\/a><\/span><\/h6><\/div>\n\t\t<\/div> \n\t<\/div>\n\t<\/div> \n<\/div><\/div><div id=\"fws_69f47efd46300\" data-midnight=\"\" data-column-margin=\"50px\" class=\"wpb_row vc_row-fluid vc_row inner_row vc_row-o-equal-height vc_row-flex vc_row-o-content-middle vc_custom_1616411486608 right_padding_3pct\"  style=\"padding-top: 4%; padding-bottom: 4%; \"><div class=\"row-bg-wrap\"> <div class=\"row-bg\" ><\/div> <\/div><div class=\"row_col_wrap_12_inner col span_12  left\">\n\t<div  class=\"vc_col-sm-6 wpb_column column_container vc_column_container col child_column padding-5-percent top_margin_phone_5pct inherit_tablet padding-5-percent_phone\"   data-padding-pos=\"left-right\" data-has-bg-color=\"false\" data-bg-color=\"\" data-bg-opacity=\"1\" data-animation=\"\" data-delay=\"0\" >\n\t\t<div class=\"vc_column-inner\" >\n\t\t<div class=\"wpb_wrapper\">\n\t\t\t<div class=\"img-with-aniamtion-wrap center\" data-max-width=\"100%\" data-max-width-mobile=\"default\" data-shadow=\"none\" data-animation=\"fade-in\" >\n      <div class=\"inner\">\n        <div class=\"hover-wrap\"> \n          <div class=\"hover-wrap-inner\">\n            <img loading=\"lazy\" decoding=\"async\" class=\"img-with-animation skip-lazy\" data-delay=\"0\" height=\"667\" width=\"1000\" data-animation=\"fade-in\" src=\"https:\/\/fibrosisquistica.org\/wp-content\/uploads\/2021\/03\/federacion-espanola-fibrosis-quistica-tratamiento-fibrosis-quistica-nutricion-color.jpg\" alt=\"\" srcset=\"https:\/\/fibrosisquistica.org\/wp-content\/uploads\/2021\/03\/federacion-espanola-fibrosis-quistica-tratamiento-fibrosis-quistica-nutricion-color.jpg 1000w, https:\/\/fibrosisquistica.org\/wp-content\/uploads\/2021\/03\/federacion-espanola-fibrosis-quistica-tratamiento-fibrosis-quistica-nutricion-color-600x400.jpg 600w, https:\/\/fibrosisquistica.org\/wp-content\/uploads\/2021\/03\/federacion-espanola-fibrosis-quistica-tratamiento-fibrosis-quistica-nutricion-color-300x200.jpg 300w, https:\/\/fibrosisquistica.org\/wp-content\/uploads\/2021\/03\/federacion-espanola-fibrosis-quistica-tratamiento-fibrosis-quistica-nutricion-color-768x512.jpg 768w, https:\/\/fibrosisquistica.org\/wp-content\/uploads\/2021\/03\/federacion-espanola-fibrosis-quistica-tratamiento-fibrosis-quistica-nutricion-color-391x260.jpg 391w, https:\/\/fibrosisquistica.org\/wp-content\/uploads\/2021\/03\/federacion-espanola-fibrosis-quistica-tratamiento-fibrosis-quistica-nutricion-color-900x600.jpg 900w\" sizes=\"auto, (max-width: 1000px) 100vw, 1000px\" title=\"\">\n          <\/div>\n        <\/div>\n      <\/div>\n    <\/div>\n\t\t<\/div> \n\t<\/div>\n\t<\/div> \n\n\t<div style=\" color: #000000;\" class=\"vc_col-sm-6 wpb_column column_container vc_column_container col child_column no-extra-padding bottom_margin_phone_5pct inherit_tablet padding-5-percent_phone\" data-cfc=\"true\"  data-padding-pos=\"left-right\" data-has-bg-color=\"false\" data-bg-color=\"\" data-bg-opacity=\"0.5\" data-animation=\"\" data-delay=\"0\" >\n\t\t<div class=\"vc_column-inner\" >\n\t\t<div class=\"wpb_wrapper\">\n\t\t\t\n<div class=\"wpb_text_column wpb_content_element  vc_custom_1616407080260\" >\n\t<div class=\"wpb_wrapper\">\n\t\t<h3>Individualizar<\/h3>\n\t<\/div>\n<\/div>\n\n\n\n\n<div class=\"wpb_text_column wpb_content_element  vc_custom_1616411361026\" >\n\t<div class=\"wpb_wrapper\">\n\t\t<p>Debido a que la FQ es una enfermedad cr\u00f3nica que afecta a m\u00faltiples \u00f3rganos, y la expresi\u00f3n en cada persona puede ser variable, no puede darse una cifra o porcentaje fijo para el aumento de los requerimientos de energ\u00eda, por lo que hay que individualizar el tratamiento para cada persona con FQ y para cada fase evolutiva.<\/p>\n\t<\/div>\n<\/div>\n\n\n\n\n\t\t<\/div> \n\t<\/div>\n\t<\/div> \n<\/div><\/div><div id=\"fws_69f47efd46bab\" data-midnight=\"\" data-column-margin=\"50px\" class=\"wpb_row vc_row-fluid vc_row inner_row vc_row-o-equal-height vc_row-flex vc_row-o-content-bottom\"  style=\"padding-top: 3%; \"><div class=\"row-bg-wrap\"> <div class=\"row-bg\" ><\/div> <\/div><div class=\"row_col_wrap_12_inner col span_12  left\">\n\t<div  class=\"vc_col-sm-6 wpb_column column_container vc_column_container col child_column no-extra-padding inherit_tablet inherit_phone\"   data-padding-pos=\"all\" data-has-bg-color=\"false\" data-bg-color=\"\" data-bg-opacity=\"1\" data-animation=\"\" data-delay=\"0\" >\n\t\t<div class=\"vc_column-inner\" >\n\t\t<div class=\"wpb_wrapper\">\n\t\t\t\n<div class=\"wpb_text_column wpb_content_element  vc_custom_1615220582827\" >\n\t<div class=\"wpb_wrapper\">\n\t\t<h3>Enzimas pancre\u00e1ticas<\/h3>\n\t<\/div>\n<\/div>\n\n\n\n<div class=\"divider-wrap\" data-alignment=\"default\"><div style=\"margin-top: 12.5px; height: 1px; margin-bottom: 12.5px;\" data-width=\"100%\" data-animate=\"\" data-animation-delay=\"\" data-color=\"accent-color\" class=\"divider-border\"><\/div><\/div>\n<div class=\"wpb_text_column wpb_content_element  vc_custom_1614950033686\" >\n\t<div class=\"wpb_wrapper\">\n\t\t<p><span style=\"font-weight: 400;\">La composici\u00f3n de la dieta ha de ser similar a la de una persona normal, con un discreto aumento de grasa si existe insuficiencia pancre\u00e1tica y una correcta suplementaci\u00f3n de <\/span><span style=\"font-weight: 400;\">enzimas pancre\u00e1ticas<\/span><span style=\"font-weight: 400;\">. Se deben establecer unos h\u00e1bitos alimentarios sanos para toda la vida. <\/span><\/p>\n\t<\/div>\n<\/div>\n\n\n\n\n\t\t<\/div> \n\t<\/div>\n\t<\/div> \n\n\t<div  class=\"vc_col-sm-6 wpb_column column_container vc_column_container col child_column no-extra-padding inherit_tablet inherit_phone\"   data-padding-pos=\"all\" data-has-bg-color=\"false\" data-bg-color=\"\" data-bg-opacity=\"1\" data-animation=\"\" data-delay=\"0\" >\n\t\t<div class=\"vc_column-inner\" >\n\t\t<div class=\"wpb_wrapper\">\n\t\t\t\n<div class=\"wpb_text_column wpb_content_element\" >\n\t<div class=\"wpb_wrapper\">\n\t\t<h4 style=\"text-align: left;\">Gu\u00edas para familias con Fibrosis Qu\u00edstica<\/h4>\n<p class=\"p1\"><span class=\"s1\">I<\/span>nformaci\u00f3n sobre las enzimas pancre\u00e1ticas<span class=\"s1\">, elaborada por el laboratorio Mylan.<\/span><\/p>\n\t<\/div>\n<\/div>\n\n\n\n\n\t\t<\/div> \n\t<\/div>\n\t<\/div> \n<\/div><\/div><div id=\"fws_69f47efd4735c\" data-midnight=\"\" data-column-margin=\"default\" class=\"wpb_row vc_row-fluid vc_row inner_row vc_row-o-equal-height vc_row-flex vc_row-o-content-top\"  style=\"\"><div class=\"row-bg-wrap\"> <div class=\"row-bg\" ><\/div> <\/div><div class=\"row_col_wrap_12_inner col span_12  left\">\n\t<div style=\" color: #ffffff;\" class=\"vc_col-sm-6 wpb_column column_container vc_column_container col child_column has-animation padding-2-percent inherit_tablet inherit_phone\" data-cfc=\"true\"  data-padding-pos=\"all\" data-has-bg-color=\"false\" data-bg-color=\"\" data-bg-opacity=\"1\" data-animation=\"fade-in-from-bottom\" data-delay=\"0\" >\n\t\t<div class=\"vc_column-inner\" >\n\t\t<div class=\"wpb_wrapper\">\n\t\t\t<div class=\"nectar-video-box\" data-color=\"accent-color\" data-mouse-style=\"default\" data-mouse-icon-color=\"\" data-play-button-size=\"default\" data-border-radius=\"none\" data-hover=\"default\" data-shadow=\"\"><div class=\"inner-wrap\"><a href=\"https:\/\/youtu.be\/WK2D9atFvJc\" class=\"full-link pp\" rel=\"nofollow noopener\" target=\"_blank\"><span class=\"screen-reader-text\">Play Video<\/span><\/a><img loading=\"lazy\" decoding=\"async\" width=\"954\" height=\"493\" src=\"https:\/\/fibrosisquistica.org\/wp-content\/uploads\/2021\/03\/Captura-de-pantalla-2021-03-08-a-las-17.28.22.png\" class=\"attachment-full size-full\" alt=\"\" srcset=\"https:\/\/fibrosisquistica.org\/wp-content\/uploads\/2021\/03\/Captura-de-pantalla-2021-03-08-a-las-17.28.22.png 954w, https:\/\/fibrosisquistica.org\/wp-content\/uploads\/2021\/03\/Captura-de-pantalla-2021-03-08-a-las-17.28.22-600x310.png 600w, https:\/\/fibrosisquistica.org\/wp-content\/uploads\/2021\/03\/Captura-de-pantalla-2021-03-08-a-las-17.28.22-300x155.png 300w, https:\/\/fibrosisquistica.org\/wp-content\/uploads\/2021\/03\/Captura-de-pantalla-2021-03-08-a-las-17.28.22-768x397.png 768w\" sizes=\"auto, (max-width: 954px) 100vw, 954px\" title=\"\"><a href=\"https:\/\/youtu.be\/WK2D9atFvJc\" data-style=\"default\" data-parent-hover=\"\" data-font-style=\"p\" data-color=\"default\" class=\"play_button_mouse_follow large nectar_video_lightbox pp\" rel=\"nofollow noopener\" target=\"_blank\"><span><span class=\"screen-reader-text\">Play Video<\/span><span class=\"play\"><span class=\"inner-wrap inner\"><svg role=\"none\" version=\"1.1\"\n\t xmlns=\"http:\/\/www.w3.org\/2000\/svg\" xmlns:xlink=\"http:\/\/www.w3.org\/1999\/xlink\" width=\"600px\" height=\"800px\" x=\"0px\" y=\"0px\" viewbox=\"0 0 600 800\" enable-background=\"new 0 0 600 800\" xml:space=\"preserve\"><path fill=\"none\" d=\"M0-1.79v800L600,395L0-1.79z\"><\/path> <\/svg><\/span><\/span><\/span><\/a><\/div><\/div><div class=\"nectar-cta cta hover_color_a0b3a7 alignment_tablet_default alignment_phone_default display_tablet_inherit display_phone_inherit\" data-color=\"accent-color\" data-using-bg=\"true\" data-style=\"see-through\" data-display=\"block\" data-alignment=\"left\" data-text-color=\"custom\" ><h6 style=\"color: #ffffff;\"> <span class=\"text\"> <\/span><span class=\"link_wrap\" style=\"padding-top: 6px; padding-right: 8px; padding-bottom: 6px; padding-left: 8px;\"><a target=\"_blank\" class=\"link_text\" role=\"button\" href=\"\/wp-content\/uploads\/2021\/03\/KRE-2020-0001-CUENTO-PARA-NIOS-final.pdf\">Bienvenido al Planeta PankReas (pancreatina)<span class=\"arrow\"><\/span><\/a><\/span><\/h6><\/div>\n\t\t<\/div> \n\t<\/div>\n\t<\/div> \n\n\t<div  class=\"vc_col-sm-6 wpb_column column_container vc_column_container col child_column has-animation padding-2-percent inherit_tablet inherit_phone\"   data-padding-pos=\"all\" data-has-bg-color=\"false\" data-bg-color=\"\" data-bg-opacity=\"1\" data-animation=\"fade-in-from-bottom\" data-delay=\"100\" >\n\t\t<div class=\"vc_column-inner\" >\n\t\t<div class=\"wpb_wrapper\">\n\t\t\t<div class=\"nectar-video-box\" data-color=\"accent-color\" data-mouse-style=\"default\" data-mouse-icon-color=\"\" data-play-button-size=\"default\" data-border-radius=\"none\" data-hover=\"default\" data-shadow=\"\"><div class=\"inner-wrap\"><a href=\"https:\/\/youtu.be\/LwwND9y7N4A\" class=\"full-link pp\" rel=\"nofollow noopener\" target=\"_blank\"><span class=\"screen-reader-text\">Play Video<\/span><\/a><img loading=\"lazy\" decoding=\"async\" width=\"954\" height=\"487\" src=\"https:\/\/fibrosisquistica.org\/wp-content\/uploads\/2021\/03\/Captura-de-pantalla-2021-03-08-a-las-17.29.05.png\" class=\"attachment-full size-full\" alt=\"\" srcset=\"https:\/\/fibrosisquistica.org\/wp-content\/uploads\/2021\/03\/Captura-de-pantalla-2021-03-08-a-las-17.29.05.png 954w, https:\/\/fibrosisquistica.org\/wp-content\/uploads\/2021\/03\/Captura-de-pantalla-2021-03-08-a-las-17.29.05-600x306.png 600w, https:\/\/fibrosisquistica.org\/wp-content\/uploads\/2021\/03\/Captura-de-pantalla-2021-03-08-a-las-17.29.05-300x153.png 300w, https:\/\/fibrosisquistica.org\/wp-content\/uploads\/2021\/03\/Captura-de-pantalla-2021-03-08-a-las-17.29.05-768x392.png 768w\" sizes=\"auto, (max-width: 954px) 100vw, 954px\" title=\"\"><a href=\"https:\/\/youtu.be\/LwwND9y7N4A\" data-style=\"default\" data-parent-hover=\"\" data-font-style=\"p\" data-color=\"default\" class=\"play_button_mouse_follow large nectar_video_lightbox pp\" rel=\"nofollow noopener\" target=\"_blank\"><span><span class=\"screen-reader-text\">Play Video<\/span><span class=\"play\"><span class=\"inner-wrap inner\"><svg role=\"none\" version=\"1.1\"\n\t xmlns=\"http:\/\/www.w3.org\/2000\/svg\" xmlns:xlink=\"http:\/\/www.w3.org\/1999\/xlink\" width=\"600px\" height=\"800px\" x=\"0px\" y=\"0px\" viewbox=\"0 0 600 800\" enable-background=\"new 0 0 600 800\" xml:space=\"preserve\"><path fill=\"none\" d=\"M0-1.79v800L600,395L0-1.79z\"><\/path> <\/svg><\/span><\/span><\/span><\/a><\/div><\/div><div class=\"nectar-cta cta hover_color_a0b3a7 alignment_tablet_default alignment_phone_default display_tablet_inherit display_phone_inherit\" data-color=\"accent-color\" data-using-bg=\"true\" data-style=\"see-through\" data-display=\"block\" data-alignment=\"left\" data-text-color=\"custom\" ><h6 style=\"color: #ffffff;\"> <span class=\"text\"> <\/span><span class=\"link_wrap\" style=\"padding-top: 6px; padding-right: 8px; padding-bottom: 6px; padding-left: 8px;\"><a target=\"_blank\" class=\"link_text\" role=\"button\" href=\"\/wp-content\/uploads\/2021\/03\/KRE-2020-0002-GUIA-PARA-PADRES-final.pdf\">Gu\u00eda para padres sobre enzimas pancre\u00e1ticas<span class=\"arrow\"><\/span><\/a><\/span><\/h6><\/div>\n\t\t<\/div> \n\t<\/div>\n\t<\/div> \n<\/div><\/div>\n\t\t\t<\/div> \n\t\t<\/div>\n\t<\/div> \n<\/div><\/div>\n\t\t<div id=\"ejercicio\"  data-column-margin=\"default\" data-midnight=\"dark\" data-top-percent=\"3%\" data-bottom-percent=\"2%\"  class=\"wpb_row vc_row-fluid vc_row vc_row-o-equal-height vc_row-flex vc_row-o-content-middle\"  style=\"padding-top: calc(100vw * 0.03); padding-bottom: calc(100vw * 0.02); \"><div class=\"row-bg-wrap\" data-bg-animation=\"none\" data-bg-animation-delay=\"\" data-bg-overlay=\"false\"><div class=\"inner-wrap row-bg-layer\" ><div class=\"row-bg viewport-desktop\"  style=\"\"><\/div><\/div><\/div><div class=\"row_col_wrap_12 col span_12 dark left\">\n\t<div  class=\"vc_col-sm-6 wpb_column column_container vc_column_container col has-animation padding-3-percent inherit_tablet inherit_phone\"  data-padding-pos=\"all\" data-has-bg-color=\"false\" data-bg-color=\"\" data-bg-opacity=\"1\" data-animation=\"fade-in-from-bottom\" data-delay=\"0\" >\n\t\t<div class=\"vc_column-inner\" >\n\t\t\t<div class=\"wpb_wrapper\">\n\t\t\t\t\n<div class=\"wpb_text_column wpb_content_element\" >\n\t<div class=\"wpb_wrapper\">\n\t\t<h2>Ejercicio f\u00edsico<\/h2>\n\t<\/div>\n<\/div>\n\n\n\n<div class=\"divider-wrap\" data-alignment=\"default\"><div style=\"margin-top: 12.5px; height: 1px; margin-bottom: 12.5px;\" data-width=\"100%\" data-animate=\"yes\" data-animation-delay=\"\" data-color=\"accent-color\" class=\"divider-border\"><\/div><\/div>\n<div class=\"wpb_text_column wpb_content_element\" >\n\t<div class=\"wpb_wrapper\">\n\t\t<p>En las personas con Fibrosis Qu\u00edstica el ejercicio f\u00edsico consigue a largo plazo adaptaciones y cambios en \u00f3rganos tan importantes como el pulm\u00f3n, el coraz\u00f3n, el tejido \u00f3seo y el tejido muscular, fortaleci\u00e9ndolos y manteni\u00e9ndolos en una mejor condici\u00f3n.<\/p>\n<p>Por tanto, se considera ya uno de los pilares b\u00e1sicos en el manejo de la Fibrosis Qu\u00edstica, junto con la antibioterapia, la fisioterapia y la nutrici\u00f3n. <strong>El sedentarismo no es una buena actitud para nadie<\/strong>. Aunque se cumplan el resto de terapias, si no se realiza ejercicio, no se pueden obtener los mejores resultados y todos los tejidos estar\u00e1n en peores condiciones.<\/p>\n\t<\/div>\n<\/div>\n\n\n\n\n\t\t\t<\/div> \n\t\t<\/div>\n\t<\/div> \n\n\t<div  class=\"vc_col-sm-6 wpb_column column_container vc_column_container col padding-2-percent inherit_tablet inherit_phone\"  data-padding-pos=\"all\" data-has-bg-color=\"false\" data-bg-color=\"\" data-bg-opacity=\"1\" data-animation=\"\" data-delay=\"0\" >\n\t\t<div class=\"vc_column-inner\" >\n\t\t\t<div class=\"wpb_wrapper\">\n\t\t\t\t<div class=\"nectar-video-box\" data-color=\"accent-color\" data-mouse-style=\"default\" data-mouse-icon-color=\"\" data-play-button-size=\"default\" data-border-radius=\"none\" data-hover=\"default\" data-shadow=\"\"><div class=\"inner-wrap\"><a href=\"https:\/\/youtu.be\/YPoM6IP8VK0\" class=\"full-link pp\" rel=\"nofollow noopener\" target=\"_blank\"><span class=\"screen-reader-text\">Play Video<\/span><\/a><img loading=\"lazy\" decoding=\"async\" width=\"1037\" height=\"769\" src=\"https:\/\/fibrosisquistica.org\/wp-content\/uploads\/2021\/03\/ejercicio-fisico-y-deporte-en-la-fibrosis-quistiva.png\" class=\"attachment-full size-full\" alt=\"\" srcset=\"https:\/\/fibrosisquistica.org\/wp-content\/uploads\/2021\/03\/ejercicio-fisico-y-deporte-en-la-fibrosis-quistiva.png 1037w, https:\/\/fibrosisquistica.org\/wp-content\/uploads\/2021\/03\/ejercicio-fisico-y-deporte-en-la-fibrosis-quistiva-600x445.png 600w, https:\/\/fibrosisquistica.org\/wp-content\/uploads\/2021\/03\/ejercicio-fisico-y-deporte-en-la-fibrosis-quistiva-300x222.png 300w, https:\/\/fibrosisquistica.org\/wp-content\/uploads\/2021\/03\/ejercicio-fisico-y-deporte-en-la-fibrosis-quistiva-1024x759.png 1024w, https:\/\/fibrosisquistica.org\/wp-content\/uploads\/2021\/03\/ejercicio-fisico-y-deporte-en-la-fibrosis-quistiva-768x570.png 768w\" sizes=\"auto, (max-width: 1037px) 100vw, 1037px\" title=\"\"><a href=\"https:\/\/youtu.be\/YPoM6IP8VK0\" data-style=\"default\" data-parent-hover=\"\" data-font-style=\"p\" data-color=\"default\" class=\"play_button_mouse_follow large nectar_video_lightbox pp\" rel=\"nofollow noopener\" target=\"_blank\"><span><span class=\"screen-reader-text\">Play Video<\/span><span class=\"play\"><span class=\"inner-wrap inner\"><svg role=\"none\" version=\"1.1\"\n\t xmlns=\"http:\/\/www.w3.org\/2000\/svg\" xmlns:xlink=\"http:\/\/www.w3.org\/1999\/xlink\" width=\"600px\" height=\"800px\" x=\"0px\" y=\"0px\" viewbox=\"0 0 600 800\" enable-background=\"new 0 0 600 800\" xml:space=\"preserve\"><path fill=\"none\" d=\"M0-1.79v800L600,395L0-1.79z\"><\/path> <\/svg><\/span><\/span><\/span><\/a><\/div><\/div>\n\t\t\t<\/div> \n\t\t<\/div>\n\t<\/div> \n\n\t<div  class=\"vc_col-sm-12 wpb_column column_container vc_column_container col no-extra-padding inherit_tablet inherit_phone\"  data-padding-pos=\"all\" data-has-bg-color=\"false\" data-bg-color=\"\" data-bg-opacity=\"1\" data-animation=\"\" data-delay=\"0\" >\n\t\t<div class=\"vc_column-inner\" >\n\t\t\t<div class=\"wpb_wrapper\">\n\t\t\t\t<div id=\"fws_69f47efd48b15\" data-midnight=\"\" data-column-margin=\"default\" class=\"wpb_row vc_row-fluid vc_row inner_row vc_row-o-equal-height vc_row-flex vc_row-o-content-middle\"  style=\"\"><div class=\"row-bg-wrap\"> <div class=\"row-bg\" ><\/div> <\/div><div class=\"row_col_wrap_12_inner col span_12  left\">\n\t<div  class=\"vc_col-sm-3 wpb_column column_container vc_column_container col child_column has-animation padding-3-percent inherit_tablet inherit_phone\"   data-padding-pos=\"all\" data-has-bg-color=\"false\" data-bg-color=\"\" data-bg-opacity=\"1\" data-animation=\"fade-in-from-bottom\" data-delay=\"100\" >\n\t\t<div class=\"vc_column-inner\" >\n\t\t<div class=\"wpb_wrapper\">\n\t\t\t<div class=\"img-with-aniamtion-wrap\" data-max-width=\"100%\" data-max-width-mobile=\"default\" data-shadow=\"none\" data-animation=\"fade-in\" >\n      <div class=\"inner\">\n        <div class=\"hover-wrap\"> \n          <div class=\"hover-wrap-inner\">\n            <a href=\"\/wp-content\/uploads\/2021\/03\/El-ejercicio-es-medicina-en-Fibrosis-Qui\u0301stica-web.pdf\" target=\"_blank\" class=\"\">\n              <img loading=\"lazy\" decoding=\"async\" class=\"img-with-animation skip-lazy\" data-delay=\"0\" height=\"635\" width=\"452\" data-animation=\"fade-in\" src=\"https:\/\/fibrosisquistica.org\/wp-content\/uploads\/2020\/05\/portada-guia-ejercicio.jpg\" alt=\"\" srcset=\"https:\/\/fibrosisquistica.org\/wp-content\/uploads\/2020\/05\/portada-guia-ejercicio.jpg 452w, https:\/\/fibrosisquistica.org\/wp-content\/uploads\/2020\/05\/portada-guia-ejercicio-214x300.jpg 214w\" sizes=\"auto, (max-width: 452px) 100vw, 452px\" title=\"\">\n            <\/a>\n          <\/div>\n        <\/div>\n      <\/div>\n      <\/div><div class=\"nectar-cta  hover_color_a0b3a7 alignment_tablet_default alignment_phone_default display_tablet_inherit display_phone_inherit\" data-color=\"accent-color\" data-using-bg=\"true\" data-style=\"see-through\" data-display=\"block\" data-alignment=\"left\" data-text-color=\"custom\" ><h6 style=\"color: #000000;\"> <span class=\"text\"> <\/span><span class=\"link_wrap\" style=\"padding-top: 7px; padding-right: 5px; padding-bottom: 7px; padding-left: 5px;\"><a target=\"_blank\" class=\"link_text\" role=\"button\" href=\"\/wp-content\/uploads\/2021\/03\/El-ejercicio-es-medicina-en-Fibrosis-Qui\u0301stica-web.pdf\">Descarga gu\u00eda<span class=\"arrow\"><\/span><\/a><\/span><\/h6><\/div>\n\t\t<\/div> \n\t<\/div>\n\t<\/div> \n\n\t<div style=\" color: #ffffff;\" class=\"vc_col-sm-6 wpb_column column_container vc_column_container col child_column has-animation padding-1-percent inherit_tablet inherit_phone\" data-cfc=\"true\"  data-padding-pos=\"all\" data-has-bg-color=\"false\" data-bg-color=\"\" data-bg-opacity=\"1\" data-animation=\"fade-in-from-bottom\" data-delay=\"0\" >\n\t\t<div class=\"vc_column-inner\" >\n\t\t<div class=\"wpb_wrapper\">\n\t\t\t<div class=\"nectar-video-box\" data-color=\"accent-color\" data-mouse-style=\"default\" data-mouse-icon-color=\"\" data-play-button-size=\"default\" data-border-radius=\"none\" data-hover=\"default\" data-shadow=\"\"><div class=\"inner-wrap\"><a href=\"https:\/\/youtu.be\/H4Dqsf3YLNg\" class=\"full-link pp\" rel=\"nofollow noopener\" target=\"_blank\"><span class=\"screen-reader-text\">Play Video<\/span><\/a><img loading=\"lazy\" decoding=\"async\" width=\"1439\" height=\"719\" src=\"https:\/\/fibrosisquistica.org\/wp-content\/uploads\/2021\/03\/donantesdeganas.png\" class=\"attachment-full size-full\" alt=\"\" srcset=\"https:\/\/fibrosisquistica.org\/wp-content\/uploads\/2021\/03\/donantesdeganas.png 1439w, https:\/\/fibrosisquistica.org\/wp-content\/uploads\/2021\/03\/donantesdeganas-600x300.png 600w, https:\/\/fibrosisquistica.org\/wp-content\/uploads\/2021\/03\/donantesdeganas-300x150.png 300w, https:\/\/fibrosisquistica.org\/wp-content\/uploads\/2021\/03\/donantesdeganas-1024x512.png 1024w, https:\/\/fibrosisquistica.org\/wp-content\/uploads\/2021\/03\/donantesdeganas-768x384.png 768w, https:\/\/fibrosisquistica.org\/wp-content\/uploads\/2021\/03\/donantesdeganas-1000x500.png 1000w, https:\/\/fibrosisquistica.org\/wp-content\/uploads\/2021\/03\/donantesdeganas-670x335.png 670w\" sizes=\"auto, (max-width: 1439px) 100vw, 1439px\" title=\"\"><a href=\"https:\/\/youtu.be\/H4Dqsf3YLNg\" data-style=\"default\" data-parent-hover=\"\" data-font-style=\"p\" data-color=\"default\" class=\"play_button_mouse_follow large nectar_video_lightbox pp\" rel=\"nofollow noopener\" target=\"_blank\"><span><span class=\"screen-reader-text\">Play Video<\/span><span class=\"play\"><span class=\"inner-wrap inner\"><svg role=\"none\" version=\"1.1\"\n\t xmlns=\"http:\/\/www.w3.org\/2000\/svg\" xmlns:xlink=\"http:\/\/www.w3.org\/1999\/xlink\" width=\"600px\" height=\"800px\" x=\"0px\" y=\"0px\" viewbox=\"0 0 600 800\" enable-background=\"new 0 0 600 800\" xml:space=\"preserve\"><path fill=\"none\" d=\"M0-1.79v800L600,395L0-1.79z\"><\/path> <\/svg><\/span><\/span><\/span><\/a><\/div><\/div><div class=\"nectar-cta  hover_color_a0b3a7 alignment_tablet_default alignment_phone_default display_tablet_inherit display_phone_inherit\" data-color=\"accent-color\" data-using-bg=\"true\" data-style=\"see-through\" data-display=\"block\" data-alignment=\"left\" data-text-color=\"custom\" ><h6 style=\"color: #000000;\"> <span class=\"text\"> <\/span><span class=\"link_wrap\" style=\"padding-top: 7px; padding-right: 5px; padding-bottom: 7px; padding-left: 5px;\"><a target=\"_blank\" class=\"link_text\" role=\"button\" href=\"https:\/\/donantesdeganas.com\">Campa\u00f1a #Donantesdeganas<span class=\"arrow\"><\/span><\/a><\/span><\/h6><\/div>\n\t\t<\/div> \n\t<\/div>\n\t<\/div> \n\n\t<div  class=\"vc_col-sm-3 wpb_column column_container vc_column_container col child_column padding-6-percent inherit_tablet inherit_phone\"   data-padding-pos=\"bottom\" data-has-bg-color=\"false\" data-bg-color=\"\" data-bg-opacity=\"1\" data-animation=\"\" data-delay=\"0\" >\n\t\t<div class=\"vc_column-inner\" >\n\t\t<div class=\"wpb_wrapper\">\n\t\t\t\n<div class=\"wpb_text_column wpb_content_element\" >\n\t<div class=\"wpb_wrapper\">\n\t\t<blockquote>\n<h4>La Federaci\u00f3n ha desarrollado gu\u00edas y campa\u00f1as para estimular al ejercicio f\u00edsico entre las personas con Fibrosis Qu\u00edstica y luchar contra el sedentarismo<\/h4>\n<\/blockquote>\n\t<\/div>\n<\/div>\n\n\n\n\n\t\t<\/div> \n\t<\/div>\n\t<\/div> \n<\/div><\/div>\n\t\t\t<\/div> \n\t\t<\/div>\n\t<\/div> \n<\/div><\/div>\n\t\t<div id=\"fws_69f47efd49b88\"  data-column-margin=\"default\" data-midnight=\"dark\" data-top-percent=\"4%\" data-bottom-percent=\"4%\"  class=\"wpb_row vc_row-fluid vc_row parallax_section\"  style=\"padding-top: calc(100vw * 0.04); padding-bottom: calc(100vw * 0.04); \"><div class=\"row-bg-wrap\" data-bg-animation=\"none\" data-bg-animation-delay=\"\" data-bg-overlay=\"true\"><div class=\"inner-wrap row-bg-layer using-image\" ><div class=\"row-bg viewport-desktop using-image\" data-parallax-speed=\"fast\" style=\"background-image: url(https:\/\/fibrosisquistica.org\/wp-content\/uploads\/2021\/01\/Artboard-18.png); background-position: center top; background-repeat: no-repeat; \"><\/div><\/div><div class=\"row-bg-overlay row-bg-layer\" style=\"background-color:#dae5de;  opacity: 0.5; \"><\/div><\/div><div class=\"row_col_wrap_12 col span_12 dark left\">\n\t<div  class=\"vc_col-sm-2 wpb_column column_container vc_column_container col no-extra-padding inherit_tablet inherit_phone\"  data-padding-pos=\"all\" data-has-bg-color=\"false\" data-bg-color=\"\" data-bg-opacity=\"1\" data-animation=\"\" data-delay=\"0\" >\n\t\t<div class=\"vc_column-inner\" >\n\t\t\t<div class=\"wpb_wrapper\">\n\t\t\t\t\n\t\t\t<\/div> \n\t\t<\/div>\n\t<\/div> \n\n\t<div  class=\"vc_col-sm-8 wpb_column column_container vc_column_container col has-animation padding-3-percent inherit_tablet inherit_phone\"  data-padding-pos=\"all\" data-has-bg-color=\"false\" data-bg-color=\"\" data-bg-opacity=\"1\" data-animation=\"fade-in-from-bottom\" data-delay=\"0\" >\n\t\t<div class=\"vc_column-inner\" >\n\t\t\t<div class=\"wpb_wrapper\">\n\t\t\t\t<div class=\"nectar-highlighted-text\" data-style=\"regular_underline\" data-exp=\"default\" data-underline-thickness=\"2px\" data-using-custom-color=\"true\" data-animation-delay=\"false\" data-color=\"#f2935b\" data-color-gradient=\"\" style=\"\"><h3 align=\"center\">En Espa\u00f1a hay <em>m\u00e1s de 2500<\/em> personas con Fibrosis Qu\u00edstica.<br \/>\n<strong>Tu donaci\u00f3n nos ayuda a mejorar su calidad de vida<\/strong><\/h3>\n<\/div><div id=\"fws_69f47efd4a160\" data-midnight=\"\" data-column-margin=\"default\" class=\"wpb_row vc_row-fluid vc_row inner_row\"  style=\"padding-top: 2%; \"><div class=\"row-bg-wrap\"> <div class=\"row-bg\" ><\/div> <\/div><div class=\"row_col_wrap_12_inner col span_12  left\">\n\t<div  class=\"vc_col-sm-12 wpb_column column_container vc_column_container col child_column centered-text has-animation no-extra-padding inherit_tablet inherit_phone\"   data-padding-pos=\"all\" data-has-bg-color=\"false\" data-bg-color=\"\" data-bg-opacity=\"1\" data-animation=\"fade-in-from-bottom\" data-delay=\"0\" >\n\t\t<div class=\"vc_column-inner\" >\n\t\t<div class=\"wpb_wrapper\">\n\t\t\t<a class=\"nectar-button jumbo regular accent-color  regular-button\"  role=\"button\" style=\"\"  href=\"\/en\/colabora\/\" data-color-override=\"false\" data-hover-color-override=\"false\" data-hover-text-color-override=\"#fff\"><span>Colabora<\/span><\/a>\n\t\t<\/div> \n\t<\/div>\n\t<\/div> \n<\/div><\/div>\n\t\t\t<\/div> \n\t\t<\/div>\n\t<\/div> \n\n\t<div  class=\"vc_col-sm-2 wpb_column column_container vc_column_container col no-extra-padding inherit_tablet inherit_phone\"  data-padding-pos=\"all\" data-has-bg-color=\"false\" data-bg-color=\"\" data-bg-opacity=\"1\" data-animation=\"\" data-delay=\"0\" >\n\t\t<div class=\"vc_column-inner\" >\n\t\t\t<div class=\"wpb_wrapper\">\n\t\t\t\t\n\t\t\t<\/div> \n\t\t<\/div>\n\t<\/div> \n<\/div><\/div>","protected":false},"excerpt":{"rendered":"Tratamiento de la Fibrosis Qu\u00edstica...","protected":false},"author":1,"featured_media":0,"parent":0,"menu_order":0,"comment_status":"closed","ping_status":"closed","template":"","meta":{"_acf_changed":false,"footnotes":""},"class_list":["post-54","page","type-page","status-publish"],"acf":[],"_links":{"self":[{"href":"https:\/\/fibrosisquistica.org\/en\/wp-json\/wp\/v2\/pages\/54","targetHints":{"allow":["GET"]}}],"collection":[{"href":"https:\/\/fibrosisquistica.org\/en\/wp-json\/wp\/v2\/pages"}],"about":[{"href":"https:\/\/fibrosisquistica.org\/en\/wp-json\/wp\/v2\/types\/page"}],"author":[{"embeddable":true,"href":"https:\/\/fibrosisquistica.org\/en\/wp-json\/wp\/v2\/users\/1"}],"replies":[{"embeddable":true,"href":"https:\/\/fibrosisquistica.org\/en\/wp-json\/wp\/v2\/comments?post=54"}],"version-history":[{"count":20,"href":"https:\/\/fibrosisquistica.org\/en\/wp-json\/wp\/v2\/pages\/54\/revisions"}],"predecessor-version":[{"id":74983,"href":"https:\/\/fibrosisquistica.org\/en\/wp-json\/wp\/v2\/pages\/54\/revisions\/74983"}],"wp:attachment":[{"href":"https:\/\/fibrosisquistica.org\/en\/wp-json\/wp\/v2\/media?parent=54"}],"curies":[{"name":"wp","href":"https:\/\/api.w.org\/{rel}","templated":true}]}}