{"id":9786,"date":"2021-03-31T10:12:34","date_gmt":"2021-03-31T10:12:34","guid":{"rendered":"https:\/\/fibrosisquistica.org\/?page_id=9786"},"modified":"2021-04-13T07:49:21","modified_gmt":"2021-04-13T07:49:21","slug":"noticias","status":"publish","type":"page","link":"https:\/\/fibrosisquistica.org\/en\/noticias\/","title":{"rendered":"Noticias"},"content":{"rendered":"<div id=\"fws_69f3330056f3b\"  data-column-margin=\"default\" data-midnight=\"light\" data-top-percent=\"10%\"  class=\"wpb_row vc_row-fluid vc_row full-width-section\"  style=\"padding-top: calc(100vw * 0.10); padding-bottom: 0px; \"><div class=\"row-bg-wrap\" data-bg-animation=\"none\" data-bg-animation-delay=\"\" data-bg-overlay=\"true\"><div class=\"inner-wrap row-bg-layer\" ><div class=\"row-bg viewport-desktop\"  style=\"\"><\/div><\/div><div class=\"row-bg-overlay row-bg-layer\" style=\"background-color:#d9e5de;  opacity: 0.8; \"><\/div><\/div><div class=\"nectar-shape-divider-wrap no-color\" style=\" height:70%;\" data-using-percent-val=\"true\" data-height=\"70%\" data-front=\"\" data-style=\"straight_section\" data-position=\"top\" ><svg class=\"nectar-shape-divider\" aria-hidden=\"true\" fill=\"\" xmlns=\"http:\/\/www.w3.org\/2000\/svg\" viewbox=\"0 0 100 10\" preserveaspectratio=\"none\"> <polygon points=\"104 10, 104 0, 0 0, 0 10\"><\/polygon> <\/svg><\/div><div class=\"row_col_wrap_12 col span_12 light left\">\n\t<div style=\"\" class=\"vc_col-sm-12 wpb_column column_container vc_column_container col padding-5-percent inherit_tablet inherit_phone\" data-using-bg=\"true\" data-overlay-color=\"true\" data-padding-pos=\"all\" data-has-bg-color=\"false\" data-bg-color=\"\" data-bg-opacity=\"1\" data-animation=\"\" data-delay=\"0\" >\n\t\t<div class=\"vc_column-inner\" ><div class=\"column-image-bg-wrap column-bg-layer viewport-desktop\" data-bg-pos=\"center center\" data-bg-animation=\"none\" data-bg-overlay=\"true\"><div class=\"inner-wrap\"><div class=\"column-image-bg\" style=\" background-image: url('https:\/\/fibrosisquistica.org\/wp-content\/uploads\/2021\/03\/federacion-espanola-fibrosis-quistica-tratamiento-fibrosis-quistica-noticias-scaled.jpg'); \"><\/div><\/div><\/div><div class=\"column-bg-overlay-wrap column-bg-layer\" data-bg-animation=\"none\"><div class=\"column-bg-overlay\"><\/div><div class=\"column-overlay-layer\" style=\"background-color:#000000;  opacity: 0.5; \"><\/div><\/div>\n\t\t\t<div class=\"wpb_wrapper\">\n\t\t\t\t<div id=\"fws_69f333005756a\" data-midnight=\"\" data-column-margin=\"default\" class=\"wpb_row vc_row-fluid vc_row inner_row\"  style=\"padding-top: 7%; \"><div class=\"row-bg-wrap\"> <div class=\"row-bg\" ><\/div> <\/div><div class=\"row_col_wrap_12_inner col span_12  left\">\n\t<div  class=\"vc_col-sm-6 wpb_column column_container vc_column_container col child_column padding-6-percent inherit_tablet inherit_phone\"   data-padding-pos=\"top\" data-has-bg-color=\"false\" data-bg-color=\"\" data-bg-opacity=\"1\" data-animation=\"\" data-delay=\"0\" >\n\t\t<div class=\"vc_column-inner\" >\n\t\t<div class=\"wpb_wrapper\">\n\t\t\t<div class=\"nectar-split-heading\" data-align=\"default\" data-m-align=\"inherit\" data-text-effect=\"default\" data-animation-type=\"default\" data-animation-delay=\"0\" data-animation-offset=\"\" data-m-rm-animation=\"\" data-stagger=\"\" data-custom-font-size=\"false\" ><div class=\"heading-line\" > <div><h1 id=\"page-title\">Noticias<\/h1> <\/div> <\/div><\/div><div class=\"divider-wrap\" data-alignment=\"default\"><div style=\"margin-top: 1vh; height: 1px; margin-bottom: 1vh;\" data-width=\"100%\" data-animate=\"\" data-animation-delay=\"\" data-color=\"accent-color\" class=\"divider-border\"><\/div><\/div>\n<div class=\"wpb_text_column wpb_content_element\" >\n\t<div class=\"wpb_wrapper\">\n\t\t<p>Actualidad de la Fibrosis Qu\u00edstica<\/p>\n\t<\/div>\n<\/div>\n\n\n\n\n\t\t<\/div> \n\t<\/div>\n\t<\/div> \n\n\t<div  class=\"vc_col-sm-6 wpb_column column_container vc_column_container col child_column no-extra-padding inherit_tablet inherit_phone\"   data-padding-pos=\"all\" data-has-bg-color=\"false\" data-bg-color=\"\" data-bg-opacity=\"1\" data-animation=\"\" data-delay=\"0\" >\n\t\t<div class=\"vc_column-inner\" >\n\t\t<div class=\"wpb_wrapper\">\n\t\t\t\n\t\t<\/div> \n\t<\/div>\n\t<\/div> \n<\/div><\/div>\n\t\t\t<\/div> \n\t\t<\/div>\n\t<\/div> \n<\/div><\/div>\n\t\t<div id=\"que\"  data-column-margin=\"default\" data-midnight=\"dark\" data-top-percent=\"5%\"  class=\"wpb_row vc_row-fluid vc_row full-width-content vc_row-o-equal-height vc_row-flex vc_row-o-content-middle\"  style=\"padding-top: calc(100vw * 0.05); padding-bottom: 0px; \"><div class=\"row-bg-wrap\" data-bg-animation=\"none\" data-bg-animation-delay=\"\" data-bg-overlay=\"false\"><div class=\"inner-wrap row-bg-layer\" ><div class=\"row-bg viewport-desktop using-bg-color\"  style=\"background-color: #e0eae4; \"><\/div><\/div><\/div><div class=\"row_col_wrap_12 col span_12 dark left\">\n\t<div  class=\"vc_col-sm-12 wpb_column column_container vc_column_container col no-extra-padding inherit_tablet inherit_phone\"  data-padding-pos=\"all\" data-has-bg-color=\"false\" data-bg-color=\"\" data-bg-opacity=\"1\" data-animation=\"\" data-delay=\"0\" >\n\t\t<div class=\"vc_column-inner\" >\n\t\t\t<div class=\"wpb_wrapper\">\n\t\t\t\t<div class=\"divider-wrap\" data-alignment=\"default\"><div style=\"height: 25px;\" class=\"divider\"><\/div><\/div>\n\t\t\t<\/div> \n\t\t<\/div>\n\t<\/div> \n<\/div><\/div>\n\t\t<div id=\"fws_69f333005851c\"  data-column-margin=\"default\" data-midnight=\"dark\" data-top-percent=\"8%\"  class=\"wpb_row vc_row-fluid vc_row full-width-section\"  style=\"padding-top: calc(100vw * 0.08); padding-bottom: 0px; \"><div class=\"row-bg-wrap\" data-bg-animation=\"none\" data-bg-animation-delay=\"\" data-bg-overlay=\"false\"><div class=\"inner-wrap row-bg-layer\" ><div class=\"row-bg viewport-desktop\"  style=\"\"><\/div><\/div><\/div><div class=\"row_col_wrap_12 col span_12 dark left\">\n\t<div  class=\"vc_col-sm-3 wpb_column column_container vc_column_container col padding-2-percent inherit_tablet inherit_phone\"  data-padding-pos=\"right\" data-has-bg-color=\"false\" data-bg-color=\"\" data-bg-opacity=\"1\" data-animation=\"\" data-delay=\"0\" >\n\t\t<div class=\"vc_column-inner\" >\n\t\t\t<div class=\"wpb_wrapper\">\n\t\t\t\t\n\t<div class=\"wpb_widgetised_column wpb_content_element\">\n\t\t<div id=\"sidebar\" data-nectar-ss=\"\" class=\"wpb_wrapper\">\n\t\t\t<div id=\"nectar_popular_posts-1\" class=\"widget nectar_popular_posts_widget\"><h4>Noticias m\u00e1s le\u00eddas<\/h4><ul class=\"nectar_blog_posts_popular nectar_widget\" data-style=\"minimal-counter\"><li  data-views=\"33335\"><a href=\"https:\/\/fibrosisquistica.org\/en\/espana-hace-historia-aprobando-kaftrio-el-tratamiento-que-cambiara-las-vidas-de-muchas-personas-con-fibrosis-quistica\/\"> <div class=\"arrow-circle\"> <svg aria-hidden=\"true\" width=\"38\" height=\"38\"> <circle class=\"path\" fill=\"none\" stroke-width=\"6\" stroke-linecap=\"round\" cx=\"19\" cy=\"19\" r=\"18\"><\/circle> <\/svg>  <\/div><span class=\"meta-wrap\"><span class=\"post-title\">Espa\u00f1a hace historia aprobando Kaftrio, el tratamiento que cambiar\u00e1 las vidas de muchas personas con Fibrosis Qu\u00edstica<\/span> <span class=\"post-date\">8 November, 2021<\/span><\/span><\/a><\/li><li  data-views=\"11279\"><a href=\"https:\/\/fibrosisquistica.org\/en\/vertex-anuncia-resultados-positivos-de-los-ensayos-realizados-con-un-nuevo-tratamiento-de-triple-combinacion-para-la-fibrosis-quistica\/\"> <div class=\"arrow-circle\"> <svg aria-hidden=\"true\" width=\"38\" height=\"38\"> <circle class=\"path\" fill=\"none\" stroke-width=\"6\" stroke-linecap=\"round\" cx=\"19\" cy=\"19\" r=\"18\"><\/circle> <\/svg>  <\/div><span class=\"meta-wrap\"><span class=\"post-title\">Vertex anuncia resultados positivos de los ensayos realizados con un nuevo tratamiento de triple combinaci\u00f3n para la Fibrosis Qu\u00edstica<\/span> <span class=\"post-date\">6 February, 2024<\/span><\/span><\/a><\/li><li  data-views=\"11069\"><a href=\"https:\/\/fibrosisquistica.org\/en\/la-fda-ee-uu-aprueba-el-nuevo-modulador-de-vertex-para-la-fibrosis-quistica-alyftrek-y-amplia-el-uso-de-trikafta-a-94-mutaciones-mas\/\"> <div class=\"arrow-circle\"> <svg aria-hidden=\"true\" width=\"38\" height=\"38\"> <circle class=\"path\" fill=\"none\" stroke-width=\"6\" stroke-linecap=\"round\" cx=\"19\" cy=\"19\" r=\"18\"><\/circle> <\/svg>  <\/div><span class=\"meta-wrap\"><span class=\"post-title\">La FDA (EE.UU.) aprueba el nuevo modulador de Vertex para la fibrosis qu\u00edstica, Alyftrek, y ampl\u00eda el uso de Trikafta a 94 mutaciones m\u00e1s<\/span> <span class=\"post-date\">8 January, 2025<\/span><\/span><\/a><\/li><\/ul><\/div><div id=\"categories-4\" class=\"widget widget_categories\"><h4>Categor\u00edas<\/h4>\n\t\t\t<ul>\n\t\t\t\t\t<li class=\"cat-item cat-item-72\"><a href=\"https:\/\/fibrosisquistica.org\/en\/category\/asociaciones\/\">ASOCIACIONES FQ<\/a>\n<\/li>\n\t<li class=\"cat-item cat-item-73\"><a href=\"https:\/\/fibrosisquistica.org\/en\/category\/covid-19\/\">COVID-19<\/a>\n<\/li>\n\t<li class=\"cat-item cat-item-76\"><a href=\"https:\/\/fibrosisquistica.org\/en\/category\/discapacidad\/\">DISCAPACIDAD<\/a>\n<\/li>\n\t<li class=\"cat-item cat-item-8\"><a href=\"https:\/\/fibrosisquistica.org\/en\/category\/federacion\/\">FEDERACI\u00d3N<\/a>\n<\/li>\n\t<li class=\"cat-item cat-item-51\"><a href=\"https:\/\/fibrosisquistica.org\/en\/category\/formacion\/\">FORMACI\u00d3N<\/a>\n<\/li>\n\t<li class=\"cat-item cat-item-119\"><a href=\"https:\/\/fibrosisquistica.org\/en\/category\/fundacion\/\">FUNDACI\u00d3N<\/a>\n<\/li>\n\t<li class=\"cat-item cat-item-64\"><a href=\"https:\/\/fibrosisquistica.org\/en\/category\/investigacion\/\">INVESTIGACI\u00d3N<\/a>\n<\/li>\n\t<li class=\"cat-item cat-item-78\"><a href=\"https:\/\/fibrosisquistica.org\/en\/category\/psicosocial\/\">PSICOSOCIAL<\/a>\n<\/li>\n\t<li class=\"cat-item cat-item-74\"><a href=\"https:\/\/fibrosisquistica.org\/en\/category\/reivindicacion\/\">REIVINDICACI\u00d3N<\/a>\n<\/li>\n\t<li class=\"cat-item cat-item-77\"><a href=\"https:\/\/fibrosisquistica.org\/en\/category\/sensibilizacion\/\">SENSIBILIZACI\u00d3N<\/a>\n<\/li>\n\t<li class=\"cat-item cat-item-75\"><a href=\"https:\/\/fibrosisquistica.org\/en\/category\/trasplante\/\">TRASPLANTE<\/a>\n<\/li>\n\t<li class=\"cat-item cat-item-29\"><a href=\"https:\/\/fibrosisquistica.org\/en\/category\/tratamiento\/\">TRATAMIENTO<\/a>\n<\/li>\n\t\t\t<\/ul>\n\n\t\t\t<\/div>\n\t\t<\/div> \n\t<\/div> \n\t\t\t<\/div> \n\t\t<\/div>\n\t<\/div> \n\n\t<div  class=\"vc_col-sm-9 wpb_column column_container vc_column_container col no-extra-padding inherit_tablet inherit_phone\"  data-padding-pos=\"all\" data-has-bg-color=\"false\" data-bg-color=\"\" data-bg-opacity=\"1\" data-animation=\"\" data-delay=\"0\" >\n\t\t<div class=\"vc_column-inner\" >\n\t\t\t<div class=\"wpb_wrapper\">\n\t\t\t\t<div class='nectar-post-grid-wrap text-color-dark spacing-5px' data-el-settings='{\"post_type\":\"post\",\"pagination\":\"load-more\",\"image_size\":\"large\",\"parallax_scrolling\":\"\",\"aspect_ratio_image_size\":\"\",\"category_position\":\"default\",\"category_display\":\"default\",\"display_categories\":\"0\",\"display_excerpt\":\"0\",\"excerpt_length\":\"20\",\"display_date\":\"yes\",\"display_estimated_reading_time\":\"0\",\"display_author\":\"0\",\"author_functionality\":\"default\",\"author_position\":\"default\",\"color_overlay\":\"\",\"color_overlay_opacity\":\"\",\"color_overlay_hover_opacity\":\"\",\"card_bg_color\":\"\",\"grid_style\":\"content_under_image\",\"hover_effect\":\"zoom\",\"post_title_overlay\":\"\",\"heading_tag\":\"h4\",\"heading_tag_render\":\"default\",\"enable_gallery_lightbox\":\"0\",\"category_style\":\"underline\",\"overlay_secondary_project_image\":\"\",\"vertical_list_hover_effect\":\"none\",\"vertical_list_read_more\":\"\",\"read_more_button\":\"0\",\"animation\":\"fade-in-from-bottom\",\"custom_fields\":\"\",\"custom_fields_location\":\"\",\"display_type\":\"grid\",\"text_content_layout\":\"top_left\"}' data-style='content_under_image' data-query='{\"post_type\":\"post\",\"posts_per_page\":\"12\",\"order\":\"DESC\",\"orderby\":\"date\",\"offset\":\"0\",\"cpt_name\":\"post\",\"custom_query_tax\":\"\",\"ignore_sticky_posts\":\"\",\"exclude_current_post\":\"\"}' data-load-more-color='extra-color-3' data-load-more-text='Load More'><div class=\"nectar-post-grid-filters\" data-active-color=\"default\" data-align=\"default\" data-animation=\"fade-in-from-bottom\" data-sortable=\"\"><div><a href=\"#\" class=\"active  all-filter\" data-total-count=\"888\" data-filter=\"-1\">All<\/a><a href=\"#\" data-filter=\"asociaciones\" data-total-count=\"131\">ASOCIACIONES FQ<\/a><a href=\"#\" data-filter=\"covid-19\" data-total-count=\"44\">COVID-19<\/a><a href=\"#\" data-filter=\"discapacidad\" data-total-count=\"36\">DISCAPACIDAD<\/a><a href=\"#\" data-filter=\"federacion\" data-total-count=\"706\">FEDERACI\u00d3N<\/a><a href=\"#\" data-filter=\"formacion\" data-total-count=\"71\">FORMACI\u00d3N<\/a><a href=\"#\" data-filter=\"fundacion\" data-total-count=\"5\">FUNDACI\u00d3N<\/a><a href=\"#\" data-filter=\"investigacion\" data-total-count=\"59\">INVESTIGACI\u00d3N<\/a><a href=\"#\" data-filter=\"psicosocial\" data-total-count=\"22\">PSICOSOCIAL<\/a><a href=\"#\" data-filter=\"reivindicacion\" data-total-count=\"129\">REIVINDICACI\u00d3N<\/a><a href=\"#\" data-filter=\"sensibilizacion\" data-total-count=\"182\">SENSIBILIZACI\u00d3N<\/a><a href=\"#\" data-filter=\"trasplante\" data-total-count=\"44\">TRASPLANTE<\/a><a href=\"#\" data-filter=\"tratamiento\" data-total-count=\"99\">TRATAMIENTO<\/a><\/div><\/div><div class=\"nectar-post-grid custom_font_size_18px category-position-before-title\" data-indicator=\"yes\" data-indicator-style=\"see-through\" data-indicator-text-color=\"#fff\" data-indicator-color=\"#000\" data-indicator-text=\"Read\" data-columns=\"3\" data-hover-effect=\"zoom\" data-text-style=\"default\" data-border-radius=\"none\" data-grid-item-height=\"30vh\" data-grid-spacing=\"5px\" data-text-layout=\"top_left\" data-text-color=\"dark\" data-text-hover-color=\"dark\" data-shadow-hover=\"yes\" data-animation=\"fade-in-from-bottom\" data-animation-stagger=\"90\" data-cat-click=\"default\"  data-lock-aspect=\"\"  data-text-align=\"left\" data-card=\"yes\" ><div class=\"nectar-post-grid-item\" data-post-id=\"76609\" data-has-img=\"true\"> <div class=\"inner\"><div class=\"nectar-post-grid-item-bg-wrap\"><div class=\"nectar-post-grid-item-bg-wrap-inner\"><div class=\"nectar-post-grid-item-bg\"><img loading=\"lazy\" decoding=\"async\" width=\"620\" height=\"368\" src=\"https:\/\/fibrosisquistica.org\/wp-content\/uploads\/2021\/07\/ministerio-de-sanidad-fachada.jpg\" class=\"attachment-large size-large wp-post-image\" alt=\"\" srcset=\"https:\/\/fibrosisquistica.org\/wp-content\/uploads\/2021\/07\/ministerio-de-sanidad-fachada.jpg 620w, https:\/\/fibrosisquistica.org\/wp-content\/uploads\/2021\/07\/ministerio-de-sanidad-fachada-600x356.jpg 600w, https:\/\/fibrosisquistica.org\/wp-content\/uploads\/2021\/07\/ministerio-de-sanidad-fachada-300x178.jpg 300w\" sizes=\"auto, (max-width: 620px) 100vw, 620px\" title=\"\"><\/div><\/div><\/div><div class=\"content\"><a class=\"nectar-post-grid-link\" href=\"https:\/\/fibrosisquistica.org\/en\/sanidad-aprueba-la-financiacion-de-alyftrek-y-amplia-la-indicacion-de-kaftrio-para-mas-mutaciones-en-el-sistema-nacional-de-salud\/\" ><span class=\"screen-reader-text\">Sanidad aprueba la financiaci\u00f3n de Alyftrek y ampl\u00eda la indicaci\u00f3n de Kaftrio para m\u00e1s mutaciones en el Sistema Nacional de Salud<\/span><\/a><div class=\"item-main\"><h4 class=\"post-heading\"><span>Sanidad aprueba la financiaci\u00f3n de Alyftrek y ampl\u00eda la indicaci\u00f3n de Kaftrio para m\u00e1s mutaciones en el Sistema Nacional de Salud<\/span><\/h4><span class=\"nectar-post-grid-item__meta-wrap\"><span class=\"meta-date\">29 April, 2026<\/span><\/span><\/div><\/div><\/div><\/div><div class=\"nectar-post-grid-item\" data-post-id=\"76595\" data-has-img=\"true\"> <div class=\"inner\"><div class=\"nectar-post-grid-item-bg-wrap\"><div class=\"nectar-post-grid-item-bg-wrap-inner\"><div class=\"nectar-post-grid-item-bg\"><img loading=\"lazy\" decoding=\"async\" width=\"1024\" height=\"584\" src=\"https:\/\/fibrosisquistica.org\/wp-content\/uploads\/2026\/04\/web-dia-nacional-fq-2026-1024x584.png\" class=\"attachment-large size-large wp-post-image\" alt=\"\" srcset=\"https:\/\/fibrosisquistica.org\/wp-content\/uploads\/2026\/04\/web-dia-nacional-fq-2026-1024x584.png 1024w, https:\/\/fibrosisquistica.org\/wp-content\/uploads\/2026\/04\/web-dia-nacional-fq-2026-300x171.png 300w, https:\/\/fibrosisquistica.org\/wp-content\/uploads\/2026\/04\/web-dia-nacional-fq-2026-768x438.png 768w, https:\/\/fibrosisquistica.org\/wp-content\/uploads\/2026\/04\/web-dia-nacional-fq-2026-1536x877.png 1536w, https:\/\/fibrosisquistica.org\/wp-content\/uploads\/2026\/04\/web-dia-nacional-fq-2026-2048x1169.png 2048w, https:\/\/fibrosisquistica.org\/wp-content\/uploads\/2026\/04\/web-dia-nacional-fq-2026-18x10.png 18w, https:\/\/fibrosisquistica.org\/wp-content\/uploads\/2026\/04\/web-dia-nacional-fq-2026-600x342.png 600w\" sizes=\"auto, (max-width: 1024px) 100vw, 1024px\" title=\"\"><\/div><\/div><\/div><div class=\"content\"><a class=\"nectar-post-grid-link\" href=\"https:\/\/fibrosisquistica.org\/en\/visita-la-web-del-dia-nacional-de-la-fibrosis-quistica-y-descubre-todas-las-actividades-que-se-organizaron-desde-las-asociaciones-de-fq\/\" ><span class=\"screen-reader-text\">Visita la web del D\u00eda Nacional de la Fibrosis Qu\u00edstica y descubre todas las actividades que se organizaron desde las asociaciones de FQ<\/span><\/a><div class=\"item-main\"><h4 class=\"post-heading\"><span>Visita la web del D\u00eda Nacional de la Fibrosis Qu\u00edstica y descubre todas las actividades que se organizaron desde las asociaciones de FQ<\/span><\/h4><span class=\"nectar-post-grid-item__meta-wrap\"><span class=\"meta-date\">27 April, 2026<\/span><\/span><\/div><\/div><\/div><\/div><div class=\"nectar-post-grid-item\" data-post-id=\"76579\" data-has-img=\"true\"> <div class=\"inner\"><div class=\"nectar-post-grid-item-bg-wrap\"><div class=\"nectar-post-grid-item-bg-wrap-inner\"><div class=\"nectar-post-grid-item-bg\"><img loading=\"lazy\" decoding=\"async\" width=\"724\" height=\"1024\" src=\"https:\/\/fibrosisquistica.org\/wp-content\/uploads\/2026\/04\/fq-cartel_dianacional_P-724x1024.jpg\" class=\"attachment-large size-large wp-post-image\" alt=\"\" srcset=\"https:\/\/fibrosisquistica.org\/wp-content\/uploads\/2026\/04\/fq-cartel_dianacional_P-724x1024.jpg 724w, https:\/\/fibrosisquistica.org\/wp-content\/uploads\/2026\/04\/fq-cartel_dianacional_P-212x300.jpg 212w, https:\/\/fibrosisquistica.org\/wp-content\/uploads\/2026\/04\/fq-cartel_dianacional_P-768x1086.jpg 768w, https:\/\/fibrosisquistica.org\/wp-content\/uploads\/2026\/04\/fq-cartel_dianacional_P-1086x1536.jpg 1086w, https:\/\/fibrosisquistica.org\/wp-content\/uploads\/2026\/04\/fq-cartel_dianacional_P-1448x2048.jpg 1448w, https:\/\/fibrosisquistica.org\/wp-content\/uploads\/2026\/04\/fq-cartel_dianacional_P-8x12.jpg 8w, https:\/\/fibrosisquistica.org\/wp-content\/uploads\/2026\/04\/fq-cartel_dianacional_P-600x849.jpg 600w, https:\/\/fibrosisquistica.org\/wp-content\/uploads\/2026\/04\/fq-cartel_dianacional_P-scaled.jpg 1810w\" sizes=\"auto, (max-width: 724px) 100vw, 724px\" title=\"\"><\/div><\/div><\/div><div class=\"content\"><a class=\"nectar-post-grid-link\" href=\"https:\/\/fibrosisquistica.org\/en\/la-fefq-reclama-en-el-dia-nacional-de-la-fibrosis-quistica-agilizar-el-acceso-a-tratamientos-ya-aprobados-y-mas-inversion-en-investigacion-para-no-dejar-a-nadie-atras\/\" ><span class=\"screen-reader-text\">La FEFQ reclama, en el D\u00eda Nacional de la Fibrosis Qu\u00edstica, agilizar el acceso a tratamientos ya aprobados y m\u00e1s inversi\u00f3n en investigaci\u00f3n para no dejar a nadie atr\u00e1s<\/span><\/a><div class=\"item-main\"><h4 class=\"post-heading\"><span>La FEFQ reclama, en el D\u00eda Nacional de la Fibrosis Qu\u00edstica, agilizar el acceso a tratamientos ya aprobados y m\u00e1s inversi\u00f3n en investigaci\u00f3n para no dejar a nadie atr\u00e1s<\/span><\/h4><span class=\"nectar-post-grid-item__meta-wrap\"><span class=\"meta-date\">21 April, 2026<\/span><\/span><\/div><\/div><\/div><\/div><div class=\"nectar-post-grid-item\" data-post-id=\"76549\" data-has-img=\"true\"> <div class=\"inner\"><div class=\"nectar-post-grid-item-bg-wrap\"><div class=\"nectar-post-grid-item-bg-wrap-inner\"><div class=\"nectar-post-grid-item-bg\"><img loading=\"lazy\" decoding=\"async\" width=\"724\" height=\"1024\" src=\"https:\/\/fibrosisquistica.org\/wp-content\/uploads\/2026\/04\/COS-CF-promotion-poster-Spanish-724x1024.png\" class=\"attachment-large size-large wp-post-image\" alt=\"\" srcset=\"https:\/\/fibrosisquistica.org\/wp-content\/uploads\/2026\/04\/COS-CF-promotion-poster-Spanish-724x1024.png 724w, https:\/\/fibrosisquistica.org\/wp-content\/uploads\/2026\/04\/COS-CF-promotion-poster-Spanish-212x300.png 212w, https:\/\/fibrosisquistica.org\/wp-content\/uploads\/2026\/04\/COS-CF-promotion-poster-Spanish-768x1086.png 768w, https:\/\/fibrosisquistica.org\/wp-content\/uploads\/2026\/04\/COS-CF-promotion-poster-Spanish-1086x1536.png 1086w, https:\/\/fibrosisquistica.org\/wp-content\/uploads\/2026\/04\/COS-CF-promotion-poster-Spanish-1448x2048.png 1448w, https:\/\/fibrosisquistica.org\/wp-content\/uploads\/2026\/04\/COS-CF-promotion-poster-Spanish-8x12.png 8w, https:\/\/fibrosisquistica.org\/wp-content\/uploads\/2026\/04\/COS-CF-promotion-poster-Spanish-600x849.png 600w, https:\/\/fibrosisquistica.org\/wp-content\/uploads\/2026\/04\/COS-CF-promotion-poster-Spanish-scaled.png 1810w\" sizes=\"auto, (max-width: 724px) 100vw, 724px\" title=\"\"><\/div><\/div><\/div><div class=\"content\"><a class=\"nectar-post-grid-link\" href=\"https:\/\/fibrosisquistica.org\/en\/participa-en-la-encuesta-internacional-cos-cf-y-ayuda-a-mejorar-la-investigacion-en-fibrosis-quistica\/\" ><span class=\"screen-reader-text\">Participa en la encuesta internacional COS-CF y ayuda a mejorar la investigaci\u00f3n en fibrosis qu\u00edstica<\/span><\/a><div class=\"item-main\"><h4 class=\"post-heading\"><span>Participa en la encuesta internacional COS-CF y ayuda a mejorar la investigaci\u00f3n en fibrosis qu\u00edstica<\/span><\/h4><span class=\"nectar-post-grid-item__meta-wrap\"><span class=\"meta-date\">7 April, 2026<\/span><\/span><\/div><\/div><\/div><\/div><div class=\"nectar-post-grid-item\" data-post-id=\"76524\" data-has-img=\"true\"> <div class=\"inner\"><div class=\"nectar-post-grid-item-bg-wrap\"><div class=\"nectar-post-grid-item-bg-wrap-inner\"><div class=\"nectar-post-grid-item-bg\"><img loading=\"lazy\" decoding=\"async\" width=\"1024\" height=\"722\" src=\"https:\/\/fibrosisquistica.org\/wp-content\/uploads\/2026\/03\/xsolidaria26-1024x722.jpg\" class=\"attachment-large size-large wp-post-image\" alt=\"\" srcset=\"https:\/\/fibrosisquistica.org\/wp-content\/uploads\/2026\/03\/xsolidaria26-1024x722.jpg 1024w, https:\/\/fibrosisquistica.org\/wp-content\/uploads\/2026\/03\/xsolidaria26-300x212.jpg 300w, https:\/\/fibrosisquistica.org\/wp-content\/uploads\/2026\/03\/xsolidaria26-768x542.jpg 768w, https:\/\/fibrosisquistica.org\/wp-content\/uploads\/2026\/03\/xsolidaria26-1536x1083.jpg 1536w, https:\/\/fibrosisquistica.org\/wp-content\/uploads\/2026\/03\/xsolidaria26-18x12.jpg 18w, https:\/\/fibrosisquistica.org\/wp-content\/uploads\/2026\/03\/xsolidaria26-600x423.jpg 600w, https:\/\/fibrosisquistica.org\/wp-content\/uploads\/2026\/03\/xsolidaria26.jpg 1662w\" sizes=\"auto, (max-width: 1024px) 100vw, 1024px\" title=\"\"><\/div><\/div><\/div><div class=\"content\"><a class=\"nectar-post-grid-link\" href=\"https:\/\/fibrosisquistica.org\/en\/puedes-marcar-la-x-solidaria-en-tu-declaracion-de-la-renta-y-convertir-un-pequeno-gesto-en-un-gran-impacto-social\/\" ><span class=\"screen-reader-text\">Puedes marcar la \u00abX Solidaria\u00bb en tu declaraci\u00f3n de la renta y convertir un peque\u00f1o gesto en un gran impacto social<\/span><\/a><div class=\"item-main\"><h4 class=\"post-heading\"><span>Puedes marcar la \u00abX Solidaria\u00bb en tu declaraci\u00f3n de la renta y convertir un peque\u00f1o gesto en un gran impacto social<\/span><\/h4><span class=\"nectar-post-grid-item__meta-wrap\"><span class=\"meta-date\">26 March, 2026<\/span><\/span><\/div><\/div><\/div><\/div><div class=\"nectar-post-grid-item\" data-post-id=\"76518\" data-has-img=\"true\"> <div class=\"inner\"><div class=\"nectar-post-grid-item-bg-wrap\"><div class=\"nectar-post-grid-item-bg-wrap-inner\"><div class=\"nectar-post-grid-item-bg\"><img loading=\"lazy\" decoding=\"async\" width=\"1024\" height=\"576\" src=\"https:\/\/fibrosisquistica.org\/wp-content\/uploads\/2026\/03\/Principal-1-1024x576.png\" class=\"attachment-large size-large wp-post-image\" alt=\"\" srcset=\"https:\/\/fibrosisquistica.org\/wp-content\/uploads\/2026\/03\/Principal-1-1024x576.png 1024w, https:\/\/fibrosisquistica.org\/wp-content\/uploads\/2026\/03\/Principal-1-300x169.png 300w, https:\/\/fibrosisquistica.org\/wp-content\/uploads\/2026\/03\/Principal-1-768x432.png 768w, https:\/\/fibrosisquistica.org\/wp-content\/uploads\/2026\/03\/Principal-1-1536x864.png 1536w, https:\/\/fibrosisquistica.org\/wp-content\/uploads\/2026\/03\/Principal-1-18x10.png 18w, https:\/\/fibrosisquistica.org\/wp-content\/uploads\/2026\/03\/Principal-1-600x338.png 600w, https:\/\/fibrosisquistica.org\/wp-content\/uploads\/2026\/03\/Principal-1.png 1600w\" sizes=\"auto, (max-width: 1024px) 100vw, 1024px\" title=\"\"><\/div><\/div><\/div><div class=\"content\"><a class=\"nectar-post-grid-link\" href=\"https:\/\/fibrosisquistica.org\/en\/la-union-de-federaciones-de-trasplantados-celebra-manana-el-dia-nacional-del-trasplante-para-analizar-los-avances-y-retos-del-sistema-espanol-de-trasplantes\/\" ><span class=\"screen-reader-text\">La Uni\u00f3n de Federaciones de Trasplantados celebra el D\u00eda Nacional del Trasplante para analizar los avances y retos del sistema espa\u00f1ol de trasplantes<\/span><\/a><div class=\"item-main\"><h4 class=\"post-heading\"><span>La Uni\u00f3n de Federaciones de Trasplantados celebra el D\u00eda Nacional del Trasplante para analizar los avances y retos del sistema espa\u00f1ol de trasplantes<\/span><\/h4><span class=\"nectar-post-grid-item__meta-wrap\"><span class=\"meta-date\">24 March, 2026<\/span><\/span><\/div><\/div><\/div><\/div><div class=\"nectar-post-grid-item\" data-post-id=\"76491\" data-has-img=\"true\"> <div class=\"inner\"><div class=\"nectar-post-grid-item-bg-wrap\"><div class=\"nectar-post-grid-item-bg-wrap-inner\"><div class=\"nectar-post-grid-item-bg\"><img loading=\"lazy\" decoding=\"async\" width=\"996\" height=\"1024\" src=\"https:\/\/fibrosisquistica.org\/wp-content\/uploads\/2026\/03\/mailchimp_optimized-996x1024.jpg\" class=\"attachment-large size-large wp-post-image\" alt=\"\" srcset=\"https:\/\/fibrosisquistica.org\/wp-content\/uploads\/2026\/03\/mailchimp_optimized-996x1024.jpg 996w, https:\/\/fibrosisquistica.org\/wp-content\/uploads\/2026\/03\/mailchimp_optimized-292x300.jpg 292w, https:\/\/fibrosisquistica.org\/wp-content\/uploads\/2026\/03\/mailchimp_optimized-768x790.jpg 768w, https:\/\/fibrosisquistica.org\/wp-content\/uploads\/2026\/03\/mailchimp_optimized-12x12.jpg 12w, https:\/\/fibrosisquistica.org\/wp-content\/uploads\/2026\/03\/mailchimp_optimized-600x617.jpg 600w, https:\/\/fibrosisquistica.org\/wp-content\/uploads\/2026\/03\/mailchimp_optimized.jpg 1200w\" sizes=\"auto, (max-width: 996px) 100vw, 996px\" title=\"\"><\/div><\/div><\/div><div class=\"content\"><a class=\"nectar-post-grid-link\" href=\"https:\/\/fibrosisquistica.org\/en\/la-federacion-espanola-de-fq-se-suma-al-manifiesto-de-cemudis-por-el-8m-en-defensa-de-los-derechos-de-las-mujeres-con-discapacidad\/\" ><span class=\"screen-reader-text\">La Federaci\u00f3n Espa\u00f1ola de FQ se suma al manifiesto de CEMUDIS por el 8M en defensa de los derechos de las mujeres con discapacidad<\/span><\/a><div class=\"item-main\"><h4 class=\"post-heading\"><span>La Federaci\u00f3n Espa\u00f1ola de FQ se suma al manifiesto de CEMUDIS por el 8M en defensa de los derechos de las mujeres con discapacidad<\/span><\/h4><span class=\"nectar-post-grid-item__meta-wrap\"><span class=\"meta-date\">6 March, 2026<\/span><\/span><\/div><\/div><\/div><\/div><div class=\"nectar-post-grid-item\" data-post-id=\"76467\" data-has-img=\"true\"> <div class=\"inner\"><div class=\"nectar-post-grid-item-bg-wrap\"><div class=\"nectar-post-grid-item-bg-wrap-inner\"><div class=\"nectar-post-grid-item-bg\"><img loading=\"lazy\" decoding=\"async\" width=\"731\" height=\"1024\" src=\"https:\/\/fibrosisquistica.org\/wp-content\/uploads\/2026\/02\/cartel-enfermedades-raras-2026-731x1024.jpg\" class=\"attachment-large size-large wp-post-image\" alt=\"\" srcset=\"https:\/\/fibrosisquistica.org\/wp-content\/uploads\/2026\/02\/cartel-enfermedades-raras-2026-731x1024.jpg 731w, https:\/\/fibrosisquistica.org\/wp-content\/uploads\/2026\/02\/cartel-enfermedades-raras-2026-214x300.jpg 214w, https:\/\/fibrosisquistica.org\/wp-content\/uploads\/2026\/02\/cartel-enfermedades-raras-2026-768x1075.jpg 768w, https:\/\/fibrosisquistica.org\/wp-content\/uploads\/2026\/02\/cartel-enfermedades-raras-2026-1097x1536.jpg 1097w, https:\/\/fibrosisquistica.org\/wp-content\/uploads\/2026\/02\/cartel-enfermedades-raras-2026-9x12.jpg 9w, https:\/\/fibrosisquistica.org\/wp-content\/uploads\/2026\/02\/cartel-enfermedades-raras-2026-600x840.jpg 600w, https:\/\/fibrosisquistica.org\/wp-content\/uploads\/2026\/02\/cartel-enfermedades-raras-2026.jpg 1200w\" sizes=\"auto, (max-width: 731px) 100vw, 731px\" title=\"\"><\/div><\/div><\/div><div class=\"content\"><a class=\"nectar-post-grid-link\" href=\"https:\/\/fibrosisquistica.org\/en\/las-personas-con-fibrosis-quistica-reclaman-equidad-en-el-acceso-a-los-tratamientos-en-el-dia-mundial-de-las-enfermedades-raras\/\" ><span class=\"screen-reader-text\">Las personas con fibrosis qu\u00edstica reclaman equidad en el acceso a los tratamientos en el D\u00eda Mundial de las Enfermedades Raras<\/span><\/a><div class=\"item-main\"><h4 class=\"post-heading\"><span>Las personas con fibrosis qu\u00edstica reclaman equidad en el acceso a los tratamientos en el D\u00eda Mundial de las Enfermedades Raras<\/span><\/h4><span class=\"nectar-post-grid-item__meta-wrap\"><span class=\"meta-date\">27 February, 2026<\/span><\/span><\/div><\/div><\/div><\/div><div class=\"nectar-post-grid-item\" data-post-id=\"76434\" data-has-img=\"true\"> <div class=\"inner\"><div class=\"nectar-post-grid-item-bg-wrap\"><div class=\"nectar-post-grid-item-bg-wrap-inner\"><div class=\"nectar-post-grid-item-bg\"><img loading=\"lazy\" decoding=\"async\" width=\"1024\" height=\"582\" src=\"https:\/\/fibrosisquistica.org\/wp-content\/uploads\/2026\/02\/pulmones-rx-1024x582.png\" class=\"attachment-large size-large wp-post-image\" alt=\"\" srcset=\"https:\/\/fibrosisquistica.org\/wp-content\/uploads\/2026\/02\/pulmones-rx-1024x582.png 1024w, https:\/\/fibrosisquistica.org\/wp-content\/uploads\/2026\/02\/pulmones-rx-300x171.png 300w, https:\/\/fibrosisquistica.org\/wp-content\/uploads\/2026\/02\/pulmones-rx-768x437.png 768w, https:\/\/fibrosisquistica.org\/wp-content\/uploads\/2026\/02\/pulmones-rx-18x10.png 18w, https:\/\/fibrosisquistica.org\/wp-content\/uploads\/2026\/02\/pulmones-rx-600x341.png 600w, https:\/\/fibrosisquistica.org\/wp-content\/uploads\/2026\/02\/pulmones-rx.png 1080w\" sizes=\"auto, (max-width: 1024px) 100vw, 1024px\" title=\"\"><\/div><\/div><\/div><div class=\"content\"><a class=\"nectar-post-grid-link\" href=\"https:\/\/fibrosisquistica.org\/en\/boehringer-ingelheim-interrumpe-el-desarrollo-de-su-terapia-genica-inhalada-para-fibrosis-quistica\/\" ><span class=\"screen-reader-text\">Boehringer Ingelheim interrumpe el desarrollo de su terapia g\u00e9nica inhalada para fibrosis qu\u00edstica<\/span><\/a><div class=\"item-main\"><h4 class=\"post-heading\"><span>Boehringer Ingelheim interrumpe el desarrollo de su terapia g\u00e9nica inhalada para fibrosis qu\u00edstica<\/span><\/h4><span class=\"nectar-post-grid-item__meta-wrap\"><span class=\"meta-date\">20 February, 2026<\/span><\/span><\/div><\/div><\/div><\/div><div class=\"nectar-post-grid-item\" data-post-id=\"76428\" data-has-img=\"true\"> <div class=\"inner\"><div class=\"nectar-post-grid-item-bg-wrap\"><div class=\"nectar-post-grid-item-bg-wrap-inner\"><div class=\"nectar-post-grid-item-bg\"><img loading=\"lazy\" decoding=\"async\" width=\"940\" height=\"788\" src=\"https:\/\/fibrosisquistica.org\/wp-content\/uploads\/2026\/02\/Imagen-diagnostico-plan-estrategico-2026-2029.png\" class=\"attachment-large size-large wp-post-image\" alt=\"\" srcset=\"https:\/\/fibrosisquistica.org\/wp-content\/uploads\/2026\/02\/Imagen-diagnostico-plan-estrategico-2026-2029.png 940w, https:\/\/fibrosisquistica.org\/wp-content\/uploads\/2026\/02\/Imagen-diagnostico-plan-estrategico-2026-2029-300x251.png 300w, https:\/\/fibrosisquistica.org\/wp-content\/uploads\/2026\/02\/Imagen-diagnostico-plan-estrategico-2026-2029-768x644.png 768w, https:\/\/fibrosisquistica.org\/wp-content\/uploads\/2026\/02\/Imagen-diagnostico-plan-estrategico-2026-2029-14x12.png 14w, https:\/\/fibrosisquistica.org\/wp-content\/uploads\/2026\/02\/Imagen-diagnostico-plan-estrategico-2026-2029-600x503.png 600w\" sizes=\"auto, (max-width: 940px) 100vw, 940px\" title=\"\"><\/div><\/div><\/div><div class=\"content\"><a class=\"nectar-post-grid-link\" href=\"https:\/\/fibrosisquistica.org\/en\/la-federacion-espanola-de-fibrosis-quistica-inicia-el-proceso-participativo-para-su-plan-estrategico-2026-2029\/\" ><span class=\"screen-reader-text\">La Federaci\u00f3n Espa\u00f1ola de Fibrosis Qu\u00edstica inicia el proceso participativo para su Plan Estrat\u00e9gico 2026-2029<\/span><\/a><div class=\"item-main\"><h4 class=\"post-heading\"><span>La Federaci\u00f3n Espa\u00f1ola de Fibrosis Qu\u00edstica inicia el proceso participativo para su Plan Estrat\u00e9gico 2026-2029<\/span><\/h4><span class=\"nectar-post-grid-item__meta-wrap\"><span class=\"meta-date\">18 February, 2026<\/span><\/span><\/div><\/div><\/div><\/div><div class=\"nectar-post-grid-item\" data-post-id=\"76351\" data-has-img=\"true\"> <div class=\"inner\"><div class=\"nectar-post-grid-item-bg-wrap\"><div class=\"nectar-post-grid-item-bg-wrap-inner\"><div class=\"nectar-post-grid-item-bg\"><img loading=\"lazy\" decoding=\"async\" width=\"1024\" height=\"568\" src=\"https:\/\/fibrosisquistica.org\/wp-content\/uploads\/2026\/01\/trasplantes-Espana-2025-ONT-1024x568.png\" class=\"attachment-large size-large wp-post-image\" alt=\"\" srcset=\"https:\/\/fibrosisquistica.org\/wp-content\/uploads\/2026\/01\/trasplantes-Espana-2025-ONT-1024x568.png 1024w, https:\/\/fibrosisquistica.org\/wp-content\/uploads\/2026\/01\/trasplantes-Espana-2025-ONT-300x167.png 300w, https:\/\/fibrosisquistica.org\/wp-content\/uploads\/2026\/01\/trasplantes-Espana-2025-ONT-768x426.png 768w, https:\/\/fibrosisquistica.org\/wp-content\/uploads\/2026\/01\/trasplantes-Espana-2025-ONT-1536x853.png 1536w, https:\/\/fibrosisquistica.org\/wp-content\/uploads\/2026\/01\/trasplantes-Espana-2025-ONT-2048x1137.png 2048w, https:\/\/fibrosisquistica.org\/wp-content\/uploads\/2026\/01\/trasplantes-Espana-2025-ONT-18x10.png 18w, https:\/\/fibrosisquistica.org\/wp-content\/uploads\/2026\/01\/trasplantes-Espana-2025-ONT-600x333.png 600w\" sizes=\"auto, (max-width: 1024px) 100vw, 1024px\" title=\"\"><\/div><\/div><\/div><div class=\"content\"><a class=\"nectar-post-grid-link\" href=\"https:\/\/fibrosisquistica.org\/en\/la-ont-presenta-su-balance-de-actividad-en-2025-espana-vuelve-a-superar-los-6-300-trasplantes-en-2025\/\" ><span class=\"screen-reader-text\">La ONT presenta su balance de actividad en 2025: Espa\u00f1a vuelve a superar los 6.300 trasplantes en un a\u00f1o<\/span><\/a><div class=\"item-main\"><h4 class=\"post-heading\"><span>La ONT presenta su balance de actividad en 2025: Espa\u00f1a vuelve a superar los 6.300 trasplantes en un a\u00f1o<\/span><\/h4><span class=\"nectar-post-grid-item__meta-wrap\"><span class=\"meta-date\">19 January, 2026<\/span><\/span><\/div><\/div><\/div><\/div><div class=\"nectar-post-grid-item\" data-post-id=\"76310\" data-has-img=\"true\"> <div class=\"inner\"><div class=\"nectar-post-grid-item-bg-wrap\"><div class=\"nectar-post-grid-item-bg-wrap-inner\"><div class=\"nectar-post-grid-item-bg\"><img loading=\"lazy\" decoding=\"async\" width=\"1024\" height=\"871\" src=\"https:\/\/fibrosisquistica.org\/wp-content\/uploads\/2026\/01\/captura-triptico-plantas-medicinales-e1768389091617-1024x871.png\" class=\"attachment-large size-large wp-post-image\" alt=\"\" srcset=\"https:\/\/fibrosisquistica.org\/wp-content\/uploads\/2026\/01\/captura-triptico-plantas-medicinales-e1768389091617-1024x871.png 1024w, https:\/\/fibrosisquistica.org\/wp-content\/uploads\/2026\/01\/captura-triptico-plantas-medicinales-e1768389091617-300x255.png 300w, https:\/\/fibrosisquistica.org\/wp-content\/uploads\/2026\/01\/captura-triptico-plantas-medicinales-e1768389091617-768x653.png 768w, https:\/\/fibrosisquistica.org\/wp-content\/uploads\/2026\/01\/captura-triptico-plantas-medicinales-e1768389091617-1536x1306.png 1536w, https:\/\/fibrosisquistica.org\/wp-content\/uploads\/2026\/01\/captura-triptico-plantas-medicinales-e1768389091617-14x12.png 14w, https:\/\/fibrosisquistica.org\/wp-content\/uploads\/2026\/01\/captura-triptico-plantas-medicinales-e1768389091617-600x510.png 600w, https:\/\/fibrosisquistica.org\/wp-content\/uploads\/2026\/01\/captura-triptico-plantas-medicinales-e1768389091617.png 1755w\" sizes=\"auto, (max-width: 1024px) 100vw, 1024px\" title=\"\"><\/div><\/div><\/div><div class=\"content\"><a class=\"nectar-post-grid-link\" href=\"https:\/\/fibrosisquistica.org\/en\/el-grupo-espanol-de-dietistas-nutricionistas-elabora-un-triptico-informativo-sobre-interacciones-entre-plantas-medicinales-y-moduladores-cftr\/\" ><span class=\"screen-reader-text\">El Grupo Espa\u00f1ol de Dietistas-Nutricionistas elabora un tr\u00edptico informativo sobre interacciones entre plantas medicinales y moduladores CFTR<\/span><\/a><div class=\"item-main\"><h4 class=\"post-heading\"><span>El Grupo Espa\u00f1ol de Dietistas-Nutricionistas elabora un tr\u00edptico informativo sobre interacciones entre plantas medicinales y moduladores CFTR<\/span><\/h4><span class=\"nectar-post-grid-item__meta-wrap\"><span class=\"meta-date\">14 January, 2026<\/span><\/span><\/div><\/div><\/div><\/div><\/div><\/div>\n\t\t\t<\/div> \n\t\t<\/div>\n\t<\/div> \n<\/div><\/div>","protected":false},"excerpt":{"rendered":"El Grupo Espa\u00f1ol de Dietistas-Nutricionistas...","protected":false},"author":107,"featured_media":0,"parent":0,"menu_order":0,"comment_status":"closed","ping_status":"closed","template":"","meta":{"_acf_changed":false,"footnotes":""},"class_list":["post-9786","page","type-page","status-publish"],"acf":[],"_links":{"self":[{"href":"https:\/\/fibrosisquistica.org\/en\/wp-json\/wp\/v2\/pages\/9786","targetHints":{"allow":["GET"]}}],"collection":[{"href":"https:\/\/fibrosisquistica.org\/en\/wp-json\/wp\/v2\/pages"}],"about":[{"href":"https:\/\/fibrosisquistica.org\/en\/wp-json\/wp\/v2\/types\/page"}],"author":[{"embeddable":true,"href":"https:\/\/fibrosisquistica.org\/en\/wp-json\/wp\/v2\/users\/107"}],"replies":[{"embeddable":true,"href":"https:\/\/fibrosisquistica.org\/en\/wp-json\/wp\/v2\/comments?post=9786"}],"version-history":[{"count":0,"href":"https:\/\/fibrosisquistica.org\/en\/wp-json\/wp\/v2\/pages\/9786\/revisions"}],"wp:attachment":[{"href":"https:\/\/fibrosisquistica.org\/en\/wp-json\/wp\/v2\/media?parent=9786"}],"curies":[{"name":"wp","href":"https:\/\/api.w.org\/{rel}","templated":true}]}}